{"id":9001,"date":"2019-02-28T12:11:07","date_gmt":"2019-02-28T11:11:07","guid":{"rendered":"https:\/\/www.kinderkarate.at\/ItokaiALT\/?page_id=9001"},"modified":"2021-06-01T23:37:43","modified_gmt":"2021-06-01T21:37:43","slug":"archiv-2019","status":"publish","type":"page","link":"https:\/\/www.kinderkarate.at\/ItokaiALT\/archiv-2019\/","title":{"rendered":"Archiv 2019"},"content":{"rendered":"\t\t<div data-elementor-type=\"wp-post\" data-elementor-id=\"9001\" class=\"elementor elementor-9001\" data-elementor-post-type=\"page\">\n\t\t\t\t\t\t\t\t\t<section class=\"elementor-section elementor-top-section elementor-element elementor-element-075566c elementor-hidden-phone elementor-section-boxed elementor-section-height-default elementor-section-height-default\" data-id=\"075566c\" data-element_type=\"section\" data-settings=\"{&quot;_ob_glider_is_slider&quot;:&quot;no&quot;}\">\n\t\t\t\t\t\t<div class=\"elementor-container elementor-column-gap-no\">\n\t\t\t\t\t<div class=\"elementor-column elementor-col-100 elementor-top-column elementor-element elementor-element-c9dd7cb\" data-id=\"c9dd7cb\" data-element_type=\"column\" data-settings=\"{&quot;_ob_column_hoveranimator&quot;:&quot;no&quot;,&quot;_ob_column_has_pseudo&quot;:&quot;no&quot;}\">\n\t\t\t<div class=\"elementor-widget-wrap elementor-element-populated\">\n\t\t\t\t\t\t\t\t<div class=\"elementor-element elementor-element-7eeba36 ob-harakiri-inherit ob-has-background-overlay elementor-widget elementor-widget-heading\" data-id=\"7eeba36\" data-element_type=\"widget\" data-settings=\"{&quot;_ob_use_harakiri&quot;:&quot;yes&quot;,&quot;_ob_harakiri_writing_mode&quot;:&quot;inherit&quot;,&quot;_ob_harakiri_text_clip&quot;:&quot;none&quot;,&quot;_ob_widget_stalker_use&quot;:&quot;no&quot;,&quot;_ob_poopart_use&quot;:&quot;yes&quot;,&quot;_ob_shadough_use&quot;:&quot;no&quot;,&quot;_ob_allow_hoveranimator&quot;:&quot;no&quot;}\" data-widget_type=\"heading.default\">\n\t\t\t\t<div class=\"elementor-widget-container\">\n\t\t\t<style>\/*! elementor - v3.18.0 - 20-12-2023 *\/\n.elementor-heading-title{padding:0;margin:0;line-height:1}.elementor-widget-heading .elementor-heading-title[class*=elementor-size-]>a{color:inherit;font-size:inherit;line-height:inherit}.elementor-widget-heading .elementor-heading-title.elementor-size-small{font-size:15px}.elementor-widget-heading .elementor-heading-title.elementor-size-medium{font-size:19px}.elementor-widget-heading .elementor-heading-title.elementor-size-large{font-size:29px}.elementor-widget-heading .elementor-heading-title.elementor-size-xl{font-size:39px}.elementor-widget-heading .elementor-heading-title.elementor-size-xxl{font-size:59px}<\/style><h2 class=\"elementor-heading-title elementor-size-default\"><a href=\"https:\/\/www.kinderkarate.at\/ItokaiALT\/events\/\">Archiv 2019<\/a><\/h2>\t\t<\/div>\n\t\t\t\t<\/div>\n\t\t\t\t\t<\/div>\n\t\t<\/div>\n\t\t\t\t\t\t\t<\/div>\n\t\t<\/section>\n\t\t\t\t<section class=\"elementor-section elementor-top-section elementor-element elementor-element-2ba7cf2 elementor-section-full_width elementor-section-stretched elementor-hidden-phone elementor-section-height-default elementor-section-height-default\" data-id=\"2ba7cf2\" data-element_type=\"section\" data-settings=\"{&quot;stretch_section&quot;:&quot;section-stretched&quot;,&quot;_ob_glider_is_slider&quot;:&quot;no&quot;}\">\n\t\t\t\t\t\t<div class=\"elementor-container elementor-column-gap-no\">\n\t\t\t\t\t<div class=\"elementor-column elementor-col-100 elementor-top-column elementor-element elementor-element-f4aba22\" data-id=\"f4aba22\" data-element_type=\"column\" data-settings=\"{&quot;_ob_column_hoveranimator&quot;:&quot;no&quot;,&quot;_ob_column_has_pseudo&quot;:&quot;no&quot;}\">\n\t\t\t<div class=\"elementor-widget-wrap elementor-element-populated\">\n\t\t\t\t\t\t\t\t<div class=\"elementor-element elementor-element-818e98b elementor-widget__width-initial elementor-fixed ob-has-background-overlay elementor-widget elementor-widget-image\" data-id=\"818e98b\" data-element_type=\"widget\" data-settings=\"{&quot;_position&quot;:&quot;fixed&quot;,&quot;_ob_photomorph_use&quot;:&quot;no&quot;,&quot;_ob_widget_stalker_use&quot;:&quot;no&quot;,&quot;_ob_poopart_use&quot;:&quot;yes&quot;,&quot;_ob_shadough_use&quot;:&quot;no&quot;,&quot;_ob_allow_hoveranimator&quot;:&quot;no&quot;}\" data-widget_type=\"image.default\">\n\t\t\t\t<div class=\"elementor-widget-container\">\n\t\t\t<style>\/*! elementor - v3.18.0 - 20-12-2023 *\/\n.elementor-widget-image{text-align:center}.elementor-widget-image a{display:inline-block}.elementor-widget-image a img[src$=\".svg\"]{width:48px}.elementor-widget-image img{vertical-align:middle;display:inline-block}<\/style>\t\t\t\t\t\t\t\t\t\t\t\t\t<a href=\"https:\/\/www.kinderkarate.at\/ItokaiALT\/kinderkarate\/\">\n\t\t\t\t\t\t\t<img loading=\"lazy\" decoding=\"async\" width=\"150\" height=\"150\" src=\"https:\/\/www.kinderkarate.at\/ItokaiALT\/wp-content\/uploads\/2021\/05\/buttonloc-150x150.png\" class=\"attachment-thumbnail size-thumbnail wp-image-22962\" alt=\"\" srcset=\"https:\/\/www.kinderkarate.at\/ItokaiALT\/wp-content\/uploads\/2021\/05\/buttonloc-150x150.png 150w, https:\/\/www.kinderkarate.at\/ItokaiALT\/wp-content\/uploads\/2021\/05\/buttonloc.png 300w, https:\/\/www.kinderkarate.at\/ItokaiALT\/wp-content\/uploads\/2021\/05\/elementor\/thumbs\/buttonloc-p706qyelat8p1burj42gmn607385du0dq56hlgdsdk.png 100w, https:\/\/www.kinderkarate.at\/ItokaiALT\/wp-content\/uploads\/2021\/05\/elementor\/thumbs\/buttonloc-p706qyemio14nc0hy0xmqq0d8ffs1l83lxrnquv0eo.png 200w, https:\/\/www.kinderkarate.at\/ItokaiALT\/wp-content\/uploads\/2021\/05\/elementor\/thumbs\/buttonloc-p706qyekzujl4ttbxduo3mgexr68pw7g971723rhda.png 75w, https:\/\/www.kinderkarate.at\/ItokaiALT\/wp-content\/uploads\/2021\/05\/elementor\/thumbs\/buttonloc-p706qyekbq7jqxbrzzdixs3bd7uugfft0picoc00co.png 20w\" sizes=\"(max-width: 150px) 100vw, 150px\" \/>\t\t\t\t\t\t\t\t<\/a>\n\t\t\t\t\t\t\t\t\t\t\t\t\t\t\t<\/div>\n\t\t\t\t<\/div>\n\t\t\t\t<div class=\"elementor-element elementor-element-4aa3847 elementor-widget__width-initial elementor-fixed ob-has-background-overlay elementor-widget elementor-widget-image\" data-id=\"4aa3847\" data-element_type=\"widget\" data-settings=\"{&quot;_position&quot;:&quot;fixed&quot;,&quot;_ob_photomorph_use&quot;:&quot;no&quot;,&quot;_ob_widget_stalker_use&quot;:&quot;no&quot;,&quot;_ob_poopart_use&quot;:&quot;yes&quot;,&quot;_ob_shadough_use&quot;:&quot;no&quot;,&quot;_ob_allow_hoveranimator&quot;:&quot;no&quot;}\" data-widget_type=\"image.default\">\n\t\t\t\t<div class=\"elementor-widget-container\">\n\t\t\t\t\t\t\t\t\t\t\t\t\t\t\t\t<a href=\"#elementor-action%3Aaction%3Dpopup%3Aopen%26settings%3DeyJpZCI6IjE1NjY5IiwidG9nZ2xlIjpmYWxzZX0%3D\">\n\t\t\t\t\t\t\t<img loading=\"lazy\" decoding=\"async\" width=\"150\" height=\"150\" src=\"https:\/\/www.kinderkarate.at\/ItokaiALT\/wp-content\/uploads\/2021\/05\/buttonkontakt-150x150.png\" class=\"attachment-thumbnail size-thumbnail wp-image-22895\" alt=\"\" srcset=\"https:\/\/www.kinderkarate.at\/ItokaiALT\/wp-content\/uploads\/2021\/05\/buttonkontakt-150x150.png 150w, https:\/\/www.kinderkarate.at\/ItokaiALT\/wp-content\/uploads\/2021\/05\/buttonkontakt.png 300w, https:\/\/www.kinderkarate.at\/ItokaiALT\/wp-content\/uploads\/2021\/05\/buttonkontakt-100x100.png 100w\" sizes=\"(max-width: 150px) 100vw, 150px\" \/>\t\t\t\t\t\t\t\t<\/a>\n\t\t\t\t\t\t\t\t\t\t\t\t\t\t\t<\/div>\n\t\t\t\t<\/div>\n\t\t\t\t<div class=\"elementor-element elementor-element-c219061 elementor-widget__width-initial elementor-fixed elementor-hidden-phone ob-has-background-overlay elementor-widget elementor-widget-image\" data-id=\"c219061\" data-element_type=\"widget\" data-settings=\"{&quot;_position&quot;:&quot;fixed&quot;,&quot;_ob_photomorph_use&quot;:&quot;no&quot;,&quot;_ob_widget_stalker_use&quot;:&quot;no&quot;,&quot;_ob_poopart_use&quot;:&quot;yes&quot;,&quot;_ob_shadough_use&quot;:&quot;no&quot;,&quot;_ob_allow_hoveranimator&quot;:&quot;no&quot;}\" data-widget_type=\"image.default\">\n\t\t\t\t<div class=\"elementor-widget-container\">\n\t\t\t\t\t\t\t\t\t\t\t\t\t\t\t\t<a href=\"#elementor-action%3Aaction%3Dpopup%3Aopen%26settings%3DeyJpZCI6IjE1NjM5IiwidG9nZ2xlIjpmYWxzZX0%3D\">\n\t\t\t\t\t\t\t<img loading=\"lazy\" decoding=\"async\" width=\"150\" height=\"150\" src=\"https:\/\/www.kinderkarate.at\/ItokaiALT\/wp-content\/uploads\/2021\/05\/buttonProbetraining-150x150.png\" class=\"attachment-thumbnail size-thumbnail wp-image-22949\" alt=\"\" srcset=\"https:\/\/www.kinderkarate.at\/ItokaiALT\/wp-content\/uploads\/2021\/05\/buttonProbetraining-150x150.png 150w, https:\/\/www.kinderkarate.at\/ItokaiALT\/wp-content\/uploads\/2021\/05\/buttonProbetraining.png 300w, https:\/\/www.kinderkarate.at\/ItokaiALT\/wp-content\/uploads\/2021\/05\/buttonProbetraining-100x100.png 100w\" sizes=\"(max-width: 150px) 100vw, 150px\" \/>\t\t\t\t\t\t\t\t<\/a>\n\t\t\t\t\t\t\t\t\t\t\t\t\t\t\t<\/div>\n\t\t\t\t<\/div>\n\t\t\t\t\t<\/div>\n\t\t<\/div>\n\t\t\t\t\t\t\t<\/div>\n\t\t<\/section>\n\t\t\t\t<section class=\"elementor-section elementor-top-section elementor-element elementor-element-221b4c3 elementor-hidden-phone elementor-section-boxed elementor-section-height-default elementor-section-height-default\" data-id=\"221b4c3\" data-element_type=\"section\" data-settings=\"{&quot;_ob_glider_is_slider&quot;:&quot;no&quot;}\">\n\t\t\t\t\t\t<div class=\"elementor-container elementor-column-gap-no\">\n\t\t\t\t\t<div class=\"elementor-column elementor-col-100 elementor-top-column elementor-element elementor-element-abffe59\" data-id=\"abffe59\" data-element_type=\"column\" data-settings=\"{&quot;_ob_column_hoveranimator&quot;:&quot;no&quot;,&quot;_ob_column_has_pseudo&quot;:&quot;no&quot;}\">\n\t\t\t<div class=\"elementor-widget-wrap elementor-element-populated\">\n\t\t\t\t\t\t\t\t<div class=\"elementor-element elementor-element-72eee5f elementor-posts--align-left elementor-grid-5 elementor-grid-tablet-2 elementor-grid-mobile-1 elementor-posts--thumbnail-top ob-has-background-overlay elementor-widget elementor-widget-posts\" data-id=\"72eee5f\" data-element_type=\"widget\" data-settings=\"{&quot;classic_row_gap&quot;:{&quot;unit&quot;:&quot;px&quot;,&quot;size&quot;:0,&quot;sizes&quot;:[]},&quot;classic_columns&quot;:&quot;5&quot;,&quot;classic_columns_tablet&quot;:&quot;2&quot;,&quot;classic_columns_mobile&quot;:&quot;1&quot;,&quot;classic_row_gap_tablet&quot;:{&quot;unit&quot;:&quot;px&quot;,&quot;size&quot;:&quot;&quot;,&quot;sizes&quot;:[]},&quot;classic_row_gap_mobile&quot;:{&quot;unit&quot;:&quot;px&quot;,&quot;size&quot;:&quot;&quot;,&quot;sizes&quot;:[]},&quot;_ob_widget_stalker_use&quot;:&quot;no&quot;,&quot;_ob_poopart_use&quot;:&quot;yes&quot;,&quot;_ob_shadough_use&quot;:&quot;no&quot;,&quot;_ob_allow_hoveranimator&quot;:&quot;no&quot;}\" data-widget_type=\"posts.classic\">\n\t\t\t\t<div class=\"elementor-widget-container\">\n\t\t\t<link rel=\"stylesheet\" href=\"https:\/\/www.kinderkarate.at\/ItokaiALT\/wp-content\/plugins\/elementor-pro\/assets\/css\/widget-posts.min.css\">\t\t<div class=\"elementor-posts-container elementor-posts elementor-posts--skin-classic elementor-grid\">\n\t\t\t\t<article class=\"elementor-post elementor-grid-item post-13365 post type-post status-publish format-standard has-post-thumbnail hentry category-itokai-archiv-2019 category-news\">\n\t\t\t\t<a class=\"elementor-post__thumbnail__link\" href=\"https:\/\/www.kinderkarate.at\/ItokaiALT\/itokai-weihnachtsfeier\/\" tabindex=\"-1\" >\n\t\t\t<div class=\"elementor-post__thumbnail\"><img loading=\"lazy\" decoding=\"async\" width=\"800\" height=\"600\" src=\"https:\/\/www.kinderkarate.at\/ItokaiALT\/wp-content\/uploads\/2019\/12\/2019_12_21-Itokai-Kampfkunstlehrer-Weihnachtsfeier-5.jpg\" class=\"attachment-large size-large wp-image-13369\" alt=\"\" srcset=\"https:\/\/www.kinderkarate.at\/ItokaiALT\/wp-content\/uploads\/2019\/12\/2019_12_21-Itokai-Kampfkunstlehrer-Weihnachtsfeier-5.jpg 1024w, https:\/\/www.kinderkarate.at\/ItokaiALT\/wp-content\/uploads\/2019\/12\/2019_12_21-Itokai-Kampfkunstlehrer-Weihnachtsfeier-5-600x450.jpg 600w, https:\/\/www.kinderkarate.at\/ItokaiALT\/wp-content\/uploads\/2019\/12\/2019_12_21-Itokai-Kampfkunstlehrer-Weihnachtsfeier-5-300x225.jpg 300w, https:\/\/www.kinderkarate.at\/ItokaiALT\/wp-content\/uploads\/2019\/12\/2019_12_21-Itokai-Kampfkunstlehrer-Weihnachtsfeier-5-768x576.jpg 768w\" sizes=\"(max-width: 800px) 100vw, 800px\" \/><\/div>\n\t\t<\/a>\n\t\t\t\t<div class=\"elementor-post__text\">\n\t\t\t\t<h3 class=\"elementor-post__title\">\n\t\t\t<a href=\"https:\/\/www.kinderkarate.at\/ItokaiALT\/itokai-weihnachtsfeier\/\" >\n\t\t\t\tItokai Weihnachtsfeier 2019\t\t\t<\/a>\n\t\t<\/h3>\n\t\t\t\t<div class=\"elementor-post__meta-data\">\n\t\t\t\t\t<span class=\"elementor-post-date\">\n\t\t\t20. Dezember 2019\t\t<\/span>\n\t\t\t\t<\/div>\n\t\t\n\t\t<a class=\"elementor-post__read-more\" href=\"https:\/\/www.kinderkarate.at\/ItokaiALT\/itokai-weihnachtsfeier\/\" aria-label=\"Read more about Itokai Weihnachtsfeier 2019\" tabindex=\"-1\" >\n\t\t\tWeiterlesen\t\t<\/a>\n\n\t\t\t\t<\/div>\n\t\t\t\t<\/article>\n\t\t\t\t<article class=\"elementor-post elementor-grid-item post-13641 post type-post status-publish format-standard has-post-thumbnail hentry category-itokai-archiv-2019 category-news\">\n\t\t\t\t<a class=\"elementor-post__thumbnail__link\" href=\"https:\/\/www.kinderkarate.at\/ItokaiALT\/es-ist-gut-gutes-zu-tun\/\" tabindex=\"-1\" >\n\t\t\t<div class=\"elementor-post__thumbnail\"><img loading=\"lazy\" decoding=\"async\" width=\"500\" height=\"500\" src=\"https:\/\/www.kinderkarate.at\/ItokaiALT\/wp-content\/uploads\/2019\/09\/4511.jpg\" class=\"attachment-large size-large wp-image-11421\" alt=\"\" srcset=\"https:\/\/www.kinderkarate.at\/ItokaiALT\/wp-content\/uploads\/2019\/09\/4511.jpg 500w, https:\/\/www.kinderkarate.at\/ItokaiALT\/wp-content\/uploads\/2019\/09\/4511-300x300.jpg 300w, https:\/\/www.kinderkarate.at\/ItokaiALT\/wp-content\/uploads\/2019\/09\/4511-100x100.jpg 100w, https:\/\/www.kinderkarate.at\/ItokaiALT\/wp-content\/uploads\/2019\/09\/4511-150x150.jpg 150w\" sizes=\"(max-width: 500px) 100vw, 500px\" \/><\/div>\n\t\t<\/a>\n\t\t\t\t<div class=\"elementor-post__text\">\n\t\t\t\t<h3 class=\"elementor-post__title\">\n\t\t\t<a href=\"https:\/\/www.kinderkarate.at\/ItokaiALT\/es-ist-gut-gutes-zu-tun\/\" >\n\t\t\t\tES IST GUT, GUTES ZU TUN.\t\t\t<\/a>\n\t\t<\/h3>\n\t\t\t\t<div class=\"elementor-post__meta-data\">\n\t\t\t\t\t<span class=\"elementor-post-date\">\n\t\t\t20. Dezember 2019\t\t<\/span>\n\t\t\t\t<\/div>\n\t\t\n\t\t<a class=\"elementor-post__read-more\" href=\"https:\/\/www.kinderkarate.at\/ItokaiALT\/es-ist-gut-gutes-zu-tun\/\" aria-label=\"Read more about ES IST GUT, GUTES ZU TUN.\" tabindex=\"-1\" >\n\t\t\tWeiterlesen\t\t<\/a>\n\n\t\t\t\t<\/div>\n\t\t\t\t<\/article>\n\t\t\t\t<article class=\"elementor-post elementor-grid-item post-13160 post type-post status-publish format-standard has-post-thumbnail hentry category-itokai-archiv-2019 category-news\">\n\t\t\t\t<a class=\"elementor-post__thumbnail__link\" href=\"https:\/\/www.kinderkarate.at\/ItokaiALT\/eine-pruefung-fuer-den-selbstwert\/\" tabindex=\"-1\" >\n\t\t\t<div class=\"elementor-post__thumbnail\"><img loading=\"lazy\" decoding=\"async\" width=\"433\" height=\"768\" src=\"https:\/\/www.kinderkarate.at\/ItokaiALT\/wp-content\/uploads\/2019\/12\/2019_12-Nachbericht-G\u00fcrtelpr\u00fcfung-1.jpg\" class=\"attachment-large size-large wp-image-13182\" alt=\"\" srcset=\"https:\/\/www.kinderkarate.at\/ItokaiALT\/wp-content\/uploads\/2019\/12\/2019_12-Nachbericht-G\u00fcrtelpr\u00fcfung-1.jpg 433w, https:\/\/www.kinderkarate.at\/ItokaiALT\/wp-content\/uploads\/2019\/12\/2019_12-Nachbericht-G\u00fcrtelpr\u00fcfung-1-169x300.jpg 169w\" sizes=\"(max-width: 433px) 100vw, 433px\" \/><\/div>\n\t\t<\/a>\n\t\t\t\t<div class=\"elementor-post__text\">\n\t\t\t\t<h3 class=\"elementor-post__title\">\n\t\t\t<a href=\"https:\/\/www.kinderkarate.at\/ItokaiALT\/eine-pruefung-fuer-den-selbstwert\/\" >\n\t\t\t\tEine Pr\u00fcfung f\u00fcr den Selbstwert\t\t\t<\/a>\n\t\t<\/h3>\n\t\t\t\t<div class=\"elementor-post__meta-data\">\n\t\t\t\t\t<span class=\"elementor-post-date\">\n\t\t\t10. Dezember 2019\t\t<\/span>\n\t\t\t\t<\/div>\n\t\t\n\t\t<a class=\"elementor-post__read-more\" href=\"https:\/\/www.kinderkarate.at\/ItokaiALT\/eine-pruefung-fuer-den-selbstwert\/\" aria-label=\"Read more about Eine Pr\u00fcfung f\u00fcr den Selbstwert\" tabindex=\"-1\" >\n\t\t\tWeiterlesen\t\t<\/a>\n\n\t\t\t\t<\/div>\n\t\t\t\t<\/article>\n\t\t\t\t<article class=\"elementor-post elementor-grid-item post-12990 post type-post status-publish format-standard has-post-thumbnail hentry category-itokai-archiv-2019 category-news\">\n\t\t\t\t<a class=\"elementor-post__thumbnail__link\" href=\"https:\/\/www.kinderkarate.at\/ItokaiALT\/wir-spenden-fuer-rettet-das-kind\/\" tabindex=\"-1\" >\n\t\t\t<div class=\"elementor-post__thumbnail\"><img loading=\"lazy\" decoding=\"async\" width=\"800\" height=\"452\" src=\"https:\/\/www.kinderkarate.at\/ItokaiALT\/wp-content\/uploads\/2019\/12\/IMG_20191205_214949.jpg\" class=\"attachment-large size-large wp-image-12999\" alt=\"\" srcset=\"https:\/\/www.kinderkarate.at\/ItokaiALT\/wp-content\/uploads\/2019\/12\/IMG_20191205_214949.jpg 1024w, https:\/\/www.kinderkarate.at\/ItokaiALT\/wp-content\/uploads\/2019\/12\/IMG_20191205_214949-600x339.jpg 600w, https:\/\/www.kinderkarate.at\/ItokaiALT\/wp-content\/uploads\/2019\/12\/IMG_20191205_214949-300x169.jpg 300w, https:\/\/www.kinderkarate.at\/ItokaiALT\/wp-content\/uploads\/2019\/12\/IMG_20191205_214949-768x434.jpg 768w\" sizes=\"(max-width: 800px) 100vw, 800px\" \/><\/div>\n\t\t<\/a>\n\t\t\t\t<div class=\"elementor-post__text\">\n\t\t\t\t<h3 class=\"elementor-post__title\">\n\t\t\t<a href=\"https:\/\/www.kinderkarate.at\/ItokaiALT\/wir-spenden-fuer-rettet-das-kind\/\" >\n\t\t\t\tWir spenden f\u00fcr \u201eRettet das Kind\u201c\t\t\t<\/a>\n\t\t<\/h3>\n\t\t\t\t<div class=\"elementor-post__meta-data\">\n\t\t\t\t\t<span class=\"elementor-post-date\">\n\t\t\t6. Dezember 2019\t\t<\/span>\n\t\t\t\t<\/div>\n\t\t\n\t\t<a class=\"elementor-post__read-more\" href=\"https:\/\/www.kinderkarate.at\/ItokaiALT\/wir-spenden-fuer-rettet-das-kind\/\" aria-label=\"Read more about Wir spenden f\u00fcr \u201eRettet das Kind\u201c\" tabindex=\"-1\" >\n\t\t\tWeiterlesen\t\t<\/a>\n\n\t\t\t\t<\/div>\n\t\t\t\t<\/article>\n\t\t\t\t<article class=\"elementor-post elementor-grid-item post-13072 post type-post status-publish format-standard has-post-thumbnail hentry category-itokai-archiv-2019 category-news\">\n\t\t\t\t<a class=\"elementor-post__thumbnail__link\" href=\"https:\/\/www.kinderkarate.at\/ItokaiALT\/guertelgraduierung-lovinkicks\/\" tabindex=\"-1\" >\n\t\t\t<div class=\"elementor-post__thumbnail\"><img loading=\"lazy\" decoding=\"async\" width=\"800\" height=\"452\" src=\"https:\/\/www.kinderkarate.at\/ItokaiALT\/wp-content\/uploads\/2019\/12\/2019_12_05-G\u00fcrtelgraduierung-LovinKicks.jpg\" class=\"attachment-large size-large wp-image-13076\" alt=\"\" srcset=\"https:\/\/www.kinderkarate.at\/ItokaiALT\/wp-content\/uploads\/2019\/12\/2019_12_05-G\u00fcrtelgraduierung-LovinKicks.jpg 1024w, https:\/\/www.kinderkarate.at\/ItokaiALT\/wp-content\/uploads\/2019\/12\/2019_12_05-G\u00fcrtelgraduierung-LovinKicks-600x339.jpg 600w, https:\/\/www.kinderkarate.at\/ItokaiALT\/wp-content\/uploads\/2019\/12\/2019_12_05-G\u00fcrtelgraduierung-LovinKicks-300x169.jpg 300w, https:\/\/www.kinderkarate.at\/ItokaiALT\/wp-content\/uploads\/2019\/12\/2019_12_05-G\u00fcrtelgraduierung-LovinKicks-768x434.jpg 768w\" sizes=\"(max-width: 800px) 100vw, 800px\" \/><\/div>\n\t\t<\/a>\n\t\t\t\t<div class=\"elementor-post__text\">\n\t\t\t\t<h3 class=\"elementor-post__title\">\n\t\t\t<a href=\"https:\/\/www.kinderkarate.at\/ItokaiALT\/guertelgraduierung-lovinkicks\/\" >\n\t\t\t\tG\u00fcrtelgraduierung LovinKicks\t\t\t<\/a>\n\t\t<\/h3>\n\t\t\t\t<div class=\"elementor-post__meta-data\">\n\t\t\t\t\t<span class=\"elementor-post-date\">\n\t\t\t5. Dezember 2019\t\t<\/span>\n\t\t\t\t<\/div>\n\t\t\n\t\t<a class=\"elementor-post__read-more\" href=\"https:\/\/www.kinderkarate.at\/ItokaiALT\/guertelgraduierung-lovinkicks\/\" aria-label=\"Read more about G\u00fcrtelgraduierung LovinKicks\" tabindex=\"-1\" >\n\t\t\tWeiterlesen\t\t<\/a>\n\n\t\t\t\t<\/div>\n\t\t\t\t<\/article>\n\t\t\t\t<article class=\"elementor-post elementor-grid-item post-12735 post type-post status-publish format-standard has-post-thumbnail hentry category-itokai-archiv-2019 category-news\">\n\t\t\t\t<a class=\"elementor-post__thumbnail__link\" href=\"https:\/\/www.kinderkarate.at\/ItokaiALT\/weihnachtsvorbereitungen-bei-itokai\/\" tabindex=\"-1\" >\n\t\t\t<div class=\"elementor-post__thumbnail\"><img loading=\"lazy\" decoding=\"async\" width=\"800\" height=\"800\" src=\"https:\/\/www.kinderkarate.at\/ItokaiALT\/wp-content\/uploads\/2019\/11\/72711390_1618003841688615_6470272316214345728_o.jpg\" class=\"attachment-large size-large wp-image-12740\" alt=\"\" srcset=\"https:\/\/www.kinderkarate.at\/ItokaiALT\/wp-content\/uploads\/2019\/11\/72711390_1618003841688615_6470272316214345728_o.jpg 960w, https:\/\/www.kinderkarate.at\/ItokaiALT\/wp-content\/uploads\/2019\/11\/72711390_1618003841688615_6470272316214345728_o-300x300.jpg 300w, https:\/\/www.kinderkarate.at\/ItokaiALT\/wp-content\/uploads\/2019\/11\/72711390_1618003841688615_6470272316214345728_o-100x100.jpg 100w, https:\/\/www.kinderkarate.at\/ItokaiALT\/wp-content\/uploads\/2019\/11\/72711390_1618003841688615_6470272316214345728_o-600x600.jpg 600w, https:\/\/www.kinderkarate.at\/ItokaiALT\/wp-content\/uploads\/2019\/11\/72711390_1618003841688615_6470272316214345728_o-150x150.jpg 150w, https:\/\/www.kinderkarate.at\/ItokaiALT\/wp-content\/uploads\/2019\/11\/72711390_1618003841688615_6470272316214345728_o-768x768.jpg 768w\" sizes=\"(max-width: 800px) 100vw, 800px\" \/><\/div>\n\t\t<\/a>\n\t\t\t\t<div class=\"elementor-post__text\">\n\t\t\t\t<h3 class=\"elementor-post__title\">\n\t\t\t<a href=\"https:\/\/www.kinderkarate.at\/ItokaiALT\/weihnachtsvorbereitungen-bei-itokai\/\" >\n\t\t\t\tWeihnachtsvorbereitungen bei Itokai\t\t\t<\/a>\n\t\t<\/h3>\n\t\t\t\t<div class=\"elementor-post__meta-data\">\n\t\t\t\t\t<span class=\"elementor-post-date\">\n\t\t\t29. November 2019\t\t<\/span>\n\t\t\t\t<\/div>\n\t\t\n\t\t<a class=\"elementor-post__read-more\" href=\"https:\/\/www.kinderkarate.at\/ItokaiALT\/weihnachtsvorbereitungen-bei-itokai\/\" aria-label=\"Read more about Weihnachtsvorbereitungen bei Itokai\" tabindex=\"-1\" >\n\t\t\tWeiterlesen\t\t<\/a>\n\n\t\t\t\t<\/div>\n\t\t\t\t<\/article>\n\t\t\t\t<article class=\"elementor-post elementor-grid-item post-12653 post type-post status-publish format-standard has-post-thumbnail hentry category-itokai-archiv-2019 category-news\">\n\t\t\t\t<a class=\"elementor-post__thumbnail__link\" href=\"https:\/\/www.kinderkarate.at\/ItokaiALT\/guertelpruefung-erwachsene-november-2019-tulln\/\" tabindex=\"-1\" >\n\t\t\t<div class=\"elementor-post__thumbnail\"><img loading=\"lazy\" decoding=\"async\" width=\"800\" height=\"452\" src=\"https:\/\/www.kinderkarate.at\/ItokaiALT\/wp-content\/uploads\/2019\/11\/2019_11_23-G\u00fcrtelpr\u00fcfung_Erwachsene-10.jpg\" class=\"attachment-large size-large wp-image-12673\" alt=\"\" srcset=\"https:\/\/www.kinderkarate.at\/ItokaiALT\/wp-content\/uploads\/2019\/11\/2019_11_23-G\u00fcrtelpr\u00fcfung_Erwachsene-10.jpg 1024w, https:\/\/www.kinderkarate.at\/ItokaiALT\/wp-content\/uploads\/2019\/11\/2019_11_23-G\u00fcrtelpr\u00fcfung_Erwachsene-10-600x339.jpg 600w, https:\/\/www.kinderkarate.at\/ItokaiALT\/wp-content\/uploads\/2019\/11\/2019_11_23-G\u00fcrtelpr\u00fcfung_Erwachsene-10-300x169.jpg 300w, https:\/\/www.kinderkarate.at\/ItokaiALT\/wp-content\/uploads\/2019\/11\/2019_11_23-G\u00fcrtelpr\u00fcfung_Erwachsene-10-768x434.jpg 768w\" sizes=\"(max-width: 800px) 100vw, 800px\" \/><\/div>\n\t\t<\/a>\n\t\t\t\t<div class=\"elementor-post__text\">\n\t\t\t\t<h3 class=\"elementor-post__title\">\n\t\t\t<a href=\"https:\/\/www.kinderkarate.at\/ItokaiALT\/guertelpruefung-erwachsene-november-2019-tulln\/\" >\n\t\t\t\tG\u00fcrtelpr\u00fcfung Erwachsene November 2019 Tulln\t\t\t<\/a>\n\t\t<\/h3>\n\t\t\t\t<div class=\"elementor-post__meta-data\">\n\t\t\t\t\t<span class=\"elementor-post-date\">\n\t\t\t23. November 2019\t\t<\/span>\n\t\t\t\t<\/div>\n\t\t\n\t\t<a class=\"elementor-post__read-more\" href=\"https:\/\/www.kinderkarate.at\/ItokaiALT\/guertelpruefung-erwachsene-november-2019-tulln\/\" aria-label=\"Read more about G\u00fcrtelpr\u00fcfung Erwachsene November 2019 Tulln\" tabindex=\"-1\" >\n\t\t\tWeiterlesen\t\t<\/a>\n\n\t\t\t\t<\/div>\n\t\t\t\t<\/article>\n\t\t\t\t<article class=\"elementor-post elementor-grid-item post-12604 post type-post status-publish format-standard has-post-thumbnail hentry category-itokai-archiv-2019 category-news\">\n\t\t\t\t<a class=\"elementor-post__thumbnail__link\" href=\"https:\/\/www.kinderkarate.at\/ItokaiALT\/guertelpruefung-karatekids-november-2019-st-christophen\/\" tabindex=\"-1\" >\n\t\t\t<div class=\"elementor-post__thumbnail\"><img loading=\"lazy\" decoding=\"async\" width=\"800\" height=\"452\" src=\"https:\/\/www.kinderkarate.at\/ItokaiALT\/wp-content\/uploads\/2019\/11\/2019_11_23-G\u00fcrtelpr\u00fcfung_Kinder-Neulengbach_St-8.jpg\" class=\"attachment-large size-large wp-image-12637\" alt=\"\" srcset=\"https:\/\/www.kinderkarate.at\/ItokaiALT\/wp-content\/uploads\/2019\/11\/2019_11_23-G\u00fcrtelpr\u00fcfung_Kinder-Neulengbach_St-8.jpg 1024w, https:\/\/www.kinderkarate.at\/ItokaiALT\/wp-content\/uploads\/2019\/11\/2019_11_23-G\u00fcrtelpr\u00fcfung_Kinder-Neulengbach_St-8-600x339.jpg 600w, https:\/\/www.kinderkarate.at\/ItokaiALT\/wp-content\/uploads\/2019\/11\/2019_11_23-G\u00fcrtelpr\u00fcfung_Kinder-Neulengbach_St-8-300x169.jpg 300w, https:\/\/www.kinderkarate.at\/ItokaiALT\/wp-content\/uploads\/2019\/11\/2019_11_23-G\u00fcrtelpr\u00fcfung_Kinder-Neulengbach_St-8-768x434.jpg 768w\" sizes=\"(max-width: 800px) 100vw, 800px\" \/><\/div>\n\t\t<\/a>\n\t\t\t\t<div class=\"elementor-post__text\">\n\t\t\t\t<h3 class=\"elementor-post__title\">\n\t\t\t<a href=\"https:\/\/www.kinderkarate.at\/ItokaiALT\/guertelpruefung-karatekids-november-2019-st-christophen\/\" >\n\t\t\t\tG\u00fcrtelpr\u00fcfung Karatekids November 2019 St. Christophen\t\t\t<\/a>\n\t\t<\/h3>\n\t\t\t\t<div class=\"elementor-post__meta-data\">\n\t\t\t\t\t<span class=\"elementor-post-date\">\n\t\t\t23. November 2019\t\t<\/span>\n\t\t\t\t<\/div>\n\t\t\n\t\t<a class=\"elementor-post__read-more\" href=\"https:\/\/www.kinderkarate.at\/ItokaiALT\/guertelpruefung-karatekids-november-2019-st-christophen\/\" aria-label=\"Read more about G\u00fcrtelpr\u00fcfung Karatekids November 2019 St. Christophen\" tabindex=\"-1\" >\n\t\t\tWeiterlesen\t\t<\/a>\n\n\t\t\t\t<\/div>\n\t\t\t\t<\/article>\n\t\t\t\t<article class=\"elementor-post elementor-grid-item post-12568 post type-post status-publish format-standard has-post-thumbnail hentry category-itokai-archiv-2019 category-news\">\n\t\t\t\t<a class=\"elementor-post__thumbnail__link\" href=\"https:\/\/www.kinderkarate.at\/ItokaiALT\/guertelpruefung-karatekids-november-2019-tulln\/\" tabindex=\"-1\" >\n\t\t\t<div class=\"elementor-post__thumbnail\"><img loading=\"lazy\" decoding=\"async\" width=\"800\" height=\"452\" src=\"https:\/\/www.kinderkarate.at\/ItokaiALT\/wp-content\/uploads\/2019\/11\/2019_11_22-G\u00fcrtelpr\u00fcfung_Kinder-Tulln-18.jpg\" class=\"attachment-large size-large wp-image-12579\" alt=\"\" srcset=\"https:\/\/www.kinderkarate.at\/ItokaiALT\/wp-content\/uploads\/2019\/11\/2019_11_22-G\u00fcrtelpr\u00fcfung_Kinder-Tulln-18.jpg 1024w, https:\/\/www.kinderkarate.at\/ItokaiALT\/wp-content\/uploads\/2019\/11\/2019_11_22-G\u00fcrtelpr\u00fcfung_Kinder-Tulln-18-600x339.jpg 600w, https:\/\/www.kinderkarate.at\/ItokaiALT\/wp-content\/uploads\/2019\/11\/2019_11_22-G\u00fcrtelpr\u00fcfung_Kinder-Tulln-18-300x169.jpg 300w, https:\/\/www.kinderkarate.at\/ItokaiALT\/wp-content\/uploads\/2019\/11\/2019_11_22-G\u00fcrtelpr\u00fcfung_Kinder-Tulln-18-768x434.jpg 768w\" sizes=\"(max-width: 800px) 100vw, 800px\" \/><\/div>\n\t\t<\/a>\n\t\t\t\t<div class=\"elementor-post__text\">\n\t\t\t\t<h3 class=\"elementor-post__title\">\n\t\t\t<a href=\"https:\/\/www.kinderkarate.at\/ItokaiALT\/guertelpruefung-karatekids-november-2019-tulln\/\" >\n\t\t\t\tG\u00fcrtelpr\u00fcfung Karatekids November 2019 Tulln\t\t\t<\/a>\n\t\t<\/h3>\n\t\t\t\t<div class=\"elementor-post__meta-data\">\n\t\t\t\t\t<span class=\"elementor-post-date\">\n\t\t\t22. November 2019\t\t<\/span>\n\t\t\t\t<\/div>\n\t\t\n\t\t<a class=\"elementor-post__read-more\" href=\"https:\/\/www.kinderkarate.at\/ItokaiALT\/guertelpruefung-karatekids-november-2019-tulln\/\" aria-label=\"Read more about G\u00fcrtelpr\u00fcfung Karatekids November 2019 Tulln\" tabindex=\"-1\" >\n\t\t\tWeiterlesen\t\t<\/a>\n\n\t\t\t\t<\/div>\n\t\t\t\t<\/article>\n\t\t\t\t<article class=\"elementor-post elementor-grid-item post-12216 post type-post status-publish format-standard has-post-thumbnail hentry category-itokai-archiv-2019 category-news\">\n\t\t\t\t<a class=\"elementor-post__thumbnail__link\" href=\"https:\/\/www.kinderkarate.at\/ItokaiALT\/halloween-shopping-nacht-2019\/\" tabindex=\"-1\" >\n\t\t\t<div class=\"elementor-post__thumbnail\"><img loading=\"lazy\" decoding=\"async\" width=\"800\" height=\"800\" src=\"https:\/\/www.kinderkarate.at\/ItokaiALT\/wp-content\/uploads\/2019\/11\/halloween_shopping_nacht-2019-6.jpg\" class=\"attachment-large size-large wp-image-12228\" alt=\"\" srcset=\"https:\/\/www.kinderkarate.at\/ItokaiALT\/wp-content\/uploads\/2019\/11\/halloween_shopping_nacht-2019-6.jpg 960w, https:\/\/www.kinderkarate.at\/ItokaiALT\/wp-content\/uploads\/2019\/11\/halloween_shopping_nacht-2019-6-300x300.jpg 300w, https:\/\/www.kinderkarate.at\/ItokaiALT\/wp-content\/uploads\/2019\/11\/halloween_shopping_nacht-2019-6-100x100.jpg 100w, https:\/\/www.kinderkarate.at\/ItokaiALT\/wp-content\/uploads\/2019\/11\/halloween_shopping_nacht-2019-6-600x600.jpg 600w, https:\/\/www.kinderkarate.at\/ItokaiALT\/wp-content\/uploads\/2019\/11\/halloween_shopping_nacht-2019-6-150x150.jpg 150w, https:\/\/www.kinderkarate.at\/ItokaiALT\/wp-content\/uploads\/2019\/11\/halloween_shopping_nacht-2019-6-768x768.jpg 768w\" sizes=\"(max-width: 800px) 100vw, 800px\" \/><\/div>\n\t\t<\/a>\n\t\t\t\t<div class=\"elementor-post__text\">\n\t\t\t\t<h3 class=\"elementor-post__title\">\n\t\t\t<a href=\"https:\/\/www.kinderkarate.at\/ItokaiALT\/halloween-shopping-nacht-2019\/\" >\n\t\t\t\tHalloween Shopping Nacht 2019\t\t\t<\/a>\n\t\t<\/h3>\n\t\t\t\t<div class=\"elementor-post__meta-data\">\n\t\t\t\t\t<span class=\"elementor-post-date\">\n\t\t\t31. Oktober 2019\t\t<\/span>\n\t\t\t\t<\/div>\n\t\t\n\t\t<a class=\"elementor-post__read-more\" href=\"https:\/\/www.kinderkarate.at\/ItokaiALT\/halloween-shopping-nacht-2019\/\" aria-label=\"Read more about Halloween Shopping Nacht 2019\" tabindex=\"-1\" >\n\t\t\tWeiterlesen\t\t<\/a>\n\n\t\t\t\t<\/div>\n\t\t\t\t<\/article>\n\t\t\t\t<article class=\"elementor-post elementor-grid-item post-12135 post type-post status-publish format-standard has-post-thumbnail hentry category-itokai-archiv-2019 category-news\">\n\t\t\t\t<a class=\"elementor-post__thumbnail__link\" href=\"https:\/\/www.kinderkarate.at\/ItokaiALT\/itokai-top-team-award-2019\/\" tabindex=\"-1\" >\n\t\t\t<div class=\"elementor-post__thumbnail\"><img loading=\"lazy\" decoding=\"async\" width=\"800\" height=\"452\" src=\"https:\/\/www.kinderkarate.at\/ItokaiALT\/wp-content\/uploads\/2019\/10\/2019_TopTeamAward_gross-1024x578.jpg\" class=\"attachment-large size-large wp-image-12139\" alt=\"\" srcset=\"https:\/\/www.kinderkarate.at\/ItokaiALT\/wp-content\/uploads\/2019\/10\/2019_TopTeamAward_gross.jpg 1024w, https:\/\/www.kinderkarate.at\/ItokaiALT\/wp-content\/uploads\/2019\/10\/2019_TopTeamAward_gross-600x339.jpg 600w, https:\/\/www.kinderkarate.at\/ItokaiALT\/wp-content\/uploads\/2019\/10\/2019_TopTeamAward_gross-300x169.jpg 300w, https:\/\/www.kinderkarate.at\/ItokaiALT\/wp-content\/uploads\/2019\/10\/2019_TopTeamAward_gross-768x434.jpg 768w\" sizes=\"(max-width: 800px) 100vw, 800px\" \/><\/div>\n\t\t<\/a>\n\t\t\t\t<div class=\"elementor-post__text\">\n\t\t\t\t<h3 class=\"elementor-post__title\">\n\t\t\t<a href=\"https:\/\/www.kinderkarate.at\/ItokaiALT\/itokai-top-team-award-2019\/\" >\n\t\t\t\tItokai Top Team Award 2019\t\t\t<\/a>\n\t\t<\/h3>\n\t\t\t\t<div class=\"elementor-post__meta-data\">\n\t\t\t\t\t<span class=\"elementor-post-date\">\n\t\t\t25. Oktober 2019\t\t<\/span>\n\t\t\t\t<\/div>\n\t\t\n\t\t<a class=\"elementor-post__read-more\" href=\"https:\/\/www.kinderkarate.at\/ItokaiALT\/itokai-top-team-award-2019\/\" aria-label=\"Read more about Itokai Top Team Award 2019\" tabindex=\"-1\" >\n\t\t\tWeiterlesen\t\t<\/a>\n\n\t\t\t\t<\/div>\n\t\t\t\t<\/article>\n\t\t\t\t<article class=\"elementor-post elementor-grid-item post-12097 post type-post status-publish format-standard has-post-thumbnail hentry category-itokai-archiv-2019 category-news\">\n\t\t\t\t<a class=\"elementor-post__thumbnail__link\" href=\"https:\/\/www.kinderkarate.at\/ItokaiALT\/shukokai-lehrgang-oktober-2019\/\" tabindex=\"-1\" >\n\t\t\t<div class=\"elementor-post__thumbnail\"><img loading=\"lazy\" decoding=\"async\" width=\"800\" height=\"533\" src=\"https:\/\/www.kinderkarate.at\/ItokaiALT\/wp-content\/uploads\/2019\/10\/2019_10_19-Shukokai_Austria_Lehrgang-Foto_CharlySteiner-13-1024x682.jpg\" class=\"attachment-large size-large wp-image-12070\" alt=\"\" srcset=\"https:\/\/www.kinderkarate.at\/ItokaiALT\/wp-content\/uploads\/2019\/10\/2019_10_19-Shukokai_Austria_Lehrgang-Foto_CharlySteiner-13.jpg 1024w, https:\/\/www.kinderkarate.at\/ItokaiALT\/wp-content\/uploads\/2019\/10\/2019_10_19-Shukokai_Austria_Lehrgang-Foto_CharlySteiner-13-600x400.jpg 600w, https:\/\/www.kinderkarate.at\/ItokaiALT\/wp-content\/uploads\/2019\/10\/2019_10_19-Shukokai_Austria_Lehrgang-Foto_CharlySteiner-13-300x200.jpg 300w, https:\/\/www.kinderkarate.at\/ItokaiALT\/wp-content\/uploads\/2019\/10\/2019_10_19-Shukokai_Austria_Lehrgang-Foto_CharlySteiner-13-768x512.jpg 768w\" sizes=\"(max-width: 800px) 100vw, 800px\" \/><\/div>\n\t\t<\/a>\n\t\t\t\t<div class=\"elementor-post__text\">\n\t\t\t\t<h3 class=\"elementor-post__title\">\n\t\t\t<a href=\"https:\/\/www.kinderkarate.at\/ItokaiALT\/shukokai-lehrgang-oktober-2019\/\" >\n\t\t\t\tShukokai Lehrgang Oktober 2019\t\t\t<\/a>\n\t\t<\/h3>\n\t\t\t\t<div class=\"elementor-post__meta-data\">\n\t\t\t\t\t<span class=\"elementor-post-date\">\n\t\t\t19. Oktober 2019\t\t<\/span>\n\t\t\t\t<\/div>\n\t\t\n\t\t<a class=\"elementor-post__read-more\" href=\"https:\/\/www.kinderkarate.at\/ItokaiALT\/shukokai-lehrgang-oktober-2019\/\" aria-label=\"Read more about Shukokai Lehrgang Oktober 2019\" tabindex=\"-1\" >\n\t\t\tWeiterlesen\t\t<\/a>\n\n\t\t\t\t<\/div>\n\t\t\t\t<\/article>\n\t\t\t\t<article class=\"elementor-post elementor-grid-item post-11465 post type-post status-publish format-standard has-post-thumbnail hentry category-itokai-archiv-2019 category-news\">\n\t\t\t\t<a class=\"elementor-post__thumbnail__link\" href=\"https:\/\/www.kinderkarate.at\/ItokaiALT\/itokai-bei-der-kinderspielstadt-st-poelten\/\" tabindex=\"-1\" >\n\t\t\t<div class=\"elementor-post__thumbnail\"><img loading=\"lazy\" decoding=\"async\" width=\"800\" height=\"600\" src=\"https:\/\/www.kinderkarate.at\/ItokaiALT\/wp-content\/uploads\/2019\/09\/kinderspielstadt_st-poelten_2019_1-1024x768.jpg\" class=\"attachment-large size-large wp-image-11477\" alt=\"\" srcset=\"https:\/\/www.kinderkarate.at\/ItokaiALT\/wp-content\/uploads\/2019\/09\/kinderspielstadt_st-poelten_2019_1.jpg 1024w, https:\/\/www.kinderkarate.at\/ItokaiALT\/wp-content\/uploads\/2019\/09\/kinderspielstadt_st-poelten_2019_1-600x450.jpg 600w, https:\/\/www.kinderkarate.at\/ItokaiALT\/wp-content\/uploads\/2019\/09\/kinderspielstadt_st-poelten_2019_1-300x225.jpg 300w, https:\/\/www.kinderkarate.at\/ItokaiALT\/wp-content\/uploads\/2019\/09\/kinderspielstadt_st-poelten_2019_1-768x576.jpg 768w\" sizes=\"(max-width: 800px) 100vw, 800px\" \/><\/div>\n\t\t<\/a>\n\t\t\t\t<div class=\"elementor-post__text\">\n\t\t\t\t<h3 class=\"elementor-post__title\">\n\t\t\t<a href=\"https:\/\/www.kinderkarate.at\/ItokaiALT\/itokai-bei-der-kinderspielstadt-st-poelten\/\" >\n\t\t\t\tItokai bei der Kinderspielstadt St. P\u00f6lten\t\t\t<\/a>\n\t\t<\/h3>\n\t\t\t\t<div class=\"elementor-post__meta-data\">\n\t\t\t\t\t<span class=\"elementor-post-date\">\n\t\t\t25. September 2019\t\t<\/span>\n\t\t\t\t<\/div>\n\t\t\n\t\t<a class=\"elementor-post__read-more\" href=\"https:\/\/www.kinderkarate.at\/ItokaiALT\/itokai-bei-der-kinderspielstadt-st-poelten\/\" aria-label=\"Read more about Itokai bei der Kinderspielstadt St. P\u00f6lten\" tabindex=\"-1\" >\n\t\t\tWeiterlesen\t\t<\/a>\n\n\t\t\t\t<\/div>\n\t\t\t\t<\/article>\n\t\t\t\t<article class=\"elementor-post elementor-grid-item post-11387 post type-post status-publish format-standard has-post-thumbnail hentry category-itokai-archiv-2019 category-news\">\n\t\t\t\t<a class=\"elementor-post__thumbnail__link\" href=\"https:\/\/www.kinderkarate.at\/ItokaiALT\/itokai-team-day-2019\/\" tabindex=\"-1\" >\n\t\t\t<div class=\"elementor-post__thumbnail\"><img loading=\"lazy\" decoding=\"async\" width=\"800\" height=\"452\" src=\"https:\/\/www.kinderkarate.at\/ItokaiALT\/wp-content\/uploads\/2019\/09\/image009.jpg\" class=\"attachment-large size-large wp-image-11394\" alt=\"\" srcset=\"https:\/\/www.kinderkarate.at\/ItokaiALT\/wp-content\/uploads\/2019\/09\/image009.jpg 1000w, https:\/\/www.kinderkarate.at\/ItokaiALT\/wp-content\/uploads\/2019\/09\/image009-600x339.jpg 600w, https:\/\/www.kinderkarate.at\/ItokaiALT\/wp-content\/uploads\/2019\/09\/image009-300x170.jpg 300w, https:\/\/www.kinderkarate.at\/ItokaiALT\/wp-content\/uploads\/2019\/09\/image009-768x434.jpg 768w\" sizes=\"(max-width: 800px) 100vw, 800px\" \/><\/div>\n\t\t<\/a>\n\t\t\t\t<div class=\"elementor-post__text\">\n\t\t\t\t<h3 class=\"elementor-post__title\">\n\t\t\t<a href=\"https:\/\/www.kinderkarate.at\/ItokaiALT\/itokai-team-day-2019\/\" >\n\t\t\t\tItokai Team Day 2019\t\t\t<\/a>\n\t\t<\/h3>\n\t\t\t\t<div class=\"elementor-post__meta-data\">\n\t\t\t\t\t<span class=\"elementor-post-date\">\n\t\t\t31. August 2019\t\t<\/span>\n\t\t\t\t<\/div>\n\t\t\n\t\t<a class=\"elementor-post__read-more\" href=\"https:\/\/www.kinderkarate.at\/ItokaiALT\/itokai-team-day-2019\/\" aria-label=\"Read more about Itokai Team Day 2019\" tabindex=\"-1\" >\n\t\t\tWeiterlesen\t\t<\/a>\n\n\t\t\t\t<\/div>\n\t\t\t\t<\/article>\n\t\t\t\t<article class=\"elementor-post elementor-grid-item post-11012 post type-post status-publish format-standard has-post-thumbnail hentry category-itokai-archiv-2019 category-news\">\n\t\t\t\t<a class=\"elementor-post__thumbnail__link\" href=\"https:\/\/www.kinderkarate.at\/ItokaiALT\/svd-langenlebarn-trainiert-itokai-kickboxen\/\" tabindex=\"-1\" >\n\t\t\t<div class=\"elementor-post__thumbnail\"><img loading=\"lazy\" decoding=\"async\" width=\"800\" height=\"533\" src=\"https:\/\/www.kinderkarate.at\/ItokaiALT\/wp-content\/uploads\/2019\/08\/2019-08-13-SVD-Langenlebarn-...-stark-mit-Itokai-4-1024x682.jpg\" class=\"attachment-large size-large wp-image-11014\" alt=\"\" srcset=\"https:\/\/www.kinderkarate.at\/ItokaiALT\/wp-content\/uploads\/2019\/08\/2019-08-13-SVD-Langenlebarn-...-stark-mit-Itokai-4.jpg 1024w, https:\/\/www.kinderkarate.at\/ItokaiALT\/wp-content\/uploads\/2019\/08\/2019-08-13-SVD-Langenlebarn-...-stark-mit-Itokai-4-600x400.jpg 600w, https:\/\/www.kinderkarate.at\/ItokaiALT\/wp-content\/uploads\/2019\/08\/2019-08-13-SVD-Langenlebarn-...-stark-mit-Itokai-4-300x200.jpg 300w, https:\/\/www.kinderkarate.at\/ItokaiALT\/wp-content\/uploads\/2019\/08\/2019-08-13-SVD-Langenlebarn-...-stark-mit-Itokai-4-768x512.jpg 768w, https:\/\/www.kinderkarate.at\/ItokaiALT\/wp-content\/uploads\/2019\/08\/2019-08-13-SVD-Langenlebarn-...-stark-mit-Itokai-4-391x260.jpg 391w\" sizes=\"(max-width: 800px) 100vw, 800px\" \/><\/div>\n\t\t<\/a>\n\t\t\t\t<div class=\"elementor-post__text\">\n\t\t\t\t<h3 class=\"elementor-post__title\">\n\t\t\t<a href=\"https:\/\/www.kinderkarate.at\/ItokaiALT\/svd-langenlebarn-trainiert-itokai-kickboxen\/\" >\n\t\t\t\tSVD Langenlebarn trainiert Itokai Kickboxen\t\t\t<\/a>\n\t\t<\/h3>\n\t\t\t\t<div class=\"elementor-post__meta-data\">\n\t\t\t\t\t<span class=\"elementor-post-date\">\n\t\t\t14. August 2019\t\t<\/span>\n\t\t\t\t<\/div>\n\t\t\n\t\t<a class=\"elementor-post__read-more\" href=\"https:\/\/www.kinderkarate.at\/ItokaiALT\/svd-langenlebarn-trainiert-itokai-kickboxen\/\" aria-label=\"Read more about SVD Langenlebarn trainiert Itokai Kickboxen\" tabindex=\"-1\" >\n\t\t\tWeiterlesen\t\t<\/a>\n\n\t\t\t\t<\/div>\n\t\t\t\t<\/article>\n\t\t\t\t<article class=\"elementor-post elementor-grid-item post-11002 post type-post status-publish format-standard has-post-thumbnail hentry category-itokai-archiv-2019 category-news\">\n\t\t\t\t<a class=\"elementor-post__thumbnail__link\" href=\"https:\/\/www.kinderkarate.at\/ItokaiALT\/ferienbetreuung-august-2019\/\" tabindex=\"-1\" >\n\t\t\t<div class=\"elementor-post__thumbnail\"><img loading=\"lazy\" decoding=\"async\" width=\"768\" height=\"768\" src=\"https:\/\/www.kinderkarate.at\/ItokaiALT\/wp-content\/uploads\/2019\/08\/2019_08-Ferienbetreuung-Neulengbach-1.jpg\" class=\"attachment-large size-large wp-image-11006\" alt=\"\" srcset=\"https:\/\/www.kinderkarate.at\/ItokaiALT\/wp-content\/uploads\/2019\/08\/2019_08-Ferienbetreuung-Neulengbach-1.jpg 768w, https:\/\/www.kinderkarate.at\/ItokaiALT\/wp-content\/uploads\/2019\/08\/2019_08-Ferienbetreuung-Neulengbach-1-300x300.jpg 300w, https:\/\/www.kinderkarate.at\/ItokaiALT\/wp-content\/uploads\/2019\/08\/2019_08-Ferienbetreuung-Neulengbach-1-100x100.jpg 100w, https:\/\/www.kinderkarate.at\/ItokaiALT\/wp-content\/uploads\/2019\/08\/2019_08-Ferienbetreuung-Neulengbach-1-600x600.jpg 600w, https:\/\/www.kinderkarate.at\/ItokaiALT\/wp-content\/uploads\/2019\/08\/2019_08-Ferienbetreuung-Neulengbach-1-150x150.jpg 150w\" sizes=\"(max-width: 768px) 100vw, 768px\" \/><\/div>\n\t\t<\/a>\n\t\t\t\t<div class=\"elementor-post__text\">\n\t\t\t\t<h3 class=\"elementor-post__title\">\n\t\t\t<a href=\"https:\/\/www.kinderkarate.at\/ItokaiALT\/ferienbetreuung-august-2019\/\" >\n\t\t\t\tFerienbetreuung August 2019\t\t\t<\/a>\n\t\t<\/h3>\n\t\t\t\t<div class=\"elementor-post__meta-data\">\n\t\t\t\t\t<span class=\"elementor-post-date\">\n\t\t\t10. August 2019\t\t<\/span>\n\t\t\t\t<\/div>\n\t\t\n\t\t<a class=\"elementor-post__read-more\" href=\"https:\/\/www.kinderkarate.at\/ItokaiALT\/ferienbetreuung-august-2019\/\" aria-label=\"Read more about Ferienbetreuung August 2019\" tabindex=\"-1\" >\n\t\t\tWeiterlesen\t\t<\/a>\n\n\t\t\t\t<\/div>\n\t\t\t\t<\/article>\n\t\t\t\t<article class=\"elementor-post elementor-grid-item post-10746 post type-post status-publish format-standard has-post-thumbnail hentry category-itokai-archiv-2019 category-news\">\n\t\t\t\t<a class=\"elementor-post__thumbnail__link\" href=\"https:\/\/www.kinderkarate.at\/ItokaiALT\/kindernachmittag-feuerwehrfest-neulengbach-2019\/\" tabindex=\"-1\" >\n\t\t\t<div class=\"elementor-post__thumbnail\"><img loading=\"lazy\" decoding=\"async\" width=\"768\" height=\"768\" src=\"https:\/\/www.kinderkarate.at\/ItokaiALT\/wp-content\/uploads\/2019\/08\/2019_08-Itokai_Karate_am_Feuerwehrfest_Neulengbach-13.jpg\" class=\"attachment-large size-large wp-image-10989\" alt=\"\" srcset=\"https:\/\/www.kinderkarate.at\/ItokaiALT\/wp-content\/uploads\/2019\/08\/2019_08-Itokai_Karate_am_Feuerwehrfest_Neulengbach-13.jpg 768w, https:\/\/www.kinderkarate.at\/ItokaiALT\/wp-content\/uploads\/2019\/08\/2019_08-Itokai_Karate_am_Feuerwehrfest_Neulengbach-13-300x300.jpg 300w, https:\/\/www.kinderkarate.at\/ItokaiALT\/wp-content\/uploads\/2019\/08\/2019_08-Itokai_Karate_am_Feuerwehrfest_Neulengbach-13-100x100.jpg 100w, https:\/\/www.kinderkarate.at\/ItokaiALT\/wp-content\/uploads\/2019\/08\/2019_08-Itokai_Karate_am_Feuerwehrfest_Neulengbach-13-600x600.jpg 600w, https:\/\/www.kinderkarate.at\/ItokaiALT\/wp-content\/uploads\/2019\/08\/2019_08-Itokai_Karate_am_Feuerwehrfest_Neulengbach-13-150x150.jpg 150w\" sizes=\"(max-width: 768px) 100vw, 768px\" \/><\/div>\n\t\t<\/a>\n\t\t\t\t<div class=\"elementor-post__text\">\n\t\t\t\t<h3 class=\"elementor-post__title\">\n\t\t\t<a href=\"https:\/\/www.kinderkarate.at\/ItokaiALT\/kindernachmittag-feuerwehrfest-neulengbach-2019\/\" >\n\t\t\t\tKindernachmittag Feuerwehrfest Neulengbach 2019\t\t\t<\/a>\n\t\t<\/h3>\n\t\t\t\t<div class=\"elementor-post__meta-data\">\n\t\t\t\t\t<span class=\"elementor-post-date\">\n\t\t\t3. August 2019\t\t<\/span>\n\t\t\t\t<\/div>\n\t\t\n\t\t<a class=\"elementor-post__read-more\" href=\"https:\/\/www.kinderkarate.at\/ItokaiALT\/kindernachmittag-feuerwehrfest-neulengbach-2019\/\" aria-label=\"Read more about Kindernachmittag Feuerwehrfest Neulengbach 2019\" tabindex=\"-1\" >\n\t\t\tWeiterlesen\t\t<\/a>\n\n\t\t\t\t<\/div>\n\t\t\t\t<\/article>\n\t\t\t\t<article class=\"elementor-post elementor-grid-item post-10688 post type-post status-publish format-standard has-post-thumbnail hentry category-itokai-archiv-2019 category-news\">\n\t\t\t\t<a class=\"elementor-post__thumbnail__link\" href=\"https:\/\/www.kinderkarate.at\/ItokaiALT\/itokai-im-freibad-neulengbach-2019\/\" tabindex=\"-1\" >\n\t\t\t<div class=\"elementor-post__thumbnail\"><img loading=\"lazy\" decoding=\"async\" width=\"800\" height=\"600\" src=\"https:\/\/www.kinderkarate.at\/ItokaiALT\/wp-content\/uploads\/2019\/08\/2019-Itokai_Karate_im_Freibad_Neulengbach-1-1024x768.jpg\" class=\"attachment-large size-large wp-image-10979\" alt=\"\" srcset=\"https:\/\/www.kinderkarate.at\/ItokaiALT\/wp-content\/uploads\/2019\/08\/2019-Itokai_Karate_im_Freibad_Neulengbach-1.jpg 1024w, https:\/\/www.kinderkarate.at\/ItokaiALT\/wp-content\/uploads\/2019\/08\/2019-Itokai_Karate_im_Freibad_Neulengbach-1-600x450.jpg 600w, https:\/\/www.kinderkarate.at\/ItokaiALT\/wp-content\/uploads\/2019\/08\/2019-Itokai_Karate_im_Freibad_Neulengbach-1-300x225.jpg 300w, https:\/\/www.kinderkarate.at\/ItokaiALT\/wp-content\/uploads\/2019\/08\/2019-Itokai_Karate_im_Freibad_Neulengbach-1-768x576.jpg 768w\" sizes=\"(max-width: 800px) 100vw, 800px\" \/><\/div>\n\t\t<\/a>\n\t\t\t\t<div class=\"elementor-post__text\">\n\t\t\t\t<h3 class=\"elementor-post__title\">\n\t\t\t<a href=\"https:\/\/www.kinderkarate.at\/ItokaiALT\/itokai-im-freibad-neulengbach-2019\/\" >\n\t\t\t\tItokai im Freibad Neulengbach 2019\t\t\t<\/a>\n\t\t<\/h3>\n\t\t\t\t<div class=\"elementor-post__meta-data\">\n\t\t\t\t\t<span class=\"elementor-post-date\">\n\t\t\t2. August 2019\t\t<\/span>\n\t\t\t\t<\/div>\n\t\t\n\t\t<a class=\"elementor-post__read-more\" href=\"https:\/\/www.kinderkarate.at\/ItokaiALT\/itokai-im-freibad-neulengbach-2019\/\" aria-label=\"Read more about Itokai im Freibad Neulengbach 2019\" tabindex=\"-1\" >\n\t\t\tWeiterlesen\t\t<\/a>\n\n\t\t\t\t<\/div>\n\t\t\t\t<\/article>\n\t\t\t\t<article class=\"elementor-post elementor-grid-item post-11191 post type-post status-publish format-standard has-post-thumbnail hentry category-itokai-archiv-2019 category-news\">\n\t\t\t\t<a class=\"elementor-post__thumbnail__link\" href=\"https:\/\/www.kinderkarate.at\/ItokaiALT\/ferienspiel-neulengbach-2019\/\" tabindex=\"-1\" >\n\t\t\t<div class=\"elementor-post__thumbnail\"><img loading=\"lazy\" decoding=\"async\" width=\"800\" height=\"800\" src=\"https:\/\/www.kinderkarate.at\/ItokaiALT\/wp-content\/uploads\/2019\/08\/2019_08_02-Itokai-Ferienspiel-Neulengbach-3-1024x1024.jpg\" class=\"attachment-large size-large wp-image-11028\" alt=\"\" srcset=\"https:\/\/www.kinderkarate.at\/ItokaiALT\/wp-content\/uploads\/2019\/08\/2019_08_02-Itokai-Ferienspiel-Neulengbach-3-1024x1024.jpg 1024w, https:\/\/www.kinderkarate.at\/ItokaiALT\/wp-content\/uploads\/2019\/08\/2019_08_02-Itokai-Ferienspiel-Neulengbach-3-300x300.jpg 300w, https:\/\/www.kinderkarate.at\/ItokaiALT\/wp-content\/uploads\/2019\/08\/2019_08_02-Itokai-Ferienspiel-Neulengbach-3-100x100.jpg 100w, https:\/\/www.kinderkarate.at\/ItokaiALT\/wp-content\/uploads\/2019\/08\/2019_08_02-Itokai-Ferienspiel-Neulengbach-3-600x600.jpg 600w, https:\/\/www.kinderkarate.at\/ItokaiALT\/wp-content\/uploads\/2019\/08\/2019_08_02-Itokai-Ferienspiel-Neulengbach-3-150x150.jpg 150w, https:\/\/www.kinderkarate.at\/ItokaiALT\/wp-content\/uploads\/2019\/08\/2019_08_02-Itokai-Ferienspiel-Neulengbach-3-768x768.jpg 768w, https:\/\/www.kinderkarate.at\/ItokaiALT\/wp-content\/uploads\/2019\/08\/2019_08_02-Itokai-Ferienspiel-Neulengbach-3.jpg 1060w\" sizes=\"(max-width: 800px) 100vw, 800px\" \/><\/div>\n\t\t<\/a>\n\t\t\t\t<div class=\"elementor-post__text\">\n\t\t\t\t<h3 class=\"elementor-post__title\">\n\t\t\t<a href=\"https:\/\/www.kinderkarate.at\/ItokaiALT\/ferienspiel-neulengbach-2019\/\" >\n\t\t\t\tFerienspiel Neulengbach 2019\t\t\t<\/a>\n\t\t<\/h3>\n\t\t\t\t<div class=\"elementor-post__meta-data\">\n\t\t\t\t\t<span class=\"elementor-post-date\">\n\t\t\t2. August 2019\t\t<\/span>\n\t\t\t\t<\/div>\n\t\t\n\t\t<a class=\"elementor-post__read-more\" href=\"https:\/\/www.kinderkarate.at\/ItokaiALT\/ferienspiel-neulengbach-2019\/\" aria-label=\"Read more about Ferienspiel Neulengbach 2019\" tabindex=\"-1\" >\n\t\t\tWeiterlesen\t\t<\/a>\n\n\t\t\t\t<\/div>\n\t\t\t\t<\/article>\n\t\t\t\t<article class=\"elementor-post elementor-grid-item post-10557 post type-post status-publish format-standard has-post-thumbnail hentry category-itokai-archiv-2019 category-news\">\n\t\t\t\t<a class=\"elementor-post__thumbnail__link\" href=\"https:\/\/www.kinderkarate.at\/ItokaiALT\/ferienbetreuung-juli-2019\/\" tabindex=\"-1\" >\n\t\t\t<div class=\"elementor-post__thumbnail\"><img loading=\"lazy\" decoding=\"async\" width=\"800\" height=\"600\" src=\"https:\/\/www.kinderkarate.at\/ItokaiALT\/wp-content\/uploads\/2019\/08\/2018_07-Ferienbetreuung-7-1024x768.jpg\" class=\"attachment-large size-large wp-image-10952\" alt=\"\" srcset=\"https:\/\/www.kinderkarate.at\/ItokaiALT\/wp-content\/uploads\/2019\/08\/2018_07-Ferienbetreuung-7.jpg 1024w, https:\/\/www.kinderkarate.at\/ItokaiALT\/wp-content\/uploads\/2019\/08\/2018_07-Ferienbetreuung-7-600x450.jpg 600w, https:\/\/www.kinderkarate.at\/ItokaiALT\/wp-content\/uploads\/2019\/08\/2018_07-Ferienbetreuung-7-300x225.jpg 300w, https:\/\/www.kinderkarate.at\/ItokaiALT\/wp-content\/uploads\/2019\/08\/2018_07-Ferienbetreuung-7-768x576.jpg 768w\" sizes=\"(max-width: 800px) 100vw, 800px\" \/><\/div>\n\t\t<\/a>\n\t\t\t\t<div class=\"elementor-post__text\">\n\t\t\t\t<h3 class=\"elementor-post__title\">\n\t\t\t<a href=\"https:\/\/www.kinderkarate.at\/ItokaiALT\/ferienbetreuung-juli-2019\/\" >\n\t\t\t\tFerienbetreuung Juli 2019\t\t\t<\/a>\n\t\t<\/h3>\n\t\t\t\t<div class=\"elementor-post__meta-data\">\n\t\t\t\t\t<span class=\"elementor-post-date\">\n\t\t\t12. Juli 2019\t\t<\/span>\n\t\t\t\t<\/div>\n\t\t\n\t\t<a class=\"elementor-post__read-more\" href=\"https:\/\/www.kinderkarate.at\/ItokaiALT\/ferienbetreuung-juli-2019\/\" aria-label=\"Read more about Ferienbetreuung Juli 2019\" tabindex=\"-1\" >\n\t\t\tWeiterlesen\t\t<\/a>\n\n\t\t\t\t<\/div>\n\t\t\t\t<\/article>\n\t\t\t\t<article class=\"elementor-post elementor-grid-item post-10283 post type-post status-publish format-standard has-post-thumbnail hentry category-itokai-archiv-2019 category-news\">\n\t\t\t\t<a class=\"elementor-post__thumbnail__link\" href=\"https:\/\/www.kinderkarate.at\/ItokaiALT\/tullner-einkaufsnacht-juni-2019\/\" tabindex=\"-1\" >\n\t\t\t<div class=\"elementor-post__thumbnail\"><img loading=\"lazy\" decoding=\"async\" width=\"800\" height=\"600\" src=\"https:\/\/www.kinderkarate.at\/ItokaiALT\/wp-content\/uploads\/2019\/06\/201906tullnereinkaufsnacht-3-1024x768.jpg\" class=\"attachment-large size-large wp-image-10285\" alt=\"\" srcset=\"https:\/\/www.kinderkarate.at\/ItokaiALT\/wp-content\/uploads\/2019\/06\/201906tullnereinkaufsnacht-3.jpg 1024w, https:\/\/www.kinderkarate.at\/ItokaiALT\/wp-content\/uploads\/2019\/06\/201906tullnereinkaufsnacht-3-600x450.jpg 600w, https:\/\/www.kinderkarate.at\/ItokaiALT\/wp-content\/uploads\/2019\/06\/201906tullnereinkaufsnacht-3-300x225.jpg 300w, https:\/\/www.kinderkarate.at\/ItokaiALT\/wp-content\/uploads\/2019\/06\/201906tullnereinkaufsnacht-3-768x576.jpg 768w\" sizes=\"(max-width: 800px) 100vw, 800px\" \/><\/div>\n\t\t<\/a>\n\t\t\t\t<div class=\"elementor-post__text\">\n\t\t\t\t<h3 class=\"elementor-post__title\">\n\t\t\t<a href=\"https:\/\/www.kinderkarate.at\/ItokaiALT\/tullner-einkaufsnacht-juni-2019\/\" >\n\t\t\t\tTullner Einkaufsnacht Juni 2019\t\t\t<\/a>\n\t\t<\/h3>\n\t\t\t\t<div class=\"elementor-post__meta-data\">\n\t\t\t\t\t<span class=\"elementor-post-date\">\n\t\t\t27. Juni 2019\t\t<\/span>\n\t\t\t\t<\/div>\n\t\t\n\t\t<a class=\"elementor-post__read-more\" href=\"https:\/\/www.kinderkarate.at\/ItokaiALT\/tullner-einkaufsnacht-juni-2019\/\" aria-label=\"Read more about Tullner Einkaufsnacht Juni 2019\" tabindex=\"-1\" >\n\t\t\tWeiterlesen\t\t<\/a>\n\n\t\t\t\t<\/div>\n\t\t\t\t<\/article>\n\t\t\t\t<article class=\"elementor-post elementor-grid-item post-10272 post type-post status-publish format-standard has-post-thumbnail hentry category-itokai-archiv-2019 category-news\">\n\t\t\t\t<a class=\"elementor-post__thumbnail__link\" href=\"https:\/\/www.kinderkarate.at\/ItokaiALT\/guertelpruefung-erwachsene-juni-2019\/\" tabindex=\"-1\" >\n\t\t\t<div class=\"elementor-post__thumbnail\"><img loading=\"lazy\" decoding=\"async\" width=\"800\" height=\"600\" src=\"https:\/\/www.kinderkarate.at\/ItokaiALT\/wp-content\/uploads\/2019\/06\/karatepr\u00fcfungerwachsene2019-06-3-1024x768.jpg\" class=\"attachment-large size-large wp-image-10269\" alt=\"\" srcset=\"https:\/\/www.kinderkarate.at\/ItokaiALT\/wp-content\/uploads\/2019\/06\/karatepr\u00fcfungerwachsene2019-06-3.jpg 1024w, https:\/\/www.kinderkarate.at\/ItokaiALT\/wp-content\/uploads\/2019\/06\/karatepr\u00fcfungerwachsene2019-06-3-600x450.jpg 600w, https:\/\/www.kinderkarate.at\/ItokaiALT\/wp-content\/uploads\/2019\/06\/karatepr\u00fcfungerwachsene2019-06-3-300x225.jpg 300w, https:\/\/www.kinderkarate.at\/ItokaiALT\/wp-content\/uploads\/2019\/06\/karatepr\u00fcfungerwachsene2019-06-3-768x576.jpg 768w\" sizes=\"(max-width: 800px) 100vw, 800px\" \/><\/div>\n\t\t<\/a>\n\t\t\t\t<div class=\"elementor-post__text\">\n\t\t\t\t<h3 class=\"elementor-post__title\">\n\t\t\t<a href=\"https:\/\/www.kinderkarate.at\/ItokaiALT\/guertelpruefung-erwachsene-juni-2019\/\" >\n\t\t\t\tG\u00fcrtelpr\u00fcfung Erwachsene Juni 2019\t\t\t<\/a>\n\t\t<\/h3>\n\t\t\t\t<div class=\"elementor-post__meta-data\">\n\t\t\t\t\t<span class=\"elementor-post-date\">\n\t\t\t22. Juni 2019\t\t<\/span>\n\t\t\t\t<\/div>\n\t\t\n\t\t<a class=\"elementor-post__read-more\" href=\"https:\/\/www.kinderkarate.at\/ItokaiALT\/guertelpruefung-erwachsene-juni-2019\/\" aria-label=\"Read more about G\u00fcrtelpr\u00fcfung Erwachsene Juni 2019\" tabindex=\"-1\" >\n\t\t\tWeiterlesen\t\t<\/a>\n\n\t\t\t\t<\/div>\n\t\t\t\t<\/article>\n\t\t\t\t<article class=\"elementor-post elementor-grid-item post-10255 post type-post status-publish format-standard has-post-thumbnail hentry category-itokai-archiv-2019 category-news\">\n\t\t\t\t<a class=\"elementor-post__thumbnail__link\" href=\"https:\/\/www.kinderkarate.at\/ItokaiALT\/guertelpruefung-karatekids-juni-2019\/\" tabindex=\"-1\" >\n\t\t\t<div class=\"elementor-post__thumbnail\"><img loading=\"lazy\" decoding=\"async\" width=\"800\" height=\"601\" src=\"https:\/\/www.kinderkarate.at\/ItokaiALT\/wp-content\/uploads\/2019\/06\/karatepr\u00fcfungkinder2019-06-12.jpg\" class=\"attachment-large size-large wp-image-10251\" alt=\"\" srcset=\"https:\/\/www.kinderkarate.at\/ItokaiALT\/wp-content\/uploads\/2019\/06\/karatepr\u00fcfungkinder2019-06-12.jpg 1022w, https:\/\/www.kinderkarate.at\/ItokaiALT\/wp-content\/uploads\/2019\/06\/karatepr\u00fcfungkinder2019-06-12-600x451.jpg 600w, https:\/\/www.kinderkarate.at\/ItokaiALT\/wp-content\/uploads\/2019\/06\/karatepr\u00fcfungkinder2019-06-12-300x225.jpg 300w, https:\/\/www.kinderkarate.at\/ItokaiALT\/wp-content\/uploads\/2019\/06\/karatepr\u00fcfungkinder2019-06-12-768x577.jpg 768w\" sizes=\"(max-width: 800px) 100vw, 800px\" \/><\/div>\n\t\t<\/a>\n\t\t\t\t<div class=\"elementor-post__text\">\n\t\t\t\t<h3 class=\"elementor-post__title\">\n\t\t\t<a href=\"https:\/\/www.kinderkarate.at\/ItokaiALT\/guertelpruefung-karatekids-juni-2019\/\" >\n\t\t\t\tG\u00fcrtelpr\u00fcfung Karatekids Juni 2019\t\t\t<\/a>\n\t\t<\/h3>\n\t\t\t\t<div class=\"elementor-post__meta-data\">\n\t\t\t\t\t<span class=\"elementor-post-date\">\n\t\t\t22. Juni 2019\t\t<\/span>\n\t\t\t\t<\/div>\n\t\t\n\t\t<a class=\"elementor-post__read-more\" href=\"https:\/\/www.kinderkarate.at\/ItokaiALT\/guertelpruefung-karatekids-juni-2019\/\" aria-label=\"Read more about G\u00fcrtelpr\u00fcfung Karatekids Juni 2019\" tabindex=\"-1\" >\n\t\t\tWeiterlesen\t\t<\/a>\n\n\t\t\t\t<\/div>\n\t\t\t\t<\/article>\n\t\t\t\t<article class=\"elementor-post elementor-grid-item post-10185 post type-post status-publish format-standard has-post-thumbnail hentry category-itokai-archiv-2019 category-news\">\n\t\t\t\t<a class=\"elementor-post__thumbnail__link\" href=\"https:\/\/www.kinderkarate.at\/ItokaiALT\/erste-hilfe-kurs-2019\/\" tabindex=\"-1\" >\n\t\t\t<div class=\"elementor-post__thumbnail\"><img loading=\"lazy\" decoding=\"async\" width=\"800\" height=\"600\" src=\"https:\/\/www.kinderkarate.at\/ItokaiALT\/wp-content\/uploads\/2019\/06\/2019_06_15-Erste_Hilfe2-1024x768.jpg\" class=\"attachment-large size-large wp-image-10180\" alt=\"\" srcset=\"https:\/\/www.kinderkarate.at\/ItokaiALT\/wp-content\/uploads\/2019\/06\/2019_06_15-Erste_Hilfe2.jpg 1024w, https:\/\/www.kinderkarate.at\/ItokaiALT\/wp-content\/uploads\/2019\/06\/2019_06_15-Erste_Hilfe2-600x450.jpg 600w, https:\/\/www.kinderkarate.at\/ItokaiALT\/wp-content\/uploads\/2019\/06\/2019_06_15-Erste_Hilfe2-300x225.jpg 300w, https:\/\/www.kinderkarate.at\/ItokaiALT\/wp-content\/uploads\/2019\/06\/2019_06_15-Erste_Hilfe2-768x576.jpg 768w\" sizes=\"(max-width: 800px) 100vw, 800px\" \/><\/div>\n\t\t<\/a>\n\t\t\t\t<div class=\"elementor-post__text\">\n\t\t\t\t<h3 class=\"elementor-post__title\">\n\t\t\t<a href=\"https:\/\/www.kinderkarate.at\/ItokaiALT\/erste-hilfe-kurs-2019\/\" >\n\t\t\t\tErste Hilfe Kurs 2019\t\t\t<\/a>\n\t\t<\/h3>\n\t\t\t\t<div class=\"elementor-post__meta-data\">\n\t\t\t\t\t<span class=\"elementor-post-date\">\n\t\t\t15. Juni 2019\t\t<\/span>\n\t\t\t\t<\/div>\n\t\t\n\t\t<a class=\"elementor-post__read-more\" href=\"https:\/\/www.kinderkarate.at\/ItokaiALT\/erste-hilfe-kurs-2019\/\" aria-label=\"Read more about Erste Hilfe Kurs 2019\" tabindex=\"-1\" >\n\t\t\tWeiterlesen\t\t<\/a>\n\n\t\t\t\t<\/div>\n\t\t\t\t<\/article>\n\t\t\t\t<article class=\"elementor-post elementor-grid-item post-10080 post type-post status-publish format-standard hentry category-itokai-archiv-2019 category-news\">\n\t\t\t\t<div class=\"elementor-post__text\">\n\t\t\t\t<h3 class=\"elementor-post__title\">\n\t\t\t<a href=\"https:\/\/www.kinderkarate.at\/ItokaiALT\/karate-kids-camp-2019\/\" >\n\t\t\t\tKarate Kids Camp 2019\t\t\t<\/a>\n\t\t<\/h3>\n\t\t\t\t<div class=\"elementor-post__meta-data\">\n\t\t\t\t\t<span class=\"elementor-post-date\">\n\t\t\t11. Juni 2019\t\t<\/span>\n\t\t\t\t<\/div>\n\t\t\n\t\t<a class=\"elementor-post__read-more\" href=\"https:\/\/www.kinderkarate.at\/ItokaiALT\/karate-kids-camp-2019\/\" aria-label=\"Read more about Karate Kids Camp 2019\" tabindex=\"-1\" >\n\t\t\tWeiterlesen\t\t<\/a>\n\n\t\t\t\t<\/div>\n\t\t\t\t<\/article>\n\t\t\t\t<article class=\"elementor-post elementor-grid-item post-9871 post type-post status-publish format-standard has-post-thumbnail hentry category-itokai-archiv-2019 category-news\">\n\t\t\t\t<a class=\"elementor-post__thumbnail__link\" href=\"https:\/\/www.kinderkarate.at\/ItokaiALT\/kampfkunst-sommercamp-2019\/\" tabindex=\"-1\" >\n\t\t\t<div class=\"elementor-post__thumbnail\"><img loading=\"lazy\" decoding=\"async\" width=\"800\" height=\"533\" src=\"https:\/\/www.kinderkarate.at\/ItokaiALT\/wp-content\/uploads\/2019\/05\/2019_05_17-19-Kampfkunst-Sommercamp-FotoTriebenbacherC-122-1024x682.jpg\" class=\"attachment-large size-large wp-image-9873\" alt=\"\" srcset=\"https:\/\/www.kinderkarate.at\/ItokaiALT\/wp-content\/uploads\/2019\/05\/2019_05_17-19-Kampfkunst-Sommercamp-FotoTriebenbacherC-122.jpg 1024w, https:\/\/www.kinderkarate.at\/ItokaiALT\/wp-content\/uploads\/2019\/05\/2019_05_17-19-Kampfkunst-Sommercamp-FotoTriebenbacherC-122-600x400.jpg 600w, https:\/\/www.kinderkarate.at\/ItokaiALT\/wp-content\/uploads\/2019\/05\/2019_05_17-19-Kampfkunst-Sommercamp-FotoTriebenbacherC-122-300x200.jpg 300w, https:\/\/www.kinderkarate.at\/ItokaiALT\/wp-content\/uploads\/2019\/05\/2019_05_17-19-Kampfkunst-Sommercamp-FotoTriebenbacherC-122-768x512.jpg 768w\" sizes=\"(max-width: 800px) 100vw, 800px\" \/><\/div>\n\t\t<\/a>\n\t\t\t\t<div class=\"elementor-post__text\">\n\t\t\t\t<h3 class=\"elementor-post__title\">\n\t\t\t<a href=\"https:\/\/www.kinderkarate.at\/ItokaiALT\/kampfkunst-sommercamp-2019\/\" >\n\t\t\t\tKampfkunst Sommercamp 2019\t\t\t<\/a>\n\t\t<\/h3>\n\t\t\t\t<div class=\"elementor-post__meta-data\">\n\t\t\t\t\t<span class=\"elementor-post-date\">\n\t\t\t19. Mai 2019\t\t<\/span>\n\t\t\t\t<\/div>\n\t\t\n\t\t<a class=\"elementor-post__read-more\" href=\"https:\/\/www.kinderkarate.at\/ItokaiALT\/kampfkunst-sommercamp-2019\/\" aria-label=\"Read more about Kampfkunst Sommercamp 2019\" tabindex=\"-1\" >\n\t\t\tWeiterlesen\t\t<\/a>\n\n\t\t\t\t<\/div>\n\t\t\t\t<\/article>\n\t\t\t\t<article class=\"elementor-post elementor-grid-item post-9803 post type-post status-publish format-standard has-post-thumbnail hentry category-itokai-archiv-2019 category-news\">\n\t\t\t\t<a class=\"elementor-post__thumbnail__link\" href=\"https:\/\/www.kinderkarate.at\/ItokaiALT\/weisse-einkaufsnacht-in-neulengbach-2019\/\" tabindex=\"-1\" >\n\t\t\t<div class=\"elementor-post__thumbnail\"><img loading=\"lazy\" decoding=\"async\" width=\"800\" height=\"800\" src=\"https:\/\/www.kinderkarate.at\/ItokaiALT\/wp-content\/uploads\/2019\/05\/59952726_1438248249664176_662971525472714752_n.jpg\" class=\"attachment-large size-large wp-image-9808\" alt=\"\" srcset=\"https:\/\/www.kinderkarate.at\/ItokaiALT\/wp-content\/uploads\/2019\/05\/59952726_1438248249664176_662971525472714752_n.jpg 960w, https:\/\/www.kinderkarate.at\/ItokaiALT\/wp-content\/uploads\/2019\/05\/59952726_1438248249664176_662971525472714752_n-300x300.jpg 300w, https:\/\/www.kinderkarate.at\/ItokaiALT\/wp-content\/uploads\/2019\/05\/59952726_1438248249664176_662971525472714752_n-100x100.jpg 100w, https:\/\/www.kinderkarate.at\/ItokaiALT\/wp-content\/uploads\/2019\/05\/59952726_1438248249664176_662971525472714752_n-600x600.jpg 600w, https:\/\/www.kinderkarate.at\/ItokaiALT\/wp-content\/uploads\/2019\/05\/59952726_1438248249664176_662971525472714752_n-150x150.jpg 150w, https:\/\/www.kinderkarate.at\/ItokaiALT\/wp-content\/uploads\/2019\/05\/59952726_1438248249664176_662971525472714752_n-768x768.jpg 768w\" sizes=\"(max-width: 800px) 100vw, 800px\" \/><\/div>\n\t\t<\/a>\n\t\t\t\t<div class=\"elementor-post__text\">\n\t\t\t\t<h3 class=\"elementor-post__title\">\n\t\t\t<a href=\"https:\/\/www.kinderkarate.at\/ItokaiALT\/weisse-einkaufsnacht-in-neulengbach-2019\/\" >\n\t\t\t\tWei\u00dfe Einkaufsnacht in Neulengbach 2019\t\t\t<\/a>\n\t\t<\/h3>\n\t\t\t\t<div class=\"elementor-post__meta-data\">\n\t\t\t\t\t<span class=\"elementor-post-date\">\n\t\t\t11. Mai 2019\t\t<\/span>\n\t\t\t\t<\/div>\n\t\t\n\t\t<a class=\"elementor-post__read-more\" href=\"https:\/\/www.kinderkarate.at\/ItokaiALT\/weisse-einkaufsnacht-in-neulengbach-2019\/\" aria-label=\"Read more about Wei\u00dfe Einkaufsnacht in Neulengbach 2019\" tabindex=\"-1\" >\n\t\t\tWeiterlesen\t\t<\/a>\n\n\t\t\t\t<\/div>\n\t\t\t\t<\/article>\n\t\t\t\t<article class=\"elementor-post elementor-grid-item post-9781 post type-post status-publish format-standard has-post-thumbnail hentry category-itokai-archiv-2019 category-news\">\n\t\t\t\t<a class=\"elementor-post__thumbnail__link\" href=\"https:\/\/www.kinderkarate.at\/ItokaiALT\/schwarzgurt-fokus-bei-itokai-karate\/\" tabindex=\"-1\" >\n\t\t\t<div class=\"elementor-post__thumbnail\"><img loading=\"lazy\" decoding=\"async\" width=\"800\" height=\"800\" src=\"https:\/\/www.kinderkarate.at\/ItokaiALT\/wp-content\/uploads\/2019\/05\/59719098_1437187043103630_6606290662008553472_n.jpg\" class=\"attachment-large size-large wp-image-9780\" alt=\"\" srcset=\"https:\/\/www.kinderkarate.at\/ItokaiALT\/wp-content\/uploads\/2019\/05\/59719098_1437187043103630_6606290662008553472_n.jpg 960w, https:\/\/www.kinderkarate.at\/ItokaiALT\/wp-content\/uploads\/2019\/05\/59719098_1437187043103630_6606290662008553472_n-300x300.jpg 300w, https:\/\/www.kinderkarate.at\/ItokaiALT\/wp-content\/uploads\/2019\/05\/59719098_1437187043103630_6606290662008553472_n-100x100.jpg 100w, https:\/\/www.kinderkarate.at\/ItokaiALT\/wp-content\/uploads\/2019\/05\/59719098_1437187043103630_6606290662008553472_n-600x600.jpg 600w, https:\/\/www.kinderkarate.at\/ItokaiALT\/wp-content\/uploads\/2019\/05\/59719098_1437187043103630_6606290662008553472_n-150x150.jpg 150w, https:\/\/www.kinderkarate.at\/ItokaiALT\/wp-content\/uploads\/2019\/05\/59719098_1437187043103630_6606290662008553472_n-768x768.jpg 768w\" sizes=\"(max-width: 800px) 100vw, 800px\" \/><\/div>\n\t\t<\/a>\n\t\t\t\t<div class=\"elementor-post__text\">\n\t\t\t\t<h3 class=\"elementor-post__title\">\n\t\t\t<a href=\"https:\/\/www.kinderkarate.at\/ItokaiALT\/schwarzgurt-fokus-bei-itokai-karate\/\" >\n\t\t\t\tSchwarzgurt Fokus bei Itokai Karate\t\t\t<\/a>\n\t\t<\/h3>\n\t\t\t\t<div class=\"elementor-post__meta-data\">\n\t\t\t\t\t<span class=\"elementor-post-date\">\n\t\t\t7. Mai 2019\t\t<\/span>\n\t\t\t\t<\/div>\n\t\t\n\t\t<a class=\"elementor-post__read-more\" href=\"https:\/\/www.kinderkarate.at\/ItokaiALT\/schwarzgurt-fokus-bei-itokai-karate\/\" aria-label=\"Read more about Schwarzgurt Fokus bei Itokai Karate\" tabindex=\"-1\" >\n\t\t\tWeiterlesen\t\t<\/a>\n\n\t\t\t\t<\/div>\n\t\t\t\t<\/article>\n\t\t\t\t<article class=\"elementor-post elementor-grid-item post-9724 post type-post status-publish format-standard has-post-thumbnail hentry category-itokai-archiv-2019 category-news\">\n\t\t\t\t<a class=\"elementor-post__thumbnail__link\" href=\"https:\/\/www.kinderkarate.at\/ItokaiALT\/kampfkunstseminar-fuer-kinder-mit-sensei-daniel-carich-6-dan-karate\/\" tabindex=\"-1\" >\n\t\t\t<div class=\"elementor-post__thumbnail\"><img loading=\"lazy\" decoding=\"async\" width=\"800\" height=\"600\" src=\"https:\/\/www.kinderkarate.at\/ItokaiALT\/wp-content\/uploads\/2019\/04\/IMG_20190427_120724-1024x768.jpg\" class=\"attachment-large size-large wp-image-9722\" alt=\"\" srcset=\"https:\/\/www.kinderkarate.at\/ItokaiALT\/wp-content\/uploads\/2019\/04\/IMG_20190427_120724-1024x768.jpg 1024w, https:\/\/www.kinderkarate.at\/ItokaiALT\/wp-content\/uploads\/2019\/04\/IMG_20190427_120724-600x450.jpg 600w, https:\/\/www.kinderkarate.at\/ItokaiALT\/wp-content\/uploads\/2019\/04\/IMG_20190427_120724-300x225.jpg 300w, https:\/\/www.kinderkarate.at\/ItokaiALT\/wp-content\/uploads\/2019\/04\/IMG_20190427_120724-768x576.jpg 768w, https:\/\/www.kinderkarate.at\/ItokaiALT\/wp-content\/uploads\/2019\/04\/IMG_20190427_120724.jpg 1280w\" sizes=\"(max-width: 800px) 100vw, 800px\" \/><\/div>\n\t\t<\/a>\n\t\t\t\t<div class=\"elementor-post__text\">\n\t\t\t\t<h3 class=\"elementor-post__title\">\n\t\t\t<a href=\"https:\/\/www.kinderkarate.at\/ItokaiALT\/kampfkunstseminar-fuer-kinder-mit-sensei-daniel-carich-6-dan-karate\/\" >\n\t\t\t\tKampfkunstseminar f\u00fcr Kinder mit Sensei Daniel Carich (6. dan Karate)\t\t\t<\/a>\n\t\t<\/h3>\n\t\t\t\t<div class=\"elementor-post__meta-data\">\n\t\t\t\t\t<span class=\"elementor-post-date\">\n\t\t\t27. April 2019\t\t<\/span>\n\t\t\t\t<\/div>\n\t\t\n\t\t<a class=\"elementor-post__read-more\" href=\"https:\/\/www.kinderkarate.at\/ItokaiALT\/kampfkunstseminar-fuer-kinder-mit-sensei-daniel-carich-6-dan-karate\/\" aria-label=\"Read more about Kampfkunstseminar f\u00fcr Kinder mit Sensei Daniel Carich (6. dan Karate)\" tabindex=\"-1\" >\n\t\t\tWeiterlesen\t\t<\/a>\n\n\t\t\t\t<\/div>\n\t\t\t\t<\/article>\n\t\t\t\t<article class=\"elementor-post elementor-grid-item post-9734 post type-post status-publish format-standard has-post-thumbnail hentry category-itokai-archiv-2019 category-news\">\n\t\t\t\t<a class=\"elementor-post__thumbnail__link\" href=\"https:\/\/www.kinderkarate.at\/ItokaiALT\/kampfkunstseminar-fuer-kinder-mit-sensei-daniel-carich-6-dan-karate-2\/\" tabindex=\"-1\" >\n\t\t\t<div class=\"elementor-post__thumbnail\"><img loading=\"lazy\" decoding=\"async\" width=\"800\" height=\"600\" src=\"https:\/\/www.kinderkarate.at\/ItokaiALT\/wp-content\/uploads\/2019\/04\/IMG_20190427_101240-1024x768.jpg\" class=\"attachment-large size-large wp-image-9733\" alt=\"\" srcset=\"https:\/\/www.kinderkarate.at\/ItokaiALT\/wp-content\/uploads\/2019\/04\/IMG_20190427_101240-1024x768.jpg 1024w, https:\/\/www.kinderkarate.at\/ItokaiALT\/wp-content\/uploads\/2019\/04\/IMG_20190427_101240-600x450.jpg 600w, https:\/\/www.kinderkarate.at\/ItokaiALT\/wp-content\/uploads\/2019\/04\/IMG_20190427_101240-300x225.jpg 300w, https:\/\/www.kinderkarate.at\/ItokaiALT\/wp-content\/uploads\/2019\/04\/IMG_20190427_101240-768x576.jpg 768w, https:\/\/www.kinderkarate.at\/ItokaiALT\/wp-content\/uploads\/2019\/04\/IMG_20190427_101240.jpg 1280w\" sizes=\"(max-width: 800px) 100vw, 800px\" \/><\/div>\n\t\t<\/a>\n\t\t\t\t<div class=\"elementor-post__text\">\n\t\t\t\t<h3 class=\"elementor-post__title\">\n\t\t\t<a href=\"https:\/\/www.kinderkarate.at\/ItokaiALT\/kampfkunstseminar-fuer-kinder-mit-sensei-daniel-carich-6-dan-karate-2\/\" >\n\t\t\t\tKampfkunstseminar f\u00fcr Erwachsene mit Sensei Daniel Carich (6. dan Karate)\t\t\t<\/a>\n\t\t<\/h3>\n\t\t\t\t<div class=\"elementor-post__meta-data\">\n\t\t\t\t\t<span class=\"elementor-post-date\">\n\t\t\t26. April 2019\t\t<\/span>\n\t\t\t\t<\/div>\n\t\t\n\t\t<a class=\"elementor-post__read-more\" href=\"https:\/\/www.kinderkarate.at\/ItokaiALT\/kampfkunstseminar-fuer-kinder-mit-sensei-daniel-carich-6-dan-karate-2\/\" aria-label=\"Read more about Kampfkunstseminar f\u00fcr Erwachsene mit Sensei Daniel Carich (6. dan Karate)\" tabindex=\"-1\" >\n\t\t\tWeiterlesen\t\t<\/a>\n\n\t\t\t\t<\/div>\n\t\t\t\t<\/article>\n\t\t\t\t<article class=\"elementor-post elementor-grid-item post-9784 post type-post status-publish format-standard has-post-thumbnail hentry category-itokai-archiv-2019 category-news\">\n\t\t\t\t<a class=\"elementor-post__thumbnail__link\" href=\"https:\/\/www.kinderkarate.at\/ItokaiALT\/teamwork-makes-the-dream-work\/\" tabindex=\"-1\" >\n\t\t\t<div class=\"elementor-post__thumbnail\"><img loading=\"lazy\" decoding=\"async\" width=\"800\" height=\"600\" src=\"https:\/\/www.kinderkarate.at\/ItokaiALT\/wp-content\/uploads\/2019\/05\/57798887_1426617424160592_5293108500065419264_n.jpg\" class=\"attachment-large size-large wp-image-9785\" alt=\"\" srcset=\"https:\/\/www.kinderkarate.at\/ItokaiALT\/wp-content\/uploads\/2019\/05\/57798887_1426617424160592_5293108500065419264_n.jpg 960w, https:\/\/www.kinderkarate.at\/ItokaiALT\/wp-content\/uploads\/2019\/05\/57798887_1426617424160592_5293108500065419264_n-600x450.jpg 600w, https:\/\/www.kinderkarate.at\/ItokaiALT\/wp-content\/uploads\/2019\/05\/57798887_1426617424160592_5293108500065419264_n-300x225.jpg 300w, https:\/\/www.kinderkarate.at\/ItokaiALT\/wp-content\/uploads\/2019\/05\/57798887_1426617424160592_5293108500065419264_n-768x576.jpg 768w\" sizes=\"(max-width: 800px) 100vw, 800px\" \/><\/div>\n\t\t<\/a>\n\t\t\t\t<div class=\"elementor-post__text\">\n\t\t\t\t<h3 class=\"elementor-post__title\">\n\t\t\t<a href=\"https:\/\/www.kinderkarate.at\/ItokaiALT\/teamwork-makes-the-dream-work\/\" >\n\t\t\t\tteamwork makes the dream work\t\t\t<\/a>\n\t\t<\/h3>\n\t\t\t\t<div class=\"elementor-post__meta-data\">\n\t\t\t\t\t<span class=\"elementor-post-date\">\n\t\t\t23. April 2019\t\t<\/span>\n\t\t\t\t<\/div>\n\t\t\n\t\t<a class=\"elementor-post__read-more\" href=\"https:\/\/www.kinderkarate.at\/ItokaiALT\/teamwork-makes-the-dream-work\/\" aria-label=\"Read more about teamwork makes the dream work\" tabindex=\"-1\" >\n\t\t\tWeiterlesen\t\t<\/a>\n\n\t\t\t\t<\/div>\n\t\t\t\t<\/article>\n\t\t\t\t<article class=\"elementor-post elementor-grid-item post-9410 post type-post status-publish format-standard has-post-thumbnail hentry category-itokai-archiv-2019 category-news\">\n\t\t\t\t<a class=\"elementor-post__thumbnail__link\" href=\"https:\/\/www.kinderkarate.at\/ItokaiALT\/award-of-excellence-2019-03\/\" tabindex=\"-1\" >\n\t\t\t<div class=\"elementor-post__thumbnail\"><img loading=\"lazy\" decoding=\"async\" width=\"800\" height=\"600\" src=\"https:\/\/www.kinderkarate.at\/ItokaiALT\/wp-content\/uploads\/2019\/03\/2019_03-Award-of-Excellence-2-1024x768.jpg\" class=\"attachment-large size-large wp-image-9408\" alt=\"\" srcset=\"https:\/\/www.kinderkarate.at\/ItokaiALT\/wp-content\/uploads\/2019\/03\/2019_03-Award-of-Excellence-2-1024x768.jpg 1024w, https:\/\/www.kinderkarate.at\/ItokaiALT\/wp-content\/uploads\/2019\/03\/2019_03-Award-of-Excellence-2-600x450.jpg 600w, https:\/\/www.kinderkarate.at\/ItokaiALT\/wp-content\/uploads\/2019\/03\/2019_03-Award-of-Excellence-2-300x225.jpg 300w, https:\/\/www.kinderkarate.at\/ItokaiALT\/wp-content\/uploads\/2019\/03\/2019_03-Award-of-Excellence-2-768x576.jpg 768w, https:\/\/www.kinderkarate.at\/ItokaiALT\/wp-content\/uploads\/2019\/03\/2019_03-Award-of-Excellence-2.jpg 1280w\" sizes=\"(max-width: 800px) 100vw, 800px\" \/><\/div>\n\t\t<\/a>\n\t\t\t\t<div class=\"elementor-post__text\">\n\t\t\t\t<h3 class=\"elementor-post__title\">\n\t\t\t<a href=\"https:\/\/www.kinderkarate.at\/ItokaiALT\/award-of-excellence-2019-03\/\" >\n\t\t\t\tAward of Excellence 2019-03\t\t\t<\/a>\n\t\t<\/h3>\n\t\t\t\t<div class=\"elementor-post__meta-data\">\n\t\t\t\t\t<span class=\"elementor-post-date\">\n\t\t\t30. M\u00e4rz 2019\t\t<\/span>\n\t\t\t\t<\/div>\n\t\t\n\t\t<a class=\"elementor-post__read-more\" href=\"https:\/\/www.kinderkarate.at\/ItokaiALT\/award-of-excellence-2019-03\/\" aria-label=\"Read more about Award of Excellence 2019-03\" tabindex=\"-1\" >\n\t\t\tWeiterlesen\t\t<\/a>\n\n\t\t\t\t<\/div>\n\t\t\t\t<\/article>\n\t\t\t\t<article class=\"elementor-post elementor-grid-item post-9405 post type-post status-publish format-standard has-post-thumbnail hentry category-itokai-archiv-2019 category-news\">\n\t\t\t\t<a class=\"elementor-post__thumbnail__link\" href=\"https:\/\/www.kinderkarate.at\/ItokaiALT\/schwarzgurtpruefung-kickboxen-2019-03\/\" tabindex=\"-1\" >\n\t\t\t<div class=\"elementor-post__thumbnail\"><img loading=\"lazy\" decoding=\"async\" width=\"800\" height=\"600\" src=\"https:\/\/www.kinderkarate.at\/ItokaiALT\/wp-content\/uploads\/2019\/03\/2019_03-Danpr\u00fcfung-Kickboxen-1-1024x768.jpg\" class=\"attachment-large size-large wp-image-9402\" alt=\"\" srcset=\"https:\/\/www.kinderkarate.at\/ItokaiALT\/wp-content\/uploads\/2019\/03\/2019_03-Danpr\u00fcfung-Kickboxen-1-1024x768.jpg 1024w, https:\/\/www.kinderkarate.at\/ItokaiALT\/wp-content\/uploads\/2019\/03\/2019_03-Danpr\u00fcfung-Kickboxen-1-600x450.jpg 600w, https:\/\/www.kinderkarate.at\/ItokaiALT\/wp-content\/uploads\/2019\/03\/2019_03-Danpr\u00fcfung-Kickboxen-1-300x225.jpg 300w, https:\/\/www.kinderkarate.at\/ItokaiALT\/wp-content\/uploads\/2019\/03\/2019_03-Danpr\u00fcfung-Kickboxen-1-768x576.jpg 768w, https:\/\/www.kinderkarate.at\/ItokaiALT\/wp-content\/uploads\/2019\/03\/2019_03-Danpr\u00fcfung-Kickboxen-1.jpg 1280w\" sizes=\"(max-width: 800px) 100vw, 800px\" \/><\/div>\n\t\t<\/a>\n\t\t\t\t<div class=\"elementor-post__text\">\n\t\t\t\t<h3 class=\"elementor-post__title\">\n\t\t\t<a href=\"https:\/\/www.kinderkarate.at\/ItokaiALT\/schwarzgurtpruefung-kickboxen-2019-03\/\" >\n\t\t\t\tSchwarzgurtpr\u00fcfung Kickboxen 2019-03\t\t\t<\/a>\n\t\t<\/h3>\n\t\t\t\t<div class=\"elementor-post__meta-data\">\n\t\t\t\t\t<span class=\"elementor-post-date\">\n\t\t\t27. M\u00e4rz 2019\t\t<\/span>\n\t\t\t\t<\/div>\n\t\t\n\t\t<a class=\"elementor-post__read-more\" href=\"https:\/\/www.kinderkarate.at\/ItokaiALT\/schwarzgurtpruefung-kickboxen-2019-03\/\" aria-label=\"Read more about Schwarzgurtpr\u00fcfung Kickboxen 2019-03\" tabindex=\"-1\" >\n\t\t\tWeiterlesen\t\t<\/a>\n\n\t\t\t\t<\/div>\n\t\t\t\t<\/article>\n\t\t\t\t<article class=\"elementor-post elementor-grid-item post-9398 post type-post status-publish format-standard has-post-thumbnail hentry category-itokai-archiv-2019 category-news\">\n\t\t\t\t<a class=\"elementor-post__thumbnail__link\" href=\"https:\/\/www.kinderkarate.at\/ItokaiALT\/kampfkunstseminar-mit-sensei-fred-depalma-kyoshi-9-dan\/\" tabindex=\"-1\" >\n\t\t\t<div class=\"elementor-post__thumbnail\"><img loading=\"lazy\" decoding=\"async\" width=\"800\" height=\"600\" src=\"https:\/\/www.kinderkarate.at\/ItokaiALT\/wp-content\/uploads\/2019\/03\/2019_03-Training-mit-Sensei-DePalma-1-1024x768.jpg\" class=\"attachment-large size-large wp-image-9382\" alt=\"\" srcset=\"https:\/\/www.kinderkarate.at\/ItokaiALT\/wp-content\/uploads\/2019\/03\/2019_03-Training-mit-Sensei-DePalma-1-1024x768.jpg 1024w, https:\/\/www.kinderkarate.at\/ItokaiALT\/wp-content\/uploads\/2019\/03\/2019_03-Training-mit-Sensei-DePalma-1-600x450.jpg 600w, https:\/\/www.kinderkarate.at\/ItokaiALT\/wp-content\/uploads\/2019\/03\/2019_03-Training-mit-Sensei-DePalma-1-300x225.jpg 300w, https:\/\/www.kinderkarate.at\/ItokaiALT\/wp-content\/uploads\/2019\/03\/2019_03-Training-mit-Sensei-DePalma-1-768x576.jpg 768w, https:\/\/www.kinderkarate.at\/ItokaiALT\/wp-content\/uploads\/2019\/03\/2019_03-Training-mit-Sensei-DePalma-1.jpg 1280w\" sizes=\"(max-width: 800px) 100vw, 800px\" \/><\/div>\n\t\t<\/a>\n\t\t\t\t<div class=\"elementor-post__text\">\n\t\t\t\t<h3 class=\"elementor-post__title\">\n\t\t\t<a href=\"https:\/\/www.kinderkarate.at\/ItokaiALT\/kampfkunstseminar-mit-sensei-fred-depalma-kyoshi-9-dan\/\" >\n\t\t\t\tKampfkunstseminar mit Sensei Fred DePalma Kyoshi 9.dan\t\t\t<\/a>\n\t\t<\/h3>\n\t\t\t\t<div class=\"elementor-post__meta-data\">\n\t\t\t\t\t<span class=\"elementor-post-date\">\n\t\t\t16. M\u00e4rz 2019\t\t<\/span>\n\t\t\t\t<\/div>\n\t\t\n\t\t<a class=\"elementor-post__read-more\" href=\"https:\/\/www.kinderkarate.at\/ItokaiALT\/kampfkunstseminar-mit-sensei-fred-depalma-kyoshi-9-dan\/\" aria-label=\"Read more about Kampfkunstseminar mit Sensei Fred DePalma Kyoshi 9.dan\" tabindex=\"-1\" >\n\t\t\tWeiterlesen\t\t<\/a>\n\n\t\t\t\t<\/div>\n\t\t\t\t<\/article>\n\t\t\t\t<article class=\"elementor-post elementor-grid-item post-9288 post type-post status-publish format-standard has-post-thumbnail hentry category-itokai-archiv-2019 category-news\">\n\t\t\t\t<a class=\"elementor-post__thumbnail__link\" href=\"https:\/\/www.kinderkarate.at\/ItokaiALT\/guertelpruefung-spezial-maerz-2019\/\" tabindex=\"-1\" >\n\t\t\t<div class=\"elementor-post__thumbnail\"><img loading=\"lazy\" decoding=\"async\" width=\"800\" height=\"600\" src=\"https:\/\/www.kinderkarate.at\/ItokaiALT\/wp-content\/uploads\/2019\/03\/2019_03-Braun-und-Braun-Schwarzgurtpr\u00fcfung-16-1024x768.jpg\" class=\"attachment-large size-large wp-image-9272\" alt=\"\" srcset=\"https:\/\/www.kinderkarate.at\/ItokaiALT\/wp-content\/uploads\/2019\/03\/2019_03-Braun-und-Braun-Schwarzgurtpr\u00fcfung-16-1024x768.jpg 1024w, https:\/\/www.kinderkarate.at\/ItokaiALT\/wp-content\/uploads\/2019\/03\/2019_03-Braun-und-Braun-Schwarzgurtpr\u00fcfung-16-600x450.jpg 600w, https:\/\/www.kinderkarate.at\/ItokaiALT\/wp-content\/uploads\/2019\/03\/2019_03-Braun-und-Braun-Schwarzgurtpr\u00fcfung-16-300x225.jpg 300w, https:\/\/www.kinderkarate.at\/ItokaiALT\/wp-content\/uploads\/2019\/03\/2019_03-Braun-und-Braun-Schwarzgurtpr\u00fcfung-16-768x576.jpg 768w, https:\/\/www.kinderkarate.at\/ItokaiALT\/wp-content\/uploads\/2019\/03\/2019_03-Braun-und-Braun-Schwarzgurtpr\u00fcfung-16.jpg 1280w\" sizes=\"(max-width: 800px) 100vw, 800px\" \/><\/div>\n\t\t<\/a>\n\t\t\t\t<div class=\"elementor-post__text\">\n\t\t\t\t<h3 class=\"elementor-post__title\">\n\t\t\t<a href=\"https:\/\/www.kinderkarate.at\/ItokaiALT\/guertelpruefung-spezial-maerz-2019\/\" >\n\t\t\t\tG\u00fcrtelpr\u00fcfung Spezial M\u00e4rz 2019\t\t\t<\/a>\n\t\t<\/h3>\n\t\t\t\t<div class=\"elementor-post__meta-data\">\n\t\t\t\t\t<span class=\"elementor-post-date\">\n\t\t\t9. M\u00e4rz 2019\t\t<\/span>\n\t\t\t\t<\/div>\n\t\t\n\t\t<a class=\"elementor-post__read-more\" href=\"https:\/\/www.kinderkarate.at\/ItokaiALT\/guertelpruefung-spezial-maerz-2019\/\" aria-label=\"Read more about G\u00fcrtelpr\u00fcfung Spezial M\u00e4rz 2019\" tabindex=\"-1\" >\n\t\t\tWeiterlesen\t\t<\/a>\n\n\t\t\t\t<\/div>\n\t\t\t\t<\/article>\n\t\t\t\t<article class=\"elementor-post elementor-grid-item post-9200 post type-post status-publish format-standard has-post-thumbnail hentry category-itokai-archiv-2019 category-news\">\n\t\t\t\t<a class=\"elementor-post__thumbnail__link\" href=\"https:\/\/www.kinderkarate.at\/ItokaiALT\/guertelpruefung-erwachsene-maerz-2019\/\" tabindex=\"-1\" >\n\t\t\t<div class=\"elementor-post__thumbnail\"><img loading=\"lazy\" decoding=\"async\" width=\"800\" height=\"600\" src=\"https:\/\/www.kinderkarate.at\/ItokaiALT\/wp-content\/uploads\/2019\/03\/2019_03-G\u00fcrtelpr\u00fcfung-Karate-Erwachsene-5-1024x768.jpg\" class=\"attachment-large size-large wp-image-9190\" alt=\"\" srcset=\"https:\/\/www.kinderkarate.at\/ItokaiALT\/wp-content\/uploads\/2019\/03\/2019_03-G\u00fcrtelpr\u00fcfung-Karate-Erwachsene-5-1024x768.jpg 1024w, https:\/\/www.kinderkarate.at\/ItokaiALT\/wp-content\/uploads\/2019\/03\/2019_03-G\u00fcrtelpr\u00fcfung-Karate-Erwachsene-5-600x450.jpg 600w, https:\/\/www.kinderkarate.at\/ItokaiALT\/wp-content\/uploads\/2019\/03\/2019_03-G\u00fcrtelpr\u00fcfung-Karate-Erwachsene-5-300x225.jpg 300w, https:\/\/www.kinderkarate.at\/ItokaiALT\/wp-content\/uploads\/2019\/03\/2019_03-G\u00fcrtelpr\u00fcfung-Karate-Erwachsene-5-768x576.jpg 768w, https:\/\/www.kinderkarate.at\/ItokaiALT\/wp-content\/uploads\/2019\/03\/2019_03-G\u00fcrtelpr\u00fcfung-Karate-Erwachsene-5.jpg 1280w\" sizes=\"(max-width: 800px) 100vw, 800px\" \/><\/div>\n\t\t<\/a>\n\t\t\t\t<div class=\"elementor-post__text\">\n\t\t\t\t<h3 class=\"elementor-post__title\">\n\t\t\t<a href=\"https:\/\/www.kinderkarate.at\/ItokaiALT\/guertelpruefung-erwachsene-maerz-2019\/\" >\n\t\t\t\tG\u00fcrtelpr\u00fcfung Erwachsene M\u00e4rz 2019\t\t\t<\/a>\n\t\t<\/h3>\n\t\t\t\t<div class=\"elementor-post__meta-data\">\n\t\t\t\t\t<span class=\"elementor-post-date\">\n\t\t\t9. M\u00e4rz 2019\t\t<\/span>\n\t\t\t\t<\/div>\n\t\t\n\t\t<a class=\"elementor-post__read-more\" href=\"https:\/\/www.kinderkarate.at\/ItokaiALT\/guertelpruefung-erwachsene-maerz-2019\/\" aria-label=\"Read more about G\u00fcrtelpr\u00fcfung Erwachsene M\u00e4rz 2019\" tabindex=\"-1\" >\n\t\t\tWeiterlesen\t\t<\/a>\n\n\t\t\t\t<\/div>\n\t\t\t\t<\/article>\n\t\t\t\t<article class=\"elementor-post elementor-grid-item post-9203 post type-post status-publish format-standard has-post-thumbnail hentry category-itokai-archiv-2019 category-news\">\n\t\t\t\t<a class=\"elementor-post__thumbnail__link\" href=\"https:\/\/www.kinderkarate.at\/ItokaiALT\/guertelpruefung-kinder-maerz-2019\/\" tabindex=\"-1\" >\n\t\t\t<div class=\"elementor-post__thumbnail\"><img loading=\"lazy\" decoding=\"async\" width=\"800\" height=\"600\" src=\"https:\/\/www.kinderkarate.at\/ItokaiALT\/wp-content\/uploads\/2019\/03\/2019_03-G\u00fcrtelpr\u00fcfung-Karatekids-Tulln-3-1024x768.jpg\" class=\"attachment-large size-large wp-image-9208\" alt=\"\" srcset=\"https:\/\/www.kinderkarate.at\/ItokaiALT\/wp-content\/uploads\/2019\/03\/2019_03-G\u00fcrtelpr\u00fcfung-Karatekids-Tulln-3-1024x768.jpg 1024w, https:\/\/www.kinderkarate.at\/ItokaiALT\/wp-content\/uploads\/2019\/03\/2019_03-G\u00fcrtelpr\u00fcfung-Karatekids-Tulln-3-600x450.jpg 600w, https:\/\/www.kinderkarate.at\/ItokaiALT\/wp-content\/uploads\/2019\/03\/2019_03-G\u00fcrtelpr\u00fcfung-Karatekids-Tulln-3-300x225.jpg 300w, https:\/\/www.kinderkarate.at\/ItokaiALT\/wp-content\/uploads\/2019\/03\/2019_03-G\u00fcrtelpr\u00fcfung-Karatekids-Tulln-3-768x576.jpg 768w, https:\/\/www.kinderkarate.at\/ItokaiALT\/wp-content\/uploads\/2019\/03\/2019_03-G\u00fcrtelpr\u00fcfung-Karatekids-Tulln-3.jpg 1280w\" sizes=\"(max-width: 800px) 100vw, 800px\" \/><\/div>\n\t\t<\/a>\n\t\t\t\t<div class=\"elementor-post__text\">\n\t\t\t\t<h3 class=\"elementor-post__title\">\n\t\t\t<a href=\"https:\/\/www.kinderkarate.at\/ItokaiALT\/guertelpruefung-kinder-maerz-2019\/\" >\n\t\t\t\tG\u00fcrtelpr\u00fcfung Kinder M\u00e4rz 2019\t\t\t<\/a>\n\t\t<\/h3>\n\t\t\t\t<div class=\"elementor-post__meta-data\">\n\t\t\t\t\t<span class=\"elementor-post-date\">\n\t\t\t9. M\u00e4rz 2019\t\t<\/span>\n\t\t\t\t<\/div>\n\t\t\n\t\t<a class=\"elementor-post__read-more\" href=\"https:\/\/www.kinderkarate.at\/ItokaiALT\/guertelpruefung-kinder-maerz-2019\/\" aria-label=\"Read more about G\u00fcrtelpr\u00fcfung Kinder M\u00e4rz 2019\" tabindex=\"-1\" >\n\t\t\tWeiterlesen\t\t<\/a>\n\n\t\t\t\t<\/div>\n\t\t\t\t<\/article>\n\t\t\t\t<article class=\"elementor-post elementor-grid-item post-9040 post type-post status-publish format-standard has-post-thumbnail hentry category-itokai-archiv-2019 category-news\">\n\t\t\t\t<a class=\"elementor-post__thumbnail__link\" href=\"https:\/\/www.kinderkarate.at\/ItokaiALT\/kinderkarate-mit-ito\/\" tabindex=\"-1\" >\n\t\t\t<div class=\"elementor-post__thumbnail\"><img loading=\"lazy\" decoding=\"async\" width=\"800\" height=\"800\" src=\"https:\/\/www.kinderkarate.at\/ItokaiALT\/wp-content\/uploads\/2019\/03\/itoasparn.jpg\" class=\"attachment-large size-large wp-image-9041\" alt=\"\" srcset=\"https:\/\/www.kinderkarate.at\/ItokaiALT\/wp-content\/uploads\/2019\/03\/itoasparn.jpg 960w, https:\/\/www.kinderkarate.at\/ItokaiALT\/wp-content\/uploads\/2019\/03\/itoasparn-300x300.jpg 300w, https:\/\/www.kinderkarate.at\/ItokaiALT\/wp-content\/uploads\/2019\/03\/itoasparn-100x100.jpg 100w, https:\/\/www.kinderkarate.at\/ItokaiALT\/wp-content\/uploads\/2019\/03\/itoasparn-600x600.jpg 600w, https:\/\/www.kinderkarate.at\/ItokaiALT\/wp-content\/uploads\/2019\/03\/itoasparn-150x150.jpg 150w, https:\/\/www.kinderkarate.at\/ItokaiALT\/wp-content\/uploads\/2019\/03\/itoasparn-768x768.jpg 768w\" sizes=\"(max-width: 800px) 100vw, 800px\" \/><\/div>\n\t\t<\/a>\n\t\t\t\t<div class=\"elementor-post__text\">\n\t\t\t\t<h3 class=\"elementor-post__title\">\n\t\t\t<a href=\"https:\/\/www.kinderkarate.at\/ItokaiALT\/kinderkarate-mit-ito\/\" >\n\t\t\t\tKinderkarate mit Ito\t\t\t<\/a>\n\t\t<\/h3>\n\t\t\t\t<div class=\"elementor-post__meta-data\">\n\t\t\t\t\t<span class=\"elementor-post-date\">\n\t\t\t2. M\u00e4rz 2019\t\t<\/span>\n\t\t\t\t<\/div>\n\t\t\n\t\t<a class=\"elementor-post__read-more\" href=\"https:\/\/www.kinderkarate.at\/ItokaiALT\/kinderkarate-mit-ito\/\" aria-label=\"Read more about Kinderkarate mit Ito\" tabindex=\"-1\" >\n\t\t\tWeiterlesen\t\t<\/a>\n\n\t\t\t\t<\/div>\n\t\t\t\t<\/article>\n\t\t\t\t<article class=\"elementor-post elementor-grid-item post-9036 post type-post status-publish format-standard has-post-thumbnail hentry category-itokai-archiv-2019 category-news\">\n\t\t\t\t<a class=\"elementor-post__thumbnail__link\" href=\"https:\/\/www.kinderkarate.at\/ItokaiALT\/black-belt-focus\/\" tabindex=\"-1\" >\n\t\t\t<div class=\"elementor-post__thumbnail\"><img loading=\"lazy\" decoding=\"async\" width=\"800\" height=\"800\" src=\"https:\/\/www.kinderkarate.at\/ItokaiALT\/wp-content\/uploads\/2019\/03\/blackbeltfokus.jpg\" class=\"attachment-large size-large wp-image-9037\" alt=\"\" srcset=\"https:\/\/www.kinderkarate.at\/ItokaiALT\/wp-content\/uploads\/2019\/03\/blackbeltfokus.jpg 960w, https:\/\/www.kinderkarate.at\/ItokaiALT\/wp-content\/uploads\/2019\/03\/blackbeltfokus-300x300.jpg 300w, https:\/\/www.kinderkarate.at\/ItokaiALT\/wp-content\/uploads\/2019\/03\/blackbeltfokus-100x100.jpg 100w, https:\/\/www.kinderkarate.at\/ItokaiALT\/wp-content\/uploads\/2019\/03\/blackbeltfokus-600x600.jpg 600w, https:\/\/www.kinderkarate.at\/ItokaiALT\/wp-content\/uploads\/2019\/03\/blackbeltfokus-150x150.jpg 150w, https:\/\/www.kinderkarate.at\/ItokaiALT\/wp-content\/uploads\/2019\/03\/blackbeltfokus-768x768.jpg 768w\" sizes=\"(max-width: 800px) 100vw, 800px\" \/><\/div>\n\t\t<\/a>\n\t\t\t\t<div class=\"elementor-post__text\">\n\t\t\t\t<h3 class=\"elementor-post__title\">\n\t\t\t<a href=\"https:\/\/www.kinderkarate.at\/ItokaiALT\/black-belt-focus\/\" >\n\t\t\t\tBlack Belt Focus\t\t\t<\/a>\n\t\t<\/h3>\n\t\t\t\t<div class=\"elementor-post__meta-data\">\n\t\t\t\t\t<span class=\"elementor-post-date\">\n\t\t\t23. Februar 2019\t\t<\/span>\n\t\t\t\t<\/div>\n\t\t\n\t\t<a class=\"elementor-post__read-more\" href=\"https:\/\/www.kinderkarate.at\/ItokaiALT\/black-belt-focus\/\" aria-label=\"Read more about Black Belt Focus\" tabindex=\"-1\" >\n\t\t\tWeiterlesen\t\t<\/a>\n\n\t\t\t\t<\/div>\n\t\t\t\t<\/article>\n\t\t\t\t<\/div>\n\t\t\n\t\t\t\t<\/div>\n\t\t\t\t<\/div>\n\t\t\t\t\t<\/div>\n\t\t<\/div>\n\t\t\t\t\t\t\t<\/div>\n\t\t<\/section>\n\t\t\t\t<section class=\"elementor-section elementor-top-section elementor-element elementor-element-e1bfad6 elementor-hidden-desktop elementor-hidden-tablet elementor-section-boxed elementor-section-height-default elementor-section-height-default\" data-id=\"e1bfad6\" data-element_type=\"section\" data-settings=\"{&quot;_ob_glider_is_slider&quot;:&quot;no&quot;}\">\n\t\t\t\t\t\t<div class=\"elementor-container elementor-column-gap-no\">\n\t\t\t\t\t<div class=\"elementor-column elementor-col-100 elementor-top-column elementor-element elementor-element-cd7b9c1\" data-id=\"cd7b9c1\" data-element_type=\"column\" data-settings=\"{&quot;_ob_column_hoveranimator&quot;:&quot;no&quot;,&quot;_ob_column_has_pseudo&quot;:&quot;no&quot;}\">\n\t\t\t<div class=\"elementor-widget-wrap elementor-element-populated\">\n\t\t\t\t\t\t\t\t<div class=\"elementor-element elementor-element-8b546f4 ob-harakiri-inherit ob-has-background-overlay elementor-widget elementor-widget-heading\" data-id=\"8b546f4\" data-element_type=\"widget\" data-settings=\"{&quot;_ob_use_harakiri&quot;:&quot;yes&quot;,&quot;_ob_harakiri_writing_mode&quot;:&quot;inherit&quot;,&quot;_ob_harakiri_text_clip&quot;:&quot;none&quot;,&quot;_ob_widget_stalker_use&quot;:&quot;no&quot;,&quot;_ob_poopart_use&quot;:&quot;yes&quot;,&quot;_ob_shadough_use&quot;:&quot;no&quot;,&quot;_ob_allow_hoveranimator&quot;:&quot;no&quot;}\" data-widget_type=\"heading.default\">\n\t\t\t\t<div class=\"elementor-widget-container\">\n\t\t\t<h2 class=\"elementor-heading-title elementor-size-default\"><a href=\"https:\/\/www.kinderkarate.at\/ItokaiALT\/archiv-2019\/\">Archiv 2019<\/a><\/h2>\t\t<\/div>\n\t\t\t\t<\/div>\n\t\t\t\t\t<\/div>\n\t\t<\/div>\n\t\t\t\t\t\t\t<\/div>\n\t\t<\/section>\n\t\t\t\t<section class=\"elementor-section elementor-top-section elementor-element elementor-element-b049d99 elementor-hidden-desktop elementor-hidden-tablet elementor-section-boxed elementor-section-height-default elementor-section-height-default\" data-id=\"b049d99\" data-element_type=\"section\" data-settings=\"{&quot;_ob_glider_is_slider&quot;:&quot;no&quot;}\">\n\t\t\t\t\t\t<div class=\"elementor-container elementor-column-gap-default\">\n\t\t\t\t\t<div class=\"elementor-column elementor-col-100 elementor-top-column elementor-element elementor-element-1b690ab\" data-id=\"1b690ab\" data-element_type=\"column\" data-settings=\"{&quot;_ob_column_hoveranimator&quot;:&quot;no&quot;,&quot;_ob_column_has_pseudo&quot;:&quot;no&quot;}\">\n\t\t\t<div class=\"elementor-widget-wrap elementor-element-populated\">\n\t\t\t\t\t\t\t\t<div class=\"elementor-element elementor-element-b0ccb23 elementor-posts--align-left elementor-posts--thumbnail-left elementor-grid-3 elementor-grid-tablet-2 elementor-grid-mobile-1 ob-has-background-overlay elementor-widget elementor-widget-posts\" data-id=\"b0ccb23\" data-element_type=\"widget\" data-settings=\"{&quot;classic_row_gap&quot;:{&quot;unit&quot;:&quot;px&quot;,&quot;size&quot;:10,&quot;sizes&quot;:[]},&quot;classic_columns&quot;:&quot;3&quot;,&quot;classic_columns_tablet&quot;:&quot;2&quot;,&quot;classic_columns_mobile&quot;:&quot;1&quot;,&quot;classic_row_gap_tablet&quot;:{&quot;unit&quot;:&quot;px&quot;,&quot;size&quot;:&quot;&quot;,&quot;sizes&quot;:[]},&quot;classic_row_gap_mobile&quot;:{&quot;unit&quot;:&quot;px&quot;,&quot;size&quot;:&quot;&quot;,&quot;sizes&quot;:[]},&quot;_ob_widget_stalker_use&quot;:&quot;no&quot;,&quot;_ob_poopart_use&quot;:&quot;yes&quot;,&quot;_ob_shadough_use&quot;:&quot;no&quot;,&quot;_ob_allow_hoveranimator&quot;:&quot;no&quot;}\" data-widget_type=\"posts.classic\">\n\t\t\t\t<div class=\"elementor-widget-container\">\n\t\t\t\t\t<div class=\"elementor-posts-container elementor-posts elementor-posts--skin-classic elementor-grid\">\n\t\t\t\t<article class=\"elementor-post elementor-grid-item post-13365 post type-post status-publish format-standard has-post-thumbnail hentry category-itokai-archiv-2019 category-news\">\n\t\t\t\t<a class=\"elementor-post__thumbnail__link\" href=\"https:\/\/www.kinderkarate.at\/ItokaiALT\/itokai-weihnachtsfeier\/\" tabindex=\"-1\" >\n\t\t\t<div class=\"elementor-post__thumbnail\"><img loading=\"lazy\" decoding=\"async\" width=\"1024\" height=\"768\" src=\"https:\/\/www.kinderkarate.at\/ItokaiALT\/wp-content\/uploads\/2019\/12\/2019_12_21-Itokai-Kampfkunstlehrer-Weihnachtsfeier-5.jpg\" class=\"attachment-full size-full wp-image-13369\" alt=\"\" srcset=\"https:\/\/www.kinderkarate.at\/ItokaiALT\/wp-content\/uploads\/2019\/12\/2019_12_21-Itokai-Kampfkunstlehrer-Weihnachtsfeier-5.jpg 1024w, https:\/\/www.kinderkarate.at\/ItokaiALT\/wp-content\/uploads\/2019\/12\/2019_12_21-Itokai-Kampfkunstlehrer-Weihnachtsfeier-5-600x450.jpg 600w, https:\/\/www.kinderkarate.at\/ItokaiALT\/wp-content\/uploads\/2019\/12\/2019_12_21-Itokai-Kampfkunstlehrer-Weihnachtsfeier-5-300x225.jpg 300w, https:\/\/www.kinderkarate.at\/ItokaiALT\/wp-content\/uploads\/2019\/12\/2019_12_21-Itokai-Kampfkunstlehrer-Weihnachtsfeier-5-768x576.jpg 768w\" sizes=\"(max-width: 1024px) 100vw, 1024px\" \/><\/div>\n\t\t<\/a>\n\t\t\t\t<div class=\"elementor-post__text\">\n\t\t\t\t<h3 class=\"elementor-post__title\">\n\t\t\t<a href=\"https:\/\/www.kinderkarate.at\/ItokaiALT\/itokai-weihnachtsfeier\/\" >\n\t\t\t\tItokai Weihnachtsfeier 2019\t\t\t<\/a>\n\t\t<\/h3>\n\t\t\t\t<div class=\"elementor-post__excerpt\">\n\t\t\t<p>Die Weihnachtsfeier des Itokai Kampfkunstlehrerteams<\/p>\n\t\t<\/div>\n\t\t\n\t\t<a class=\"elementor-post__read-more\" href=\"https:\/\/www.kinderkarate.at\/ItokaiALT\/itokai-weihnachtsfeier\/\" aria-label=\"Read more about Itokai Weihnachtsfeier 2019\" tabindex=\"-1\" >\n\t\t\tmehr dazu\t\t<\/a>\n\n\t\t\t\t<\/div>\n\t\t\t\t<\/article>\n\t\t\t\t<article class=\"elementor-post elementor-grid-item post-13641 post type-post status-publish format-standard has-post-thumbnail hentry category-itokai-archiv-2019 category-news\">\n\t\t\t\t<a class=\"elementor-post__thumbnail__link\" href=\"https:\/\/www.kinderkarate.at\/ItokaiALT\/es-ist-gut-gutes-zu-tun\/\" tabindex=\"-1\" >\n\t\t\t<div class=\"elementor-post__thumbnail\"><img loading=\"lazy\" decoding=\"async\" width=\"500\" height=\"500\" src=\"https:\/\/www.kinderkarate.at\/ItokaiALT\/wp-content\/uploads\/2019\/09\/4511.jpg\" class=\"attachment-full size-full wp-image-11421\" alt=\"\" srcset=\"https:\/\/www.kinderkarate.at\/ItokaiALT\/wp-content\/uploads\/2019\/09\/4511.jpg 500w, https:\/\/www.kinderkarate.at\/ItokaiALT\/wp-content\/uploads\/2019\/09\/4511-300x300.jpg 300w, https:\/\/www.kinderkarate.at\/ItokaiALT\/wp-content\/uploads\/2019\/09\/4511-100x100.jpg 100w, https:\/\/www.kinderkarate.at\/ItokaiALT\/wp-content\/uploads\/2019\/09\/4511-150x150.jpg 150w\" sizes=\"(max-width: 500px) 100vw, 500px\" \/><\/div>\n\t\t<\/a>\n\t\t\t\t<div class=\"elementor-post__text\">\n\t\t\t\t<h3 class=\"elementor-post__title\">\n\t\t\t<a href=\"https:\/\/www.kinderkarate.at\/ItokaiALT\/es-ist-gut-gutes-zu-tun\/\" >\n\t\t\t\tES IST GUT, GUTES ZU TUN.\t\t\t<\/a>\n\t\t<\/h3>\n\t\t\t\t<div class=\"elementor-post__excerpt\">\n\t\t\t<p>Daher nehmen wir auch sehr<\/p>\n\t\t<\/div>\n\t\t\n\t\t<a class=\"elementor-post__read-more\" href=\"https:\/\/www.kinderkarate.at\/ItokaiALT\/es-ist-gut-gutes-zu-tun\/\" aria-label=\"Read more about ES IST GUT, GUTES ZU TUN.\" tabindex=\"-1\" >\n\t\t\tmehr dazu\t\t<\/a>\n\n\t\t\t\t<\/div>\n\t\t\t\t<\/article>\n\t\t\t\t<article class=\"elementor-post elementor-grid-item post-13160 post type-post status-publish format-standard has-post-thumbnail hentry category-itokai-archiv-2019 category-news\">\n\t\t\t\t<a class=\"elementor-post__thumbnail__link\" href=\"https:\/\/www.kinderkarate.at\/ItokaiALT\/eine-pruefung-fuer-den-selbstwert\/\" tabindex=\"-1\" >\n\t\t\t<div class=\"elementor-post__thumbnail\"><img loading=\"lazy\" decoding=\"async\" width=\"433\" height=\"768\" src=\"https:\/\/www.kinderkarate.at\/ItokaiALT\/wp-content\/uploads\/2019\/12\/2019_12-Nachbericht-G\u00fcrtelpr\u00fcfung-1.jpg\" class=\"attachment-full size-full wp-image-13182\" alt=\"\" srcset=\"https:\/\/www.kinderkarate.at\/ItokaiALT\/wp-content\/uploads\/2019\/12\/2019_12-Nachbericht-G\u00fcrtelpr\u00fcfung-1.jpg 433w, https:\/\/www.kinderkarate.at\/ItokaiALT\/wp-content\/uploads\/2019\/12\/2019_12-Nachbericht-G\u00fcrtelpr\u00fcfung-1-169x300.jpg 169w\" sizes=\"(max-width: 433px) 100vw, 433px\" \/><\/div>\n\t\t<\/a>\n\t\t\t\t<div class=\"elementor-post__text\">\n\t\t\t\t<h3 class=\"elementor-post__title\">\n\t\t\t<a href=\"https:\/\/www.kinderkarate.at\/ItokaiALT\/eine-pruefung-fuer-den-selbstwert\/\" >\n\t\t\t\tEine Pr\u00fcfung f\u00fcr den Selbstwert\t\t\t<\/a>\n\t\t<\/h3>\n\t\t\t\t<div class=\"elementor-post__excerpt\">\n\t\t\t<p>Unter diesem Titel ist in<\/p>\n\t\t<\/div>\n\t\t\n\t\t<a class=\"elementor-post__read-more\" href=\"https:\/\/www.kinderkarate.at\/ItokaiALT\/eine-pruefung-fuer-den-selbstwert\/\" aria-label=\"Read more about Eine Pr\u00fcfung f\u00fcr den Selbstwert\" tabindex=\"-1\" >\n\t\t\tmehr dazu\t\t<\/a>\n\n\t\t\t\t<\/div>\n\t\t\t\t<\/article>\n\t\t\t\t<article class=\"elementor-post elementor-grid-item post-12990 post type-post status-publish format-standard has-post-thumbnail hentry category-itokai-archiv-2019 category-news\">\n\t\t\t\t<a class=\"elementor-post__thumbnail__link\" href=\"https:\/\/www.kinderkarate.at\/ItokaiALT\/wir-spenden-fuer-rettet-das-kind\/\" tabindex=\"-1\" >\n\t\t\t<div class=\"elementor-post__thumbnail\"><img loading=\"lazy\" decoding=\"async\" width=\"1024\" height=\"578\" src=\"https:\/\/www.kinderkarate.at\/ItokaiALT\/wp-content\/uploads\/2019\/12\/IMG_20191205_214949.jpg\" class=\"attachment-full size-full wp-image-12999\" alt=\"\" srcset=\"https:\/\/www.kinderkarate.at\/ItokaiALT\/wp-content\/uploads\/2019\/12\/IMG_20191205_214949.jpg 1024w, https:\/\/www.kinderkarate.at\/ItokaiALT\/wp-content\/uploads\/2019\/12\/IMG_20191205_214949-600x339.jpg 600w, https:\/\/www.kinderkarate.at\/ItokaiALT\/wp-content\/uploads\/2019\/12\/IMG_20191205_214949-300x169.jpg 300w, https:\/\/www.kinderkarate.at\/ItokaiALT\/wp-content\/uploads\/2019\/12\/IMG_20191205_214949-768x434.jpg 768w\" sizes=\"(max-width: 1024px) 100vw, 1024px\" \/><\/div>\n\t\t<\/a>\n\t\t\t\t<div class=\"elementor-post__text\">\n\t\t\t\t<h3 class=\"elementor-post__title\">\n\t\t\t<a href=\"https:\/\/www.kinderkarate.at\/ItokaiALT\/wir-spenden-fuer-rettet-das-kind\/\" >\n\t\t\t\tWir spenden f\u00fcr \u201eRettet das Kind\u201c\t\t\t<\/a>\n\t\t<\/h3>\n\t\t\t\t<div class=\"elementor-post__excerpt\">\n\t\t\t<p>Ein Weihnachtsfest im Kreise der<\/p>\n\t\t<\/div>\n\t\t\n\t\t<a class=\"elementor-post__read-more\" href=\"https:\/\/www.kinderkarate.at\/ItokaiALT\/wir-spenden-fuer-rettet-das-kind\/\" aria-label=\"Read more about Wir spenden f\u00fcr \u201eRettet das Kind\u201c\" tabindex=\"-1\" >\n\t\t\tmehr dazu\t\t<\/a>\n\n\t\t\t\t<\/div>\n\t\t\t\t<\/article>\n\t\t\t\t<article class=\"elementor-post elementor-grid-item post-13072 post type-post status-publish format-standard has-post-thumbnail hentry category-itokai-archiv-2019 category-news\">\n\t\t\t\t<a class=\"elementor-post__thumbnail__link\" href=\"https:\/\/www.kinderkarate.at\/ItokaiALT\/guertelgraduierung-lovinkicks\/\" tabindex=\"-1\" >\n\t\t\t<div class=\"elementor-post__thumbnail\"><img loading=\"lazy\" decoding=\"async\" width=\"1024\" height=\"578\" src=\"https:\/\/www.kinderkarate.at\/ItokaiALT\/wp-content\/uploads\/2019\/12\/2019_12_05-G\u00fcrtelgraduierung-LovinKicks.jpg\" class=\"attachment-full size-full wp-image-13076\" alt=\"\" srcset=\"https:\/\/www.kinderkarate.at\/ItokaiALT\/wp-content\/uploads\/2019\/12\/2019_12_05-G\u00fcrtelgraduierung-LovinKicks.jpg 1024w, https:\/\/www.kinderkarate.at\/ItokaiALT\/wp-content\/uploads\/2019\/12\/2019_12_05-G\u00fcrtelgraduierung-LovinKicks-600x339.jpg 600w, https:\/\/www.kinderkarate.at\/ItokaiALT\/wp-content\/uploads\/2019\/12\/2019_12_05-G\u00fcrtelgraduierung-LovinKicks-300x169.jpg 300w, https:\/\/www.kinderkarate.at\/ItokaiALT\/wp-content\/uploads\/2019\/12\/2019_12_05-G\u00fcrtelgraduierung-LovinKicks-768x434.jpg 768w\" sizes=\"(max-width: 1024px) 100vw, 1024px\" \/><\/div>\n\t\t<\/a>\n\t\t\t\t<div class=\"elementor-post__text\">\n\t\t\t\t<h3 class=\"elementor-post__title\">\n\t\t\t<a href=\"https:\/\/www.kinderkarate.at\/ItokaiALT\/guertelgraduierung-lovinkicks\/\" >\n\t\t\t\tG\u00fcrtelgraduierung LovinKicks\t\t\t<\/a>\n\t\t<\/h3>\n\t\t\t\t<div class=\"elementor-post__excerpt\">\n\t\t\t<p>SELBST.bewusst in jeder Lebenslage mit<\/p>\n\t\t<\/div>\n\t\t\n\t\t<a class=\"elementor-post__read-more\" href=\"https:\/\/www.kinderkarate.at\/ItokaiALT\/guertelgraduierung-lovinkicks\/\" aria-label=\"Read more about G\u00fcrtelgraduierung LovinKicks\" tabindex=\"-1\" >\n\t\t\tmehr dazu\t\t<\/a>\n\n\t\t\t\t<\/div>\n\t\t\t\t<\/article>\n\t\t\t\t<article class=\"elementor-post elementor-grid-item post-12735 post type-post status-publish format-standard has-post-thumbnail hentry category-itokai-archiv-2019 category-news\">\n\t\t\t\t<a class=\"elementor-post__thumbnail__link\" href=\"https:\/\/www.kinderkarate.at\/ItokaiALT\/weihnachtsvorbereitungen-bei-itokai\/\" tabindex=\"-1\" >\n\t\t\t<div class=\"elementor-post__thumbnail\"><img loading=\"lazy\" decoding=\"async\" width=\"960\" height=\"960\" src=\"https:\/\/www.kinderkarate.at\/ItokaiALT\/wp-content\/uploads\/2019\/11\/72711390_1618003841688615_6470272316214345728_o.jpg\" class=\"attachment-full size-full wp-image-12740\" alt=\"\" srcset=\"https:\/\/www.kinderkarate.at\/ItokaiALT\/wp-content\/uploads\/2019\/11\/72711390_1618003841688615_6470272316214345728_o.jpg 960w, https:\/\/www.kinderkarate.at\/ItokaiALT\/wp-content\/uploads\/2019\/11\/72711390_1618003841688615_6470272316214345728_o-300x300.jpg 300w, https:\/\/www.kinderkarate.at\/ItokaiALT\/wp-content\/uploads\/2019\/11\/72711390_1618003841688615_6470272316214345728_o-100x100.jpg 100w, https:\/\/www.kinderkarate.at\/ItokaiALT\/wp-content\/uploads\/2019\/11\/72711390_1618003841688615_6470272316214345728_o-600x600.jpg 600w, https:\/\/www.kinderkarate.at\/ItokaiALT\/wp-content\/uploads\/2019\/11\/72711390_1618003841688615_6470272316214345728_o-150x150.jpg 150w, https:\/\/www.kinderkarate.at\/ItokaiALT\/wp-content\/uploads\/2019\/11\/72711390_1618003841688615_6470272316214345728_o-768x768.jpg 768w\" sizes=\"(max-width: 960px) 100vw, 960px\" \/><\/div>\n\t\t<\/a>\n\t\t\t\t<div class=\"elementor-post__text\">\n\t\t\t\t<h3 class=\"elementor-post__title\">\n\t\t\t<a href=\"https:\/\/www.kinderkarate.at\/ItokaiALT\/weihnachtsvorbereitungen-bei-itokai\/\" >\n\t\t\t\tWeihnachtsvorbereitungen bei Itokai\t\t\t<\/a>\n\t\t<\/h3>\n\t\t\t\t<div class=\"elementor-post__excerpt\">\n\t\t\t<p>Was hat Karate\u00a0?\u00a0eigentlich mit Weihnachten?zu<\/p>\n\t\t<\/div>\n\t\t\n\t\t<a class=\"elementor-post__read-more\" href=\"https:\/\/www.kinderkarate.at\/ItokaiALT\/weihnachtsvorbereitungen-bei-itokai\/\" aria-label=\"Read more about Weihnachtsvorbereitungen bei Itokai\" tabindex=\"-1\" >\n\t\t\tmehr dazu\t\t<\/a>\n\n\t\t\t\t<\/div>\n\t\t\t\t<\/article>\n\t\t\t\t<article class=\"elementor-post elementor-grid-item post-12653 post type-post status-publish format-standard has-post-thumbnail hentry category-itokai-archiv-2019 category-news\">\n\t\t\t\t<a class=\"elementor-post__thumbnail__link\" href=\"https:\/\/www.kinderkarate.at\/ItokaiALT\/guertelpruefung-erwachsene-november-2019-tulln\/\" tabindex=\"-1\" >\n\t\t\t<div class=\"elementor-post__thumbnail\"><img loading=\"lazy\" decoding=\"async\" width=\"1024\" height=\"578\" src=\"https:\/\/www.kinderkarate.at\/ItokaiALT\/wp-content\/uploads\/2019\/11\/2019_11_23-G\u00fcrtelpr\u00fcfung_Erwachsene-10.jpg\" class=\"attachment-full size-full wp-image-12673\" alt=\"\" srcset=\"https:\/\/www.kinderkarate.at\/ItokaiALT\/wp-content\/uploads\/2019\/11\/2019_11_23-G\u00fcrtelpr\u00fcfung_Erwachsene-10.jpg 1024w, https:\/\/www.kinderkarate.at\/ItokaiALT\/wp-content\/uploads\/2019\/11\/2019_11_23-G\u00fcrtelpr\u00fcfung_Erwachsene-10-600x339.jpg 600w, https:\/\/www.kinderkarate.at\/ItokaiALT\/wp-content\/uploads\/2019\/11\/2019_11_23-G\u00fcrtelpr\u00fcfung_Erwachsene-10-300x169.jpg 300w, https:\/\/www.kinderkarate.at\/ItokaiALT\/wp-content\/uploads\/2019\/11\/2019_11_23-G\u00fcrtelpr\u00fcfung_Erwachsene-10-768x434.jpg 768w\" sizes=\"(max-width: 1024px) 100vw, 1024px\" \/><\/div>\n\t\t<\/a>\n\t\t\t\t<div class=\"elementor-post__text\">\n\t\t\t\t<h3 class=\"elementor-post__title\">\n\t\t\t<a href=\"https:\/\/www.kinderkarate.at\/ItokaiALT\/guertelpruefung-erwachsene-november-2019-tulln\/\" >\n\t\t\t\tG\u00fcrtelpr\u00fcfung Erwachsene November 2019 Tulln\t\t\t<\/a>\n\t\t<\/h3>\n\t\t\t\t<div class=\"elementor-post__excerpt\">\n\t\t\t<p>Am Samstagnachmittag 23. November haben<\/p>\n\t\t<\/div>\n\t\t\n\t\t<a class=\"elementor-post__read-more\" href=\"https:\/\/www.kinderkarate.at\/ItokaiALT\/guertelpruefung-erwachsene-november-2019-tulln\/\" aria-label=\"Read more about G\u00fcrtelpr\u00fcfung Erwachsene November 2019 Tulln\" tabindex=\"-1\" >\n\t\t\tmehr dazu\t\t<\/a>\n\n\t\t\t\t<\/div>\n\t\t\t\t<\/article>\n\t\t\t\t<article class=\"elementor-post elementor-grid-item post-12604 post type-post status-publish format-standard has-post-thumbnail hentry category-itokai-archiv-2019 category-news\">\n\t\t\t\t<a class=\"elementor-post__thumbnail__link\" href=\"https:\/\/www.kinderkarate.at\/ItokaiALT\/guertelpruefung-karatekids-november-2019-st-christophen\/\" tabindex=\"-1\" >\n\t\t\t<div class=\"elementor-post__thumbnail\"><img loading=\"lazy\" decoding=\"async\" width=\"1024\" height=\"578\" src=\"https:\/\/www.kinderkarate.at\/ItokaiALT\/wp-content\/uploads\/2019\/11\/2019_11_23-G\u00fcrtelpr\u00fcfung_Kinder-Neulengbach_St-8.jpg\" class=\"attachment-full size-full wp-image-12637\" alt=\"\" srcset=\"https:\/\/www.kinderkarate.at\/ItokaiALT\/wp-content\/uploads\/2019\/11\/2019_11_23-G\u00fcrtelpr\u00fcfung_Kinder-Neulengbach_St-8.jpg 1024w, https:\/\/www.kinderkarate.at\/ItokaiALT\/wp-content\/uploads\/2019\/11\/2019_11_23-G\u00fcrtelpr\u00fcfung_Kinder-Neulengbach_St-8-600x339.jpg 600w, https:\/\/www.kinderkarate.at\/ItokaiALT\/wp-content\/uploads\/2019\/11\/2019_11_23-G\u00fcrtelpr\u00fcfung_Kinder-Neulengbach_St-8-300x169.jpg 300w, https:\/\/www.kinderkarate.at\/ItokaiALT\/wp-content\/uploads\/2019\/11\/2019_11_23-G\u00fcrtelpr\u00fcfung_Kinder-Neulengbach_St-8-768x434.jpg 768w\" sizes=\"(max-width: 1024px) 100vw, 1024px\" \/><\/div>\n\t\t<\/a>\n\t\t\t\t<div class=\"elementor-post__text\">\n\t\t\t\t<h3 class=\"elementor-post__title\">\n\t\t\t<a href=\"https:\/\/www.kinderkarate.at\/ItokaiALT\/guertelpruefung-karatekids-november-2019-st-christophen\/\" >\n\t\t\t\tG\u00fcrtelpr\u00fcfung Karatekids November 2019 St. Christophen\t\t\t<\/a>\n\t\t<\/h3>\n\t\t\t\t<div class=\"elementor-post__excerpt\">\n\t\t\t<p>Am Samstag 23. November sind<\/p>\n\t\t<\/div>\n\t\t\n\t\t<a class=\"elementor-post__read-more\" href=\"https:\/\/www.kinderkarate.at\/ItokaiALT\/guertelpruefung-karatekids-november-2019-st-christophen\/\" aria-label=\"Read more about G\u00fcrtelpr\u00fcfung Karatekids November 2019 St. Christophen\" tabindex=\"-1\" >\n\t\t\tmehr dazu\t\t<\/a>\n\n\t\t\t\t<\/div>\n\t\t\t\t<\/article>\n\t\t\t\t<article class=\"elementor-post elementor-grid-item post-12568 post type-post status-publish format-standard has-post-thumbnail hentry category-itokai-archiv-2019 category-news\">\n\t\t\t\t<a class=\"elementor-post__thumbnail__link\" href=\"https:\/\/www.kinderkarate.at\/ItokaiALT\/guertelpruefung-karatekids-november-2019-tulln\/\" tabindex=\"-1\" >\n\t\t\t<div class=\"elementor-post__thumbnail\"><img loading=\"lazy\" decoding=\"async\" width=\"1024\" height=\"578\" src=\"https:\/\/www.kinderkarate.at\/ItokaiALT\/wp-content\/uploads\/2019\/11\/2019_11_22-G\u00fcrtelpr\u00fcfung_Kinder-Tulln-18.jpg\" class=\"attachment-full size-full wp-image-12579\" alt=\"\" srcset=\"https:\/\/www.kinderkarate.at\/ItokaiALT\/wp-content\/uploads\/2019\/11\/2019_11_22-G\u00fcrtelpr\u00fcfung_Kinder-Tulln-18.jpg 1024w, https:\/\/www.kinderkarate.at\/ItokaiALT\/wp-content\/uploads\/2019\/11\/2019_11_22-G\u00fcrtelpr\u00fcfung_Kinder-Tulln-18-600x339.jpg 600w, https:\/\/www.kinderkarate.at\/ItokaiALT\/wp-content\/uploads\/2019\/11\/2019_11_22-G\u00fcrtelpr\u00fcfung_Kinder-Tulln-18-300x169.jpg 300w, https:\/\/www.kinderkarate.at\/ItokaiALT\/wp-content\/uploads\/2019\/11\/2019_11_22-G\u00fcrtelpr\u00fcfung_Kinder-Tulln-18-768x434.jpg 768w\" sizes=\"(max-width: 1024px) 100vw, 1024px\" \/><\/div>\n\t\t<\/a>\n\t\t\t\t<div class=\"elementor-post__text\">\n\t\t\t\t<h3 class=\"elementor-post__title\">\n\t\t\t<a href=\"https:\/\/www.kinderkarate.at\/ItokaiALT\/guertelpruefung-karatekids-november-2019-tulln\/\" >\n\t\t\t\tG\u00fcrtelpr\u00fcfung Karatekids November 2019 Tulln\t\t\t<\/a>\n\t\t<\/h3>\n\t\t\t\t<div class=\"elementor-post__excerpt\">\n\t\t\t<p>Am Freitagnachmittag 22. November sind<\/p>\n\t\t<\/div>\n\t\t\n\t\t<a class=\"elementor-post__read-more\" href=\"https:\/\/www.kinderkarate.at\/ItokaiALT\/guertelpruefung-karatekids-november-2019-tulln\/\" aria-label=\"Read more about G\u00fcrtelpr\u00fcfung Karatekids November 2019 Tulln\" tabindex=\"-1\" >\n\t\t\tmehr dazu\t\t<\/a>\n\n\t\t\t\t<\/div>\n\t\t\t\t<\/article>\n\t\t\t\t<article class=\"elementor-post elementor-grid-item post-12216 post type-post status-publish format-standard has-post-thumbnail hentry category-itokai-archiv-2019 category-news\">\n\t\t\t\t<a class=\"elementor-post__thumbnail__link\" href=\"https:\/\/www.kinderkarate.at\/ItokaiALT\/halloween-shopping-nacht-2019\/\" tabindex=\"-1\" >\n\t\t\t<div class=\"elementor-post__thumbnail\"><img loading=\"lazy\" decoding=\"async\" width=\"960\" height=\"960\" src=\"https:\/\/www.kinderkarate.at\/ItokaiALT\/wp-content\/uploads\/2019\/11\/halloween_shopping_nacht-2019-6.jpg\" class=\"attachment-full size-full wp-image-12228\" alt=\"\" srcset=\"https:\/\/www.kinderkarate.at\/ItokaiALT\/wp-content\/uploads\/2019\/11\/halloween_shopping_nacht-2019-6.jpg 960w, https:\/\/www.kinderkarate.at\/ItokaiALT\/wp-content\/uploads\/2019\/11\/halloween_shopping_nacht-2019-6-300x300.jpg 300w, https:\/\/www.kinderkarate.at\/ItokaiALT\/wp-content\/uploads\/2019\/11\/halloween_shopping_nacht-2019-6-100x100.jpg 100w, https:\/\/www.kinderkarate.at\/ItokaiALT\/wp-content\/uploads\/2019\/11\/halloween_shopping_nacht-2019-6-600x600.jpg 600w, https:\/\/www.kinderkarate.at\/ItokaiALT\/wp-content\/uploads\/2019\/11\/halloween_shopping_nacht-2019-6-150x150.jpg 150w, https:\/\/www.kinderkarate.at\/ItokaiALT\/wp-content\/uploads\/2019\/11\/halloween_shopping_nacht-2019-6-768x768.jpg 768w\" sizes=\"(max-width: 960px) 100vw, 960px\" \/><\/div>\n\t\t<\/a>\n\t\t\t\t<div class=\"elementor-post__text\">\n\t\t\t\t<h3 class=\"elementor-post__title\">\n\t\t\t<a href=\"https:\/\/www.kinderkarate.at\/ItokaiALT\/halloween-shopping-nacht-2019\/\" >\n\t\t\t\tHalloween Shopping Nacht 2019\t\t\t<\/a>\n\t\t<\/h3>\n\t\t\t\t<div class=\"elementor-post__excerpt\">\n\t\t\t<p>Die Halloween Shopping Nacht\u00a0in Neulengbach<\/p>\n\t\t<\/div>\n\t\t\n\t\t<a class=\"elementor-post__read-more\" href=\"https:\/\/www.kinderkarate.at\/ItokaiALT\/halloween-shopping-nacht-2019\/\" aria-label=\"Read more about Halloween Shopping Nacht 2019\" tabindex=\"-1\" >\n\t\t\tmehr dazu\t\t<\/a>\n\n\t\t\t\t<\/div>\n\t\t\t\t<\/article>\n\t\t\t\t<article class=\"elementor-post elementor-grid-item post-12135 post type-post status-publish format-standard has-post-thumbnail hentry category-itokai-archiv-2019 category-news\">\n\t\t\t\t<a class=\"elementor-post__thumbnail__link\" href=\"https:\/\/www.kinderkarate.at\/ItokaiALT\/itokai-top-team-award-2019\/\" tabindex=\"-1\" >\n\t\t\t<div class=\"elementor-post__thumbnail\"><img loading=\"lazy\" decoding=\"async\" width=\"1024\" height=\"578\" src=\"https:\/\/www.kinderkarate.at\/ItokaiALT\/wp-content\/uploads\/2019\/10\/2019_TopTeamAward_gross.jpg\" class=\"attachment-full size-full wp-image-12139\" alt=\"\" srcset=\"https:\/\/www.kinderkarate.at\/ItokaiALT\/wp-content\/uploads\/2019\/10\/2019_TopTeamAward_gross.jpg 1024w, https:\/\/www.kinderkarate.at\/ItokaiALT\/wp-content\/uploads\/2019\/10\/2019_TopTeamAward_gross-600x339.jpg 600w, https:\/\/www.kinderkarate.at\/ItokaiALT\/wp-content\/uploads\/2019\/10\/2019_TopTeamAward_gross-300x169.jpg 300w, https:\/\/www.kinderkarate.at\/ItokaiALT\/wp-content\/uploads\/2019\/10\/2019_TopTeamAward_gross-768x434.jpg 768w\" sizes=\"(max-width: 1024px) 100vw, 1024px\" \/><\/div>\n\t\t<\/a>\n\t\t\t\t<div class=\"elementor-post__text\">\n\t\t\t\t<h3 class=\"elementor-post__title\">\n\t\t\t<a href=\"https:\/\/www.kinderkarate.at\/ItokaiALT\/itokai-top-team-award-2019\/\" >\n\t\t\t\tItokai Top Team Award 2019\t\t\t<\/a>\n\t\t<\/h3>\n\t\t\t\t<div class=\"elementor-post__excerpt\">\n\t\t\t<p>Diese Auszeichnung erhielt unser Itokai<\/p>\n\t\t<\/div>\n\t\t\n\t\t<a class=\"elementor-post__read-more\" href=\"https:\/\/www.kinderkarate.at\/ItokaiALT\/itokai-top-team-award-2019\/\" aria-label=\"Read more about Itokai Top Team Award 2019\" tabindex=\"-1\" >\n\t\t\tmehr dazu\t\t<\/a>\n\n\t\t\t\t<\/div>\n\t\t\t\t<\/article>\n\t\t\t\t<article class=\"elementor-post elementor-grid-item post-12097 post type-post status-publish format-standard has-post-thumbnail hentry category-itokai-archiv-2019 category-news\">\n\t\t\t\t<a class=\"elementor-post__thumbnail__link\" href=\"https:\/\/www.kinderkarate.at\/ItokaiALT\/shukokai-lehrgang-oktober-2019\/\" tabindex=\"-1\" >\n\t\t\t<div class=\"elementor-post__thumbnail\"><img loading=\"lazy\" decoding=\"async\" width=\"1024\" height=\"682\" src=\"https:\/\/www.kinderkarate.at\/ItokaiALT\/wp-content\/uploads\/2019\/10\/2019_10_19-Shukokai_Austria_Lehrgang-Foto_CharlySteiner-13.jpg\" class=\"attachment-full size-full wp-image-12070\" alt=\"\" srcset=\"https:\/\/www.kinderkarate.at\/ItokaiALT\/wp-content\/uploads\/2019\/10\/2019_10_19-Shukokai_Austria_Lehrgang-Foto_CharlySteiner-13.jpg 1024w, https:\/\/www.kinderkarate.at\/ItokaiALT\/wp-content\/uploads\/2019\/10\/2019_10_19-Shukokai_Austria_Lehrgang-Foto_CharlySteiner-13-600x400.jpg 600w, https:\/\/www.kinderkarate.at\/ItokaiALT\/wp-content\/uploads\/2019\/10\/2019_10_19-Shukokai_Austria_Lehrgang-Foto_CharlySteiner-13-300x200.jpg 300w, https:\/\/www.kinderkarate.at\/ItokaiALT\/wp-content\/uploads\/2019\/10\/2019_10_19-Shukokai_Austria_Lehrgang-Foto_CharlySteiner-13-768x512.jpg 768w\" sizes=\"(max-width: 1024px) 100vw, 1024px\" \/><\/div>\n\t\t<\/a>\n\t\t\t\t<div class=\"elementor-post__text\">\n\t\t\t\t<h3 class=\"elementor-post__title\">\n\t\t\t<a href=\"https:\/\/www.kinderkarate.at\/ItokaiALT\/shukokai-lehrgang-oktober-2019\/\" >\n\t\t\t\tShukokai Lehrgang Oktober 2019\t\t\t<\/a>\n\t\t<\/h3>\n\t\t\t\t<div class=\"elementor-post__excerpt\">\n\t\t\t<p>Am Samstag 19. Oktober fand<\/p>\n\t\t<\/div>\n\t\t\n\t\t<a class=\"elementor-post__read-more\" href=\"https:\/\/www.kinderkarate.at\/ItokaiALT\/shukokai-lehrgang-oktober-2019\/\" aria-label=\"Read more about Shukokai Lehrgang Oktober 2019\" tabindex=\"-1\" >\n\t\t\tmehr dazu\t\t<\/a>\n\n\t\t\t\t<\/div>\n\t\t\t\t<\/article>\n\t\t\t\t<article class=\"elementor-post elementor-grid-item post-11465 post type-post status-publish format-standard has-post-thumbnail hentry category-itokai-archiv-2019 category-news\">\n\t\t\t\t<a class=\"elementor-post__thumbnail__link\" href=\"https:\/\/www.kinderkarate.at\/ItokaiALT\/itokai-bei-der-kinderspielstadt-st-poelten\/\" tabindex=\"-1\" >\n\t\t\t<div class=\"elementor-post__thumbnail\"><img loading=\"lazy\" decoding=\"async\" width=\"1024\" height=\"768\" src=\"https:\/\/www.kinderkarate.at\/ItokaiALT\/wp-content\/uploads\/2019\/09\/kinderspielstadt_st-poelten_2019_1.jpg\" class=\"attachment-full size-full wp-image-11477\" alt=\"\" srcset=\"https:\/\/www.kinderkarate.at\/ItokaiALT\/wp-content\/uploads\/2019\/09\/kinderspielstadt_st-poelten_2019_1.jpg 1024w, https:\/\/www.kinderkarate.at\/ItokaiALT\/wp-content\/uploads\/2019\/09\/kinderspielstadt_st-poelten_2019_1-600x450.jpg 600w, https:\/\/www.kinderkarate.at\/ItokaiALT\/wp-content\/uploads\/2019\/09\/kinderspielstadt_st-poelten_2019_1-300x225.jpg 300w, https:\/\/www.kinderkarate.at\/ItokaiALT\/wp-content\/uploads\/2019\/09\/kinderspielstadt_st-poelten_2019_1-768x576.jpg 768w\" sizes=\"(max-width: 1024px) 100vw, 1024px\" \/><\/div>\n\t\t<\/a>\n\t\t\t\t<div class=\"elementor-post__text\">\n\t\t\t\t<h3 class=\"elementor-post__title\">\n\t\t\t<a href=\"https:\/\/www.kinderkarate.at\/ItokaiALT\/itokai-bei-der-kinderspielstadt-st-poelten\/\" >\n\t\t\t\tItokai bei der Kinderspielstadt St. P\u00f6lten\t\t\t<\/a>\n\t\t<\/h3>\n\t\t\t\t<div class=\"elementor-post__excerpt\">\n\t\t\t<p>3000 Kinder lernen \u00fcber Wirtschaft,<\/p>\n\t\t<\/div>\n\t\t\n\t\t<a class=\"elementor-post__read-more\" href=\"https:\/\/www.kinderkarate.at\/ItokaiALT\/itokai-bei-der-kinderspielstadt-st-poelten\/\" aria-label=\"Read more about Itokai bei der Kinderspielstadt St. P\u00f6lten\" tabindex=\"-1\" >\n\t\t\tmehr dazu\t\t<\/a>\n\n\t\t\t\t<\/div>\n\t\t\t\t<\/article>\n\t\t\t\t<article class=\"elementor-post elementor-grid-item post-11387 post type-post status-publish format-standard has-post-thumbnail hentry category-itokai-archiv-2019 category-news\">\n\t\t\t\t<a class=\"elementor-post__thumbnail__link\" href=\"https:\/\/www.kinderkarate.at\/ItokaiALT\/itokai-team-day-2019\/\" tabindex=\"-1\" >\n\t\t\t<div class=\"elementor-post__thumbnail\"><img loading=\"lazy\" decoding=\"async\" width=\"1000\" height=\"565\" src=\"https:\/\/www.kinderkarate.at\/ItokaiALT\/wp-content\/uploads\/2019\/09\/image009.jpg\" class=\"attachment-full size-full wp-image-11394\" alt=\"\" srcset=\"https:\/\/www.kinderkarate.at\/ItokaiALT\/wp-content\/uploads\/2019\/09\/image009.jpg 1000w, https:\/\/www.kinderkarate.at\/ItokaiALT\/wp-content\/uploads\/2019\/09\/image009-600x339.jpg 600w, https:\/\/www.kinderkarate.at\/ItokaiALT\/wp-content\/uploads\/2019\/09\/image009-300x170.jpg 300w, https:\/\/www.kinderkarate.at\/ItokaiALT\/wp-content\/uploads\/2019\/09\/image009-768x434.jpg 768w\" sizes=\"(max-width: 1000px) 100vw, 1000px\" \/><\/div>\n\t\t<\/a>\n\t\t\t\t<div class=\"elementor-post__text\">\n\t\t\t\t<h3 class=\"elementor-post__title\">\n\t\t\t<a href=\"https:\/\/www.kinderkarate.at\/ItokaiALT\/itokai-team-day-2019\/\" >\n\t\t\t\tItokai Team Day 2019\t\t\t<\/a>\n\t\t<\/h3>\n\t\t\t\t<div class=\"elementor-post__excerpt\">\n\t\t\t<p>Am Wochenende fand der diesj\u00e4hrige<\/p>\n\t\t<\/div>\n\t\t\n\t\t<a class=\"elementor-post__read-more\" href=\"https:\/\/www.kinderkarate.at\/ItokaiALT\/itokai-team-day-2019\/\" aria-label=\"Read more about Itokai Team Day 2019\" tabindex=\"-1\" >\n\t\t\tmehr dazu\t\t<\/a>\n\n\t\t\t\t<\/div>\n\t\t\t\t<\/article>\n\t\t\t\t<article class=\"elementor-post elementor-grid-item post-11012 post type-post status-publish format-standard has-post-thumbnail hentry category-itokai-archiv-2019 category-news\">\n\t\t\t\t<a class=\"elementor-post__thumbnail__link\" href=\"https:\/\/www.kinderkarate.at\/ItokaiALT\/svd-langenlebarn-trainiert-itokai-kickboxen\/\" tabindex=\"-1\" >\n\t\t\t<div class=\"elementor-post__thumbnail\"><img loading=\"lazy\" decoding=\"async\" width=\"1024\" height=\"682\" src=\"https:\/\/www.kinderkarate.at\/ItokaiALT\/wp-content\/uploads\/2019\/08\/2019-08-13-SVD-Langenlebarn-...-stark-mit-Itokai-4.jpg\" class=\"attachment-full size-full wp-image-11014\" alt=\"\" srcset=\"https:\/\/www.kinderkarate.at\/ItokaiALT\/wp-content\/uploads\/2019\/08\/2019-08-13-SVD-Langenlebarn-...-stark-mit-Itokai-4.jpg 1024w, https:\/\/www.kinderkarate.at\/ItokaiALT\/wp-content\/uploads\/2019\/08\/2019-08-13-SVD-Langenlebarn-...-stark-mit-Itokai-4-600x400.jpg 600w, https:\/\/www.kinderkarate.at\/ItokaiALT\/wp-content\/uploads\/2019\/08\/2019-08-13-SVD-Langenlebarn-...-stark-mit-Itokai-4-300x200.jpg 300w, https:\/\/www.kinderkarate.at\/ItokaiALT\/wp-content\/uploads\/2019\/08\/2019-08-13-SVD-Langenlebarn-...-stark-mit-Itokai-4-768x512.jpg 768w, https:\/\/www.kinderkarate.at\/ItokaiALT\/wp-content\/uploads\/2019\/08\/2019-08-13-SVD-Langenlebarn-...-stark-mit-Itokai-4-391x260.jpg 391w\" sizes=\"(max-width: 1024px) 100vw, 1024px\" \/><\/div>\n\t\t<\/a>\n\t\t\t\t<div class=\"elementor-post__text\">\n\t\t\t\t<h3 class=\"elementor-post__title\">\n\t\t\t<a href=\"https:\/\/www.kinderkarate.at\/ItokaiALT\/svd-langenlebarn-trainiert-itokai-kickboxen\/\" >\n\t\t\t\tSVD Langenlebarn trainiert Itokai Kickboxen\t\t\t<\/a>\n\t\t<\/h3>\n\t\t\t\t<div class=\"elementor-post__excerpt\">\n\t\t\t<p>Die Burschen der U15 des Sportverein Langenlebarn waren im Rahmen ihres Trainingslagers zu Gast bei uns in der Itokai Kampfkunstschule Carich.<\/p>\n\t\t<\/div>\n\t\t\n\t\t<a class=\"elementor-post__read-more\" href=\"https:\/\/www.kinderkarate.at\/ItokaiALT\/svd-langenlebarn-trainiert-itokai-kickboxen\/\" aria-label=\"Read more about SVD Langenlebarn trainiert Itokai Kickboxen\" tabindex=\"-1\" >\n\t\t\tmehr dazu\t\t<\/a>\n\n\t\t\t\t<\/div>\n\t\t\t\t<\/article>\n\t\t\t\t<article class=\"elementor-post elementor-grid-item post-11002 post type-post status-publish format-standard has-post-thumbnail hentry category-itokai-archiv-2019 category-news\">\n\t\t\t\t<a class=\"elementor-post__thumbnail__link\" href=\"https:\/\/www.kinderkarate.at\/ItokaiALT\/ferienbetreuung-august-2019\/\" tabindex=\"-1\" >\n\t\t\t<div class=\"elementor-post__thumbnail\"><img loading=\"lazy\" decoding=\"async\" width=\"768\" height=\"768\" src=\"https:\/\/www.kinderkarate.at\/ItokaiALT\/wp-content\/uploads\/2019\/08\/2019_08-Ferienbetreuung-Neulengbach-1.jpg\" class=\"attachment-full size-full wp-image-11006\" alt=\"\" srcset=\"https:\/\/www.kinderkarate.at\/ItokaiALT\/wp-content\/uploads\/2019\/08\/2019_08-Ferienbetreuung-Neulengbach-1.jpg 768w, https:\/\/www.kinderkarate.at\/ItokaiALT\/wp-content\/uploads\/2019\/08\/2019_08-Ferienbetreuung-Neulengbach-1-300x300.jpg 300w, https:\/\/www.kinderkarate.at\/ItokaiALT\/wp-content\/uploads\/2019\/08\/2019_08-Ferienbetreuung-Neulengbach-1-100x100.jpg 100w, https:\/\/www.kinderkarate.at\/ItokaiALT\/wp-content\/uploads\/2019\/08\/2019_08-Ferienbetreuung-Neulengbach-1-600x600.jpg 600w, https:\/\/www.kinderkarate.at\/ItokaiALT\/wp-content\/uploads\/2019\/08\/2019_08-Ferienbetreuung-Neulengbach-1-150x150.jpg 150w\" sizes=\"(max-width: 768px) 100vw, 768px\" \/><\/div>\n\t\t<\/a>\n\t\t\t\t<div class=\"elementor-post__text\">\n\t\t\t\t<h3 class=\"elementor-post__title\">\n\t\t\t<a href=\"https:\/\/www.kinderkarate.at\/ItokaiALT\/ferienbetreuung-august-2019\/\" >\n\t\t\t\tFerienbetreuung August 2019\t\t\t<\/a>\n\t\t<\/h3>\n\t\t\t\t<div class=\"elementor-post__excerpt\">\n\t\t\t<p>Eine Ferienbetreuung in Neulengbach mit Karate? Da war das Itokai Karate Team nat\u00fcrlich mit dabei, um f\u00fcr jede Menge Spa\u00df und Action bei den Kids zu sorgen.<\/p>\n\t\t<\/div>\n\t\t\n\t\t<a class=\"elementor-post__read-more\" href=\"https:\/\/www.kinderkarate.at\/ItokaiALT\/ferienbetreuung-august-2019\/\" aria-label=\"Read more about Ferienbetreuung August 2019\" tabindex=\"-1\" >\n\t\t\tmehr dazu\t\t<\/a>\n\n\t\t\t\t<\/div>\n\t\t\t\t<\/article>\n\t\t\t\t<article class=\"elementor-post elementor-grid-item post-10746 post type-post status-publish format-standard has-post-thumbnail hentry category-itokai-archiv-2019 category-news\">\n\t\t\t\t<a class=\"elementor-post__thumbnail__link\" href=\"https:\/\/www.kinderkarate.at\/ItokaiALT\/kindernachmittag-feuerwehrfest-neulengbach-2019\/\" tabindex=\"-1\" >\n\t\t\t<div class=\"elementor-post__thumbnail\"><img loading=\"lazy\" decoding=\"async\" width=\"768\" height=\"768\" src=\"https:\/\/www.kinderkarate.at\/ItokaiALT\/wp-content\/uploads\/2019\/08\/2019_08-Itokai_Karate_am_Feuerwehrfest_Neulengbach-13.jpg\" class=\"attachment-full size-full wp-image-10989\" alt=\"\" srcset=\"https:\/\/www.kinderkarate.at\/ItokaiALT\/wp-content\/uploads\/2019\/08\/2019_08-Itokai_Karate_am_Feuerwehrfest_Neulengbach-13.jpg 768w, https:\/\/www.kinderkarate.at\/ItokaiALT\/wp-content\/uploads\/2019\/08\/2019_08-Itokai_Karate_am_Feuerwehrfest_Neulengbach-13-300x300.jpg 300w, https:\/\/www.kinderkarate.at\/ItokaiALT\/wp-content\/uploads\/2019\/08\/2019_08-Itokai_Karate_am_Feuerwehrfest_Neulengbach-13-100x100.jpg 100w, https:\/\/www.kinderkarate.at\/ItokaiALT\/wp-content\/uploads\/2019\/08\/2019_08-Itokai_Karate_am_Feuerwehrfest_Neulengbach-13-600x600.jpg 600w, https:\/\/www.kinderkarate.at\/ItokaiALT\/wp-content\/uploads\/2019\/08\/2019_08-Itokai_Karate_am_Feuerwehrfest_Neulengbach-13-150x150.jpg 150w\" sizes=\"(max-width: 768px) 100vw, 768px\" \/><\/div>\n\t\t<\/a>\n\t\t\t\t<div class=\"elementor-post__text\">\n\t\t\t\t<h3 class=\"elementor-post__title\">\n\t\t\t<a href=\"https:\/\/www.kinderkarate.at\/ItokaiALT\/kindernachmittag-feuerwehrfest-neulengbach-2019\/\" >\n\t\t\t\tKindernachmittag Feuerwehrfest Neulengbach 2019\t\t\t<\/a>\n\t\t<\/h3>\n\t\t\t\t<div class=\"elementor-post__excerpt\">\n\t\t\t<p>Karate, Action, Zuckerwatte und Ito<\/p>\n\t\t<\/div>\n\t\t\n\t\t<a class=\"elementor-post__read-more\" href=\"https:\/\/www.kinderkarate.at\/ItokaiALT\/kindernachmittag-feuerwehrfest-neulengbach-2019\/\" aria-label=\"Read more about Kindernachmittag Feuerwehrfest Neulengbach 2019\" tabindex=\"-1\" >\n\t\t\tmehr dazu\t\t<\/a>\n\n\t\t\t\t<\/div>\n\t\t\t\t<\/article>\n\t\t\t\t<article class=\"elementor-post elementor-grid-item post-10688 post type-post status-publish format-standard has-post-thumbnail hentry category-itokai-archiv-2019 category-news\">\n\t\t\t\t<a class=\"elementor-post__thumbnail__link\" href=\"https:\/\/www.kinderkarate.at\/ItokaiALT\/itokai-im-freibad-neulengbach-2019\/\" tabindex=\"-1\" >\n\t\t\t<div class=\"elementor-post__thumbnail\"><img loading=\"lazy\" decoding=\"async\" width=\"1024\" height=\"768\" src=\"https:\/\/www.kinderkarate.at\/ItokaiALT\/wp-content\/uploads\/2019\/08\/2019-Itokai_Karate_im_Freibad_Neulengbach-1.jpg\" class=\"attachment-full size-full wp-image-10979\" alt=\"\" srcset=\"https:\/\/www.kinderkarate.at\/ItokaiALT\/wp-content\/uploads\/2019\/08\/2019-Itokai_Karate_im_Freibad_Neulengbach-1.jpg 1024w, https:\/\/www.kinderkarate.at\/ItokaiALT\/wp-content\/uploads\/2019\/08\/2019-Itokai_Karate_im_Freibad_Neulengbach-1-600x450.jpg 600w, https:\/\/www.kinderkarate.at\/ItokaiALT\/wp-content\/uploads\/2019\/08\/2019-Itokai_Karate_im_Freibad_Neulengbach-1-300x225.jpg 300w, https:\/\/www.kinderkarate.at\/ItokaiALT\/wp-content\/uploads\/2019\/08\/2019-Itokai_Karate_im_Freibad_Neulengbach-1-768x576.jpg 768w\" sizes=\"(max-width: 1024px) 100vw, 1024px\" \/><\/div>\n\t\t<\/a>\n\t\t\t\t<div class=\"elementor-post__text\">\n\t\t\t\t<h3 class=\"elementor-post__title\">\n\t\t\t<a href=\"https:\/\/www.kinderkarate.at\/ItokaiALT\/itokai-im-freibad-neulengbach-2019\/\" >\n\t\t\t\tItokai im Freibad Neulengbach 2019\t\t\t<\/a>\n\t\t<\/h3>\n\t\t\t\t<div class=\"elementor-post__excerpt\">\n\t\t\t<p>Gleich 2x im Sommer war<\/p>\n\t\t<\/div>\n\t\t\n\t\t<a class=\"elementor-post__read-more\" href=\"https:\/\/www.kinderkarate.at\/ItokaiALT\/itokai-im-freibad-neulengbach-2019\/\" aria-label=\"Read more about Itokai im Freibad Neulengbach 2019\" tabindex=\"-1\" >\n\t\t\tmehr dazu\t\t<\/a>\n\n\t\t\t\t<\/div>\n\t\t\t\t<\/article>\n\t\t\t\t<article class=\"elementor-post elementor-grid-item post-11191 post type-post status-publish format-standard has-post-thumbnail hentry category-itokai-archiv-2019 category-news\">\n\t\t\t\t<a class=\"elementor-post__thumbnail__link\" href=\"https:\/\/www.kinderkarate.at\/ItokaiALT\/ferienspiel-neulengbach-2019\/\" tabindex=\"-1\" >\n\t\t\t<div class=\"elementor-post__thumbnail\"><img loading=\"lazy\" decoding=\"async\" width=\"1060\" height=\"1060\" src=\"https:\/\/www.kinderkarate.at\/ItokaiALT\/wp-content\/uploads\/2019\/08\/2019_08_02-Itokai-Ferienspiel-Neulengbach-3.jpg\" class=\"attachment-full size-full wp-image-11028\" alt=\"\" srcset=\"https:\/\/www.kinderkarate.at\/ItokaiALT\/wp-content\/uploads\/2019\/08\/2019_08_02-Itokai-Ferienspiel-Neulengbach-3.jpg 1060w, https:\/\/www.kinderkarate.at\/ItokaiALT\/wp-content\/uploads\/2019\/08\/2019_08_02-Itokai-Ferienspiel-Neulengbach-3-300x300.jpg 300w, https:\/\/www.kinderkarate.at\/ItokaiALT\/wp-content\/uploads\/2019\/08\/2019_08_02-Itokai-Ferienspiel-Neulengbach-3-100x100.jpg 100w, https:\/\/www.kinderkarate.at\/ItokaiALT\/wp-content\/uploads\/2019\/08\/2019_08_02-Itokai-Ferienspiel-Neulengbach-3-600x600.jpg 600w, https:\/\/www.kinderkarate.at\/ItokaiALT\/wp-content\/uploads\/2019\/08\/2019_08_02-Itokai-Ferienspiel-Neulengbach-3-150x150.jpg 150w, https:\/\/www.kinderkarate.at\/ItokaiALT\/wp-content\/uploads\/2019\/08\/2019_08_02-Itokai-Ferienspiel-Neulengbach-3-768x768.jpg 768w, https:\/\/www.kinderkarate.at\/ItokaiALT\/wp-content\/uploads\/2019\/08\/2019_08_02-Itokai-Ferienspiel-Neulengbach-3-1024x1024.jpg 1024w\" sizes=\"(max-width: 1060px) 100vw, 1060px\" \/><\/div>\n\t\t<\/a>\n\t\t\t\t<div class=\"elementor-post__text\">\n\t\t\t\t<h3 class=\"elementor-post__title\">\n\t\t\t<a href=\"https:\/\/www.kinderkarate.at\/ItokaiALT\/ferienspiel-neulengbach-2019\/\" >\n\t\t\t\tFerienspiel Neulengbach 2019\t\t\t<\/a>\n\t\t<\/h3>\n\t\t\t\t<div class=\"elementor-post__excerpt\">\n\t\t\t<p>Das war das Itokai Karate<\/p>\n\t\t<\/div>\n\t\t\n\t\t<a class=\"elementor-post__read-more\" href=\"https:\/\/www.kinderkarate.at\/ItokaiALT\/ferienspiel-neulengbach-2019\/\" aria-label=\"Read more about Ferienspiel Neulengbach 2019\" tabindex=\"-1\" >\n\t\t\tmehr dazu\t\t<\/a>\n\n\t\t\t\t<\/div>\n\t\t\t\t<\/article>\n\t\t\t\t<article class=\"elementor-post elementor-grid-item post-10557 post type-post status-publish format-standard has-post-thumbnail hentry category-itokai-archiv-2019 category-news\">\n\t\t\t\t<a class=\"elementor-post__thumbnail__link\" href=\"https:\/\/www.kinderkarate.at\/ItokaiALT\/ferienbetreuung-juli-2019\/\" tabindex=\"-1\" >\n\t\t\t<div class=\"elementor-post__thumbnail\"><img loading=\"lazy\" decoding=\"async\" width=\"1024\" height=\"768\" src=\"https:\/\/www.kinderkarate.at\/ItokaiALT\/wp-content\/uploads\/2019\/08\/2018_07-Ferienbetreuung-7.jpg\" class=\"attachment-full size-full wp-image-10952\" alt=\"\" srcset=\"https:\/\/www.kinderkarate.at\/ItokaiALT\/wp-content\/uploads\/2019\/08\/2018_07-Ferienbetreuung-7.jpg 1024w, https:\/\/www.kinderkarate.at\/ItokaiALT\/wp-content\/uploads\/2019\/08\/2018_07-Ferienbetreuung-7-600x450.jpg 600w, https:\/\/www.kinderkarate.at\/ItokaiALT\/wp-content\/uploads\/2019\/08\/2018_07-Ferienbetreuung-7-300x225.jpg 300w, https:\/\/www.kinderkarate.at\/ItokaiALT\/wp-content\/uploads\/2019\/08\/2018_07-Ferienbetreuung-7-768x576.jpg 768w\" sizes=\"(max-width: 1024px) 100vw, 1024px\" \/><\/div>\n\t\t<\/a>\n\t\t\t\t<div class=\"elementor-post__text\">\n\t\t\t\t<h3 class=\"elementor-post__title\">\n\t\t\t<a href=\"https:\/\/www.kinderkarate.at\/ItokaiALT\/ferienbetreuung-juli-2019\/\" >\n\t\t\t\tFerienbetreuung Juli 2019\t\t\t<\/a>\n\t\t<\/h3>\n\t\t\t\t<div class=\"elementor-post__excerpt\">\n\t\t\t<p>Mit viel Spa\u00df und Action<\/p>\n\t\t<\/div>\n\t\t\n\t\t<a class=\"elementor-post__read-more\" href=\"https:\/\/www.kinderkarate.at\/ItokaiALT\/ferienbetreuung-juli-2019\/\" aria-label=\"Read more about Ferienbetreuung Juli 2019\" tabindex=\"-1\" >\n\t\t\tmehr dazu\t\t<\/a>\n\n\t\t\t\t<\/div>\n\t\t\t\t<\/article>\n\t\t\t\t<article class=\"elementor-post elementor-grid-item post-10283 post type-post status-publish format-standard has-post-thumbnail hentry category-itokai-archiv-2019 category-news\">\n\t\t\t\t<a class=\"elementor-post__thumbnail__link\" href=\"https:\/\/www.kinderkarate.at\/ItokaiALT\/tullner-einkaufsnacht-juni-2019\/\" tabindex=\"-1\" >\n\t\t\t<div class=\"elementor-post__thumbnail\"><img loading=\"lazy\" decoding=\"async\" width=\"1024\" height=\"768\" src=\"https:\/\/www.kinderkarate.at\/ItokaiALT\/wp-content\/uploads\/2019\/06\/201906tullnereinkaufsnacht-3.jpg\" class=\"attachment-full size-full wp-image-10285\" alt=\"\" srcset=\"https:\/\/www.kinderkarate.at\/ItokaiALT\/wp-content\/uploads\/2019\/06\/201906tullnereinkaufsnacht-3.jpg 1024w, https:\/\/www.kinderkarate.at\/ItokaiALT\/wp-content\/uploads\/2019\/06\/201906tullnereinkaufsnacht-3-600x450.jpg 600w, https:\/\/www.kinderkarate.at\/ItokaiALT\/wp-content\/uploads\/2019\/06\/201906tullnereinkaufsnacht-3-300x225.jpg 300w, https:\/\/www.kinderkarate.at\/ItokaiALT\/wp-content\/uploads\/2019\/06\/201906tullnereinkaufsnacht-3-768x576.jpg 768w\" sizes=\"(max-width: 1024px) 100vw, 1024px\" \/><\/div>\n\t\t<\/a>\n\t\t\t\t<div class=\"elementor-post__text\">\n\t\t\t\t<h3 class=\"elementor-post__title\">\n\t\t\t<a href=\"https:\/\/www.kinderkarate.at\/ItokaiALT\/tullner-einkaufsnacht-juni-2019\/\" >\n\t\t\t\tTullner Einkaufsnacht Juni 2019\t\t\t<\/a>\n\t\t<\/h3>\n\t\t\t\t<div class=\"elementor-post__excerpt\">\n\t\t\t<p>Wir engagieren uns f\u00fcr die<\/p>\n\t\t<\/div>\n\t\t\n\t\t<a class=\"elementor-post__read-more\" href=\"https:\/\/www.kinderkarate.at\/ItokaiALT\/tullner-einkaufsnacht-juni-2019\/\" aria-label=\"Read more about Tullner Einkaufsnacht Juni 2019\" tabindex=\"-1\" >\n\t\t\tmehr dazu\t\t<\/a>\n\n\t\t\t\t<\/div>\n\t\t\t\t<\/article>\n\t\t\t\t<article class=\"elementor-post elementor-grid-item post-10272 post type-post status-publish format-standard has-post-thumbnail hentry category-itokai-archiv-2019 category-news\">\n\t\t\t\t<a class=\"elementor-post__thumbnail__link\" href=\"https:\/\/www.kinderkarate.at\/ItokaiALT\/guertelpruefung-erwachsene-juni-2019\/\" tabindex=\"-1\" >\n\t\t\t<div class=\"elementor-post__thumbnail\"><img loading=\"lazy\" decoding=\"async\" width=\"1024\" height=\"768\" src=\"https:\/\/www.kinderkarate.at\/ItokaiALT\/wp-content\/uploads\/2019\/06\/karatepr\u00fcfungerwachsene2019-06-3.jpg\" class=\"attachment-full size-full wp-image-10269\" alt=\"\" srcset=\"https:\/\/www.kinderkarate.at\/ItokaiALT\/wp-content\/uploads\/2019\/06\/karatepr\u00fcfungerwachsene2019-06-3.jpg 1024w, https:\/\/www.kinderkarate.at\/ItokaiALT\/wp-content\/uploads\/2019\/06\/karatepr\u00fcfungerwachsene2019-06-3-600x450.jpg 600w, https:\/\/www.kinderkarate.at\/ItokaiALT\/wp-content\/uploads\/2019\/06\/karatepr\u00fcfungerwachsene2019-06-3-300x225.jpg 300w, https:\/\/www.kinderkarate.at\/ItokaiALT\/wp-content\/uploads\/2019\/06\/karatepr\u00fcfungerwachsene2019-06-3-768x576.jpg 768w\" sizes=\"(max-width: 1024px) 100vw, 1024px\" \/><\/div>\n\t\t<\/a>\n\t\t\t\t<div class=\"elementor-post__text\">\n\t\t\t\t<h3 class=\"elementor-post__title\">\n\t\t\t<a href=\"https:\/\/www.kinderkarate.at\/ItokaiALT\/guertelpruefung-erwachsene-juni-2019\/\" >\n\t\t\t\tG\u00fcrtelpr\u00fcfung Erwachsene Juni 2019\t\t\t<\/a>\n\t\t<\/h3>\n\t\t\t\t<div class=\"elementor-post__excerpt\">\n\t\t\t<p>Auch die Sch\u00fcler unsere Erwachsenengruppen<\/p>\n\t\t<\/div>\n\t\t\n\t\t<a class=\"elementor-post__read-more\" href=\"https:\/\/www.kinderkarate.at\/ItokaiALT\/guertelpruefung-erwachsene-juni-2019\/\" aria-label=\"Read more about G\u00fcrtelpr\u00fcfung Erwachsene Juni 2019\" tabindex=\"-1\" >\n\t\t\tmehr dazu\t\t<\/a>\n\n\t\t\t\t<\/div>\n\t\t\t\t<\/article>\n\t\t\t\t<article class=\"elementor-post elementor-grid-item post-10255 post type-post status-publish format-standard has-post-thumbnail hentry category-itokai-archiv-2019 category-news\">\n\t\t\t\t<a class=\"elementor-post__thumbnail__link\" href=\"https:\/\/www.kinderkarate.at\/ItokaiALT\/guertelpruefung-karatekids-juni-2019\/\" tabindex=\"-1\" >\n\t\t\t<div class=\"elementor-post__thumbnail\"><img loading=\"lazy\" decoding=\"async\" width=\"1022\" height=\"768\" src=\"https:\/\/www.kinderkarate.at\/ItokaiALT\/wp-content\/uploads\/2019\/06\/karatepr\u00fcfungkinder2019-06-12.jpg\" class=\"attachment-full size-full wp-image-10251\" alt=\"\" srcset=\"https:\/\/www.kinderkarate.at\/ItokaiALT\/wp-content\/uploads\/2019\/06\/karatepr\u00fcfungkinder2019-06-12.jpg 1022w, https:\/\/www.kinderkarate.at\/ItokaiALT\/wp-content\/uploads\/2019\/06\/karatepr\u00fcfungkinder2019-06-12-600x451.jpg 600w, https:\/\/www.kinderkarate.at\/ItokaiALT\/wp-content\/uploads\/2019\/06\/karatepr\u00fcfungkinder2019-06-12-300x225.jpg 300w, https:\/\/www.kinderkarate.at\/ItokaiALT\/wp-content\/uploads\/2019\/06\/karatepr\u00fcfungkinder2019-06-12-768x577.jpg 768w\" sizes=\"(max-width: 1022px) 100vw, 1022px\" \/><\/div>\n\t\t<\/a>\n\t\t\t\t<div class=\"elementor-post__text\">\n\t\t\t\t<h3 class=\"elementor-post__title\">\n\t\t\t<a href=\"https:\/\/www.kinderkarate.at\/ItokaiALT\/guertelpruefung-karatekids-juni-2019\/\" >\n\t\t\t\tG\u00fcrtelpr\u00fcfung Karatekids Juni 2019\t\t\t<\/a>\n\t\t<\/h3>\n\t\t\t\t<div class=\"elementor-post__excerpt\">\n\t\t\t<p>Rechtzeitig vor den Sommerferien fand<\/p>\n\t\t<\/div>\n\t\t\n\t\t<a class=\"elementor-post__read-more\" href=\"https:\/\/www.kinderkarate.at\/ItokaiALT\/guertelpruefung-karatekids-juni-2019\/\" aria-label=\"Read more about G\u00fcrtelpr\u00fcfung Karatekids Juni 2019\" tabindex=\"-1\" >\n\t\t\tmehr dazu\t\t<\/a>\n\n\t\t\t\t<\/div>\n\t\t\t\t<\/article>\n\t\t\t\t<article class=\"elementor-post elementor-grid-item post-10185 post type-post status-publish format-standard has-post-thumbnail hentry category-itokai-archiv-2019 category-news\">\n\t\t\t\t<a class=\"elementor-post__thumbnail__link\" href=\"https:\/\/www.kinderkarate.at\/ItokaiALT\/erste-hilfe-kurs-2019\/\" tabindex=\"-1\" >\n\t\t\t<div class=\"elementor-post__thumbnail\"><img loading=\"lazy\" decoding=\"async\" width=\"1024\" height=\"768\" src=\"https:\/\/www.kinderkarate.at\/ItokaiALT\/wp-content\/uploads\/2019\/06\/2019_06_15-Erste_Hilfe2.jpg\" class=\"attachment-full size-full wp-image-10180\" alt=\"\" srcset=\"https:\/\/www.kinderkarate.at\/ItokaiALT\/wp-content\/uploads\/2019\/06\/2019_06_15-Erste_Hilfe2.jpg 1024w, https:\/\/www.kinderkarate.at\/ItokaiALT\/wp-content\/uploads\/2019\/06\/2019_06_15-Erste_Hilfe2-600x450.jpg 600w, https:\/\/www.kinderkarate.at\/ItokaiALT\/wp-content\/uploads\/2019\/06\/2019_06_15-Erste_Hilfe2-300x225.jpg 300w, https:\/\/www.kinderkarate.at\/ItokaiALT\/wp-content\/uploads\/2019\/06\/2019_06_15-Erste_Hilfe2-768x576.jpg 768w\" sizes=\"(max-width: 1024px) 100vw, 1024px\" \/><\/div>\n\t\t<\/a>\n\t\t\t\t<div class=\"elementor-post__text\">\n\t\t\t\t<h3 class=\"elementor-post__title\">\n\t\t\t<a href=\"https:\/\/www.kinderkarate.at\/ItokaiALT\/erste-hilfe-kurs-2019\/\" >\n\t\t\t\tErste Hilfe Kurs 2019\t\t\t<\/a>\n\t\t<\/h3>\n\t\t\t\t<div class=\"elementor-post__excerpt\">\n\t\t\t<p>Unsere Itokai Kampfkunstlehrer und Leadership<\/p>\n\t\t<\/div>\n\t\t\n\t\t<a class=\"elementor-post__read-more\" href=\"https:\/\/www.kinderkarate.at\/ItokaiALT\/erste-hilfe-kurs-2019\/\" aria-label=\"Read more about Erste Hilfe Kurs 2019\" tabindex=\"-1\" >\n\t\t\tmehr dazu\t\t<\/a>\n\n\t\t\t\t<\/div>\n\t\t\t\t<\/article>\n\t\t\t\t<article class=\"elementor-post elementor-grid-item post-10080 post type-post status-publish format-standard hentry category-itokai-archiv-2019 category-news\">\n\t\t\t\t<div class=\"elementor-post__text\">\n\t\t\t\t<h3 class=\"elementor-post__title\">\n\t\t\t<a href=\"https:\/\/www.kinderkarate.at\/ItokaiALT\/karate-kids-camp-2019\/\" >\n\t\t\t\tKarate Kids Camp 2019\t\t\t<\/a>\n\t\t<\/h3>\n\t\t\t\t<div class=\"elementor-post__excerpt\">\n\t\t\t<p>Jede Menge Itokai Karate Kids<\/p>\n\t\t<\/div>\n\t\t\n\t\t<a class=\"elementor-post__read-more\" href=\"https:\/\/www.kinderkarate.at\/ItokaiALT\/karate-kids-camp-2019\/\" aria-label=\"Read more about Karate Kids Camp 2019\" tabindex=\"-1\" >\n\t\t\tmehr dazu\t\t<\/a>\n\n\t\t\t\t<\/div>\n\t\t\t\t<\/article>\n\t\t\t\t<article class=\"elementor-post elementor-grid-item post-9871 post type-post status-publish format-standard has-post-thumbnail hentry category-itokai-archiv-2019 category-news\">\n\t\t\t\t<a class=\"elementor-post__thumbnail__link\" href=\"https:\/\/www.kinderkarate.at\/ItokaiALT\/kampfkunst-sommercamp-2019\/\" tabindex=\"-1\" >\n\t\t\t<div class=\"elementor-post__thumbnail\"><img loading=\"lazy\" decoding=\"async\" width=\"1024\" height=\"682\" src=\"https:\/\/www.kinderkarate.at\/ItokaiALT\/wp-content\/uploads\/2019\/05\/2019_05_17-19-Kampfkunst-Sommercamp-FotoTriebenbacherC-122.jpg\" class=\"attachment-full size-full wp-image-9873\" alt=\"\" srcset=\"https:\/\/www.kinderkarate.at\/ItokaiALT\/wp-content\/uploads\/2019\/05\/2019_05_17-19-Kampfkunst-Sommercamp-FotoTriebenbacherC-122.jpg 1024w, https:\/\/www.kinderkarate.at\/ItokaiALT\/wp-content\/uploads\/2019\/05\/2019_05_17-19-Kampfkunst-Sommercamp-FotoTriebenbacherC-122-600x400.jpg 600w, https:\/\/www.kinderkarate.at\/ItokaiALT\/wp-content\/uploads\/2019\/05\/2019_05_17-19-Kampfkunst-Sommercamp-FotoTriebenbacherC-122-300x200.jpg 300w, https:\/\/www.kinderkarate.at\/ItokaiALT\/wp-content\/uploads\/2019\/05\/2019_05_17-19-Kampfkunst-Sommercamp-FotoTriebenbacherC-122-768x512.jpg 768w\" sizes=\"(max-width: 1024px) 100vw, 1024px\" \/><\/div>\n\t\t<\/a>\n\t\t\t\t<div class=\"elementor-post__text\">\n\t\t\t\t<h3 class=\"elementor-post__title\">\n\t\t\t<a href=\"https:\/\/www.kinderkarate.at\/ItokaiALT\/kampfkunst-sommercamp-2019\/\" >\n\t\t\t\tKampfkunst Sommercamp 2019\t\t\t<\/a>\n\t\t<\/h3>\n\t\t\t\t<div class=\"elementor-post__excerpt\">\n\t\t\t<p>Von 15. bis 17. Mai<\/p>\n\t\t<\/div>\n\t\t\n\t\t<a class=\"elementor-post__read-more\" href=\"https:\/\/www.kinderkarate.at\/ItokaiALT\/kampfkunst-sommercamp-2019\/\" aria-label=\"Read more about Kampfkunst Sommercamp 2019\" tabindex=\"-1\" >\n\t\t\tmehr dazu\t\t<\/a>\n\n\t\t\t\t<\/div>\n\t\t\t\t<\/article>\n\t\t\t\t<article class=\"elementor-post elementor-grid-item post-9803 post type-post status-publish format-standard has-post-thumbnail hentry category-itokai-archiv-2019 category-news\">\n\t\t\t\t<a class=\"elementor-post__thumbnail__link\" href=\"https:\/\/www.kinderkarate.at\/ItokaiALT\/weisse-einkaufsnacht-in-neulengbach-2019\/\" tabindex=\"-1\" >\n\t\t\t<div class=\"elementor-post__thumbnail\"><img loading=\"lazy\" decoding=\"async\" width=\"960\" height=\"960\" src=\"https:\/\/www.kinderkarate.at\/ItokaiALT\/wp-content\/uploads\/2019\/05\/59952726_1438248249664176_662971525472714752_n.jpg\" class=\"attachment-full size-full wp-image-9808\" alt=\"\" srcset=\"https:\/\/www.kinderkarate.at\/ItokaiALT\/wp-content\/uploads\/2019\/05\/59952726_1438248249664176_662971525472714752_n.jpg 960w, https:\/\/www.kinderkarate.at\/ItokaiALT\/wp-content\/uploads\/2019\/05\/59952726_1438248249664176_662971525472714752_n-300x300.jpg 300w, https:\/\/www.kinderkarate.at\/ItokaiALT\/wp-content\/uploads\/2019\/05\/59952726_1438248249664176_662971525472714752_n-100x100.jpg 100w, https:\/\/www.kinderkarate.at\/ItokaiALT\/wp-content\/uploads\/2019\/05\/59952726_1438248249664176_662971525472714752_n-600x600.jpg 600w, https:\/\/www.kinderkarate.at\/ItokaiALT\/wp-content\/uploads\/2019\/05\/59952726_1438248249664176_662971525472714752_n-150x150.jpg 150w, https:\/\/www.kinderkarate.at\/ItokaiALT\/wp-content\/uploads\/2019\/05\/59952726_1438248249664176_662971525472714752_n-768x768.jpg 768w\" sizes=\"(max-width: 960px) 100vw, 960px\" \/><\/div>\n\t\t<\/a>\n\t\t\t\t<div class=\"elementor-post__text\">\n\t\t\t\t<h3 class=\"elementor-post__title\">\n\t\t\t<a href=\"https:\/\/www.kinderkarate.at\/ItokaiALT\/weisse-einkaufsnacht-in-neulengbach-2019\/\" >\n\t\t\t\tWei\u00dfe Einkaufsnacht in Neulengbach 2019\t\t\t<\/a>\n\t\t<\/h3>\n\t\t\t\t<div class=\"elementor-post__excerpt\">\n\t\t\t<p>Das war die &#8222;Wei\u00dfe Einkaufsnacht&#8220;<\/p>\n\t\t<\/div>\n\t\t\n\t\t<a class=\"elementor-post__read-more\" href=\"https:\/\/www.kinderkarate.at\/ItokaiALT\/weisse-einkaufsnacht-in-neulengbach-2019\/\" aria-label=\"Read more about Wei\u00dfe Einkaufsnacht in Neulengbach 2019\" tabindex=\"-1\" >\n\t\t\tmehr dazu\t\t<\/a>\n\n\t\t\t\t<\/div>\n\t\t\t\t<\/article>\n\t\t\t\t<article class=\"elementor-post elementor-grid-item post-9781 post type-post status-publish format-standard has-post-thumbnail hentry category-itokai-archiv-2019 category-news\">\n\t\t\t\t<a class=\"elementor-post__thumbnail__link\" href=\"https:\/\/www.kinderkarate.at\/ItokaiALT\/schwarzgurt-fokus-bei-itokai-karate\/\" tabindex=\"-1\" >\n\t\t\t<div class=\"elementor-post__thumbnail\"><img loading=\"lazy\" decoding=\"async\" width=\"960\" height=\"960\" src=\"https:\/\/www.kinderkarate.at\/ItokaiALT\/wp-content\/uploads\/2019\/05\/59719098_1437187043103630_6606290662008553472_n.jpg\" class=\"attachment-full size-full wp-image-9780\" alt=\"\" srcset=\"https:\/\/www.kinderkarate.at\/ItokaiALT\/wp-content\/uploads\/2019\/05\/59719098_1437187043103630_6606290662008553472_n.jpg 960w, https:\/\/www.kinderkarate.at\/ItokaiALT\/wp-content\/uploads\/2019\/05\/59719098_1437187043103630_6606290662008553472_n-300x300.jpg 300w, https:\/\/www.kinderkarate.at\/ItokaiALT\/wp-content\/uploads\/2019\/05\/59719098_1437187043103630_6606290662008553472_n-100x100.jpg 100w, https:\/\/www.kinderkarate.at\/ItokaiALT\/wp-content\/uploads\/2019\/05\/59719098_1437187043103630_6606290662008553472_n-600x600.jpg 600w, https:\/\/www.kinderkarate.at\/ItokaiALT\/wp-content\/uploads\/2019\/05\/59719098_1437187043103630_6606290662008553472_n-150x150.jpg 150w, https:\/\/www.kinderkarate.at\/ItokaiALT\/wp-content\/uploads\/2019\/05\/59719098_1437187043103630_6606290662008553472_n-768x768.jpg 768w\" sizes=\"(max-width: 960px) 100vw, 960px\" \/><\/div>\n\t\t<\/a>\n\t\t\t\t<div class=\"elementor-post__text\">\n\t\t\t\t<h3 class=\"elementor-post__title\">\n\t\t\t<a href=\"https:\/\/www.kinderkarate.at\/ItokaiALT\/schwarzgurt-fokus-bei-itokai-karate\/\" >\n\t\t\t\tSchwarzgurt Fokus bei Itokai Karate\t\t\t<\/a>\n\t\t<\/h3>\n\t\t\t\t<div class=\"elementor-post__excerpt\">\n\t\t\t<p>Unser Team von Itokai bereitet<\/p>\n\t\t<\/div>\n\t\t\n\t\t<a class=\"elementor-post__read-more\" href=\"https:\/\/www.kinderkarate.at\/ItokaiALT\/schwarzgurt-fokus-bei-itokai-karate\/\" aria-label=\"Read more about Schwarzgurt Fokus bei Itokai Karate\" tabindex=\"-1\" >\n\t\t\tmehr dazu\t\t<\/a>\n\n\t\t\t\t<\/div>\n\t\t\t\t<\/article>\n\t\t\t\t<article class=\"elementor-post elementor-grid-item post-9724 post type-post status-publish format-standard has-post-thumbnail hentry category-itokai-archiv-2019 category-news\">\n\t\t\t\t<a class=\"elementor-post__thumbnail__link\" href=\"https:\/\/www.kinderkarate.at\/ItokaiALT\/kampfkunstseminar-fuer-kinder-mit-sensei-daniel-carich-6-dan-karate\/\" tabindex=\"-1\" >\n\t\t\t<div class=\"elementor-post__thumbnail\"><img loading=\"lazy\" decoding=\"async\" width=\"1280\" height=\"960\" src=\"https:\/\/www.kinderkarate.at\/ItokaiALT\/wp-content\/uploads\/2019\/04\/IMG_20190427_120724.jpg\" class=\"attachment-full size-full wp-image-9722\" alt=\"\" srcset=\"https:\/\/www.kinderkarate.at\/ItokaiALT\/wp-content\/uploads\/2019\/04\/IMG_20190427_120724.jpg 1280w, https:\/\/www.kinderkarate.at\/ItokaiALT\/wp-content\/uploads\/2019\/04\/IMG_20190427_120724-600x450.jpg 600w, https:\/\/www.kinderkarate.at\/ItokaiALT\/wp-content\/uploads\/2019\/04\/IMG_20190427_120724-300x225.jpg 300w, https:\/\/www.kinderkarate.at\/ItokaiALT\/wp-content\/uploads\/2019\/04\/IMG_20190427_120724-768x576.jpg 768w, https:\/\/www.kinderkarate.at\/ItokaiALT\/wp-content\/uploads\/2019\/04\/IMG_20190427_120724-1024x768.jpg 1024w\" sizes=\"(max-width: 1280px) 100vw, 1280px\" \/><\/div>\n\t\t<\/a>\n\t\t\t\t<div class=\"elementor-post__text\">\n\t\t\t\t<h3 class=\"elementor-post__title\">\n\t\t\t<a href=\"https:\/\/www.kinderkarate.at\/ItokaiALT\/kampfkunstseminar-fuer-kinder-mit-sensei-daniel-carich-6-dan-karate\/\" >\n\t\t\t\tKampfkunstseminar f\u00fcr Kinder mit Sensei Daniel Carich (6. dan Karate)\t\t\t<\/a>\n\t\t<\/h3>\n\t\t\t\t<div class=\"elementor-post__excerpt\">\n\t\t\t<p>Das war ein Spa\u00df f\u00fcr<\/p>\n\t\t<\/div>\n\t\t\n\t\t<a class=\"elementor-post__read-more\" href=\"https:\/\/www.kinderkarate.at\/ItokaiALT\/kampfkunstseminar-fuer-kinder-mit-sensei-daniel-carich-6-dan-karate\/\" aria-label=\"Read more about Kampfkunstseminar f\u00fcr Kinder mit Sensei Daniel Carich (6. dan Karate)\" tabindex=\"-1\" >\n\t\t\tmehr dazu\t\t<\/a>\n\n\t\t\t\t<\/div>\n\t\t\t\t<\/article>\n\t\t\t\t<article class=\"elementor-post elementor-grid-item post-9734 post type-post status-publish format-standard has-post-thumbnail hentry category-itokai-archiv-2019 category-news\">\n\t\t\t\t<a class=\"elementor-post__thumbnail__link\" href=\"https:\/\/www.kinderkarate.at\/ItokaiALT\/kampfkunstseminar-fuer-kinder-mit-sensei-daniel-carich-6-dan-karate-2\/\" tabindex=\"-1\" >\n\t\t\t<div class=\"elementor-post__thumbnail\"><img loading=\"lazy\" decoding=\"async\" width=\"1280\" height=\"960\" src=\"https:\/\/www.kinderkarate.at\/ItokaiALT\/wp-content\/uploads\/2019\/04\/IMG_20190427_101240.jpg\" class=\"attachment-full size-full wp-image-9733\" alt=\"\" srcset=\"https:\/\/www.kinderkarate.at\/ItokaiALT\/wp-content\/uploads\/2019\/04\/IMG_20190427_101240.jpg 1280w, https:\/\/www.kinderkarate.at\/ItokaiALT\/wp-content\/uploads\/2019\/04\/IMG_20190427_101240-600x450.jpg 600w, https:\/\/www.kinderkarate.at\/ItokaiALT\/wp-content\/uploads\/2019\/04\/IMG_20190427_101240-300x225.jpg 300w, https:\/\/www.kinderkarate.at\/ItokaiALT\/wp-content\/uploads\/2019\/04\/IMG_20190427_101240-768x576.jpg 768w, https:\/\/www.kinderkarate.at\/ItokaiALT\/wp-content\/uploads\/2019\/04\/IMG_20190427_101240-1024x768.jpg 1024w\" sizes=\"(max-width: 1280px) 100vw, 1280px\" \/><\/div>\n\t\t<\/a>\n\t\t\t\t<div class=\"elementor-post__text\">\n\t\t\t\t<h3 class=\"elementor-post__title\">\n\t\t\t<a href=\"https:\/\/www.kinderkarate.at\/ItokaiALT\/kampfkunstseminar-fuer-kinder-mit-sensei-daniel-carich-6-dan-karate-2\/\" >\n\t\t\t\tKampfkunstseminar f\u00fcr Erwachsene mit Sensei Daniel Carich (6. dan Karate)\t\t\t<\/a>\n\t\t<\/h3>\n\t\t\t\t<div class=\"elementor-post__excerpt\">\n\t\t\t<p>Viele unserer Itokai Sch\u00fcler haben<\/p>\n\t\t<\/div>\n\t\t\n\t\t<a class=\"elementor-post__read-more\" href=\"https:\/\/www.kinderkarate.at\/ItokaiALT\/kampfkunstseminar-fuer-kinder-mit-sensei-daniel-carich-6-dan-karate-2\/\" aria-label=\"Read more about Kampfkunstseminar f\u00fcr Erwachsene mit Sensei Daniel Carich (6. dan Karate)\" tabindex=\"-1\" >\n\t\t\tmehr dazu\t\t<\/a>\n\n\t\t\t\t<\/div>\n\t\t\t\t<\/article>\n\t\t\t\t<article class=\"elementor-post elementor-grid-item post-9784 post type-post status-publish format-standard has-post-thumbnail hentry category-itokai-archiv-2019 category-news\">\n\t\t\t\t<a class=\"elementor-post__thumbnail__link\" href=\"https:\/\/www.kinderkarate.at\/ItokaiALT\/teamwork-makes-the-dream-work\/\" tabindex=\"-1\" >\n\t\t\t<div class=\"elementor-post__thumbnail\"><img loading=\"lazy\" decoding=\"async\" width=\"960\" height=\"720\" src=\"https:\/\/www.kinderkarate.at\/ItokaiALT\/wp-content\/uploads\/2019\/05\/57798887_1426617424160592_5293108500065419264_n.jpg\" class=\"attachment-full size-full wp-image-9785\" alt=\"\" srcset=\"https:\/\/www.kinderkarate.at\/ItokaiALT\/wp-content\/uploads\/2019\/05\/57798887_1426617424160592_5293108500065419264_n.jpg 960w, https:\/\/www.kinderkarate.at\/ItokaiALT\/wp-content\/uploads\/2019\/05\/57798887_1426617424160592_5293108500065419264_n-600x450.jpg 600w, https:\/\/www.kinderkarate.at\/ItokaiALT\/wp-content\/uploads\/2019\/05\/57798887_1426617424160592_5293108500065419264_n-300x225.jpg 300w, https:\/\/www.kinderkarate.at\/ItokaiALT\/wp-content\/uploads\/2019\/05\/57798887_1426617424160592_5293108500065419264_n-768x576.jpg 768w\" sizes=\"(max-width: 960px) 100vw, 960px\" \/><\/div>\n\t\t<\/a>\n\t\t\t\t<div class=\"elementor-post__text\">\n\t\t\t\t<h3 class=\"elementor-post__title\">\n\t\t\t<a href=\"https:\/\/www.kinderkarate.at\/ItokaiALT\/teamwork-makes-the-dream-work\/\" >\n\t\t\t\tteamwork makes the dream work\t\t\t<\/a>\n\t\t<\/h3>\n\t\t\t\t<div class=\"elementor-post__excerpt\">\n\t\t\t<p>Das Kampfkunstlehrerteam von Itokai kommt<\/p>\n\t\t<\/div>\n\t\t\n\t\t<a class=\"elementor-post__read-more\" href=\"https:\/\/www.kinderkarate.at\/ItokaiALT\/teamwork-makes-the-dream-work\/\" aria-label=\"Read more about teamwork makes the dream work\" tabindex=\"-1\" >\n\t\t\tmehr dazu\t\t<\/a>\n\n\t\t\t\t<\/div>\n\t\t\t\t<\/article>\n\t\t\t\t<article class=\"elementor-post elementor-grid-item post-9410 post type-post status-publish format-standard has-post-thumbnail hentry category-itokai-archiv-2019 category-news\">\n\t\t\t\t<a class=\"elementor-post__thumbnail__link\" href=\"https:\/\/www.kinderkarate.at\/ItokaiALT\/award-of-excellence-2019-03\/\" tabindex=\"-1\" >\n\t\t\t<div class=\"elementor-post__thumbnail\"><img loading=\"lazy\" decoding=\"async\" width=\"1280\" height=\"960\" src=\"https:\/\/www.kinderkarate.at\/ItokaiALT\/wp-content\/uploads\/2019\/03\/2019_03-Award-of-Excellence-2.jpg\" class=\"attachment-full size-full wp-image-9408\" alt=\"\" srcset=\"https:\/\/www.kinderkarate.at\/ItokaiALT\/wp-content\/uploads\/2019\/03\/2019_03-Award-of-Excellence-2.jpg 1280w, https:\/\/www.kinderkarate.at\/ItokaiALT\/wp-content\/uploads\/2019\/03\/2019_03-Award-of-Excellence-2-600x450.jpg 600w, https:\/\/www.kinderkarate.at\/ItokaiALT\/wp-content\/uploads\/2019\/03\/2019_03-Award-of-Excellence-2-300x225.jpg 300w, https:\/\/www.kinderkarate.at\/ItokaiALT\/wp-content\/uploads\/2019\/03\/2019_03-Award-of-Excellence-2-768x576.jpg 768w, https:\/\/www.kinderkarate.at\/ItokaiALT\/wp-content\/uploads\/2019\/03\/2019_03-Award-of-Excellence-2-1024x768.jpg 1024w\" sizes=\"(max-width: 1280px) 100vw, 1280px\" \/><\/div>\n\t\t<\/a>\n\t\t\t\t<div class=\"elementor-post__text\">\n\t\t\t\t<h3 class=\"elementor-post__title\">\n\t\t\t<a href=\"https:\/\/www.kinderkarate.at\/ItokaiALT\/award-of-excellence-2019-03\/\" >\n\t\t\t\tAward of Excellence 2019-03\t\t\t<\/a>\n\t\t<\/h3>\n\t\t\t\t<div class=\"elementor-post__excerpt\">\n\t\t\t<p>Wir durften k\u00fcrzlich eine hohe<\/p>\n\t\t<\/div>\n\t\t\n\t\t<a class=\"elementor-post__read-more\" href=\"https:\/\/www.kinderkarate.at\/ItokaiALT\/award-of-excellence-2019-03\/\" aria-label=\"Read more about Award of Excellence 2019-03\" tabindex=\"-1\" >\n\t\t\tmehr dazu\t\t<\/a>\n\n\t\t\t\t<\/div>\n\t\t\t\t<\/article>\n\t\t\t\t<article class=\"elementor-post elementor-grid-item post-9405 post type-post status-publish format-standard has-post-thumbnail hentry category-itokai-archiv-2019 category-news\">\n\t\t\t\t<a class=\"elementor-post__thumbnail__link\" href=\"https:\/\/www.kinderkarate.at\/ItokaiALT\/schwarzgurtpruefung-kickboxen-2019-03\/\" tabindex=\"-1\" >\n\t\t\t<div class=\"elementor-post__thumbnail\"><img loading=\"lazy\" decoding=\"async\" width=\"1280\" height=\"960\" src=\"https:\/\/www.kinderkarate.at\/ItokaiALT\/wp-content\/uploads\/2019\/03\/2019_03-Danpr\u00fcfung-Kickboxen-1.jpg\" class=\"attachment-full size-full wp-image-9402\" alt=\"\" srcset=\"https:\/\/www.kinderkarate.at\/ItokaiALT\/wp-content\/uploads\/2019\/03\/2019_03-Danpr\u00fcfung-Kickboxen-1.jpg 1280w, https:\/\/www.kinderkarate.at\/ItokaiALT\/wp-content\/uploads\/2019\/03\/2019_03-Danpr\u00fcfung-Kickboxen-1-600x450.jpg 600w, https:\/\/www.kinderkarate.at\/ItokaiALT\/wp-content\/uploads\/2019\/03\/2019_03-Danpr\u00fcfung-Kickboxen-1-300x225.jpg 300w, https:\/\/www.kinderkarate.at\/ItokaiALT\/wp-content\/uploads\/2019\/03\/2019_03-Danpr\u00fcfung-Kickboxen-1-768x576.jpg 768w, https:\/\/www.kinderkarate.at\/ItokaiALT\/wp-content\/uploads\/2019\/03\/2019_03-Danpr\u00fcfung-Kickboxen-1-1024x768.jpg 1024w\" sizes=\"(max-width: 1280px) 100vw, 1280px\" \/><\/div>\n\t\t<\/a>\n\t\t\t\t<div class=\"elementor-post__text\">\n\t\t\t\t<h3 class=\"elementor-post__title\">\n\t\t\t<a href=\"https:\/\/www.kinderkarate.at\/ItokaiALT\/schwarzgurtpruefung-kickboxen-2019-03\/\" >\n\t\t\t\tSchwarzgurtpr\u00fcfung Kickboxen 2019-03\t\t\t<\/a>\n\t\t<\/h3>\n\t\t\t\t<div class=\"elementor-post__excerpt\">\n\t\t\t<p>Unsere Itokai Schulleiter Sensei Daniel<\/p>\n\t\t<\/div>\n\t\t\n\t\t<a class=\"elementor-post__read-more\" href=\"https:\/\/www.kinderkarate.at\/ItokaiALT\/schwarzgurtpruefung-kickboxen-2019-03\/\" aria-label=\"Read more about Schwarzgurtpr\u00fcfung Kickboxen 2019-03\" tabindex=\"-1\" >\n\t\t\tmehr dazu\t\t<\/a>\n\n\t\t\t\t<\/div>\n\t\t\t\t<\/article>\n\t\t\t\t<article class=\"elementor-post elementor-grid-item post-9398 post type-post status-publish format-standard has-post-thumbnail hentry category-itokai-archiv-2019 category-news\">\n\t\t\t\t<a class=\"elementor-post__thumbnail__link\" href=\"https:\/\/www.kinderkarate.at\/ItokaiALT\/kampfkunstseminar-mit-sensei-fred-depalma-kyoshi-9-dan\/\" tabindex=\"-1\" >\n\t\t\t<div class=\"elementor-post__thumbnail\"><img loading=\"lazy\" decoding=\"async\" width=\"1280\" height=\"960\" src=\"https:\/\/www.kinderkarate.at\/ItokaiALT\/wp-content\/uploads\/2019\/03\/2019_03-Training-mit-Sensei-DePalma-1.jpg\" class=\"attachment-full size-full wp-image-9382\" alt=\"\" srcset=\"https:\/\/www.kinderkarate.at\/ItokaiALT\/wp-content\/uploads\/2019\/03\/2019_03-Training-mit-Sensei-DePalma-1.jpg 1280w, https:\/\/www.kinderkarate.at\/ItokaiALT\/wp-content\/uploads\/2019\/03\/2019_03-Training-mit-Sensei-DePalma-1-600x450.jpg 600w, https:\/\/www.kinderkarate.at\/ItokaiALT\/wp-content\/uploads\/2019\/03\/2019_03-Training-mit-Sensei-DePalma-1-300x225.jpg 300w, https:\/\/www.kinderkarate.at\/ItokaiALT\/wp-content\/uploads\/2019\/03\/2019_03-Training-mit-Sensei-DePalma-1-768x576.jpg 768w, https:\/\/www.kinderkarate.at\/ItokaiALT\/wp-content\/uploads\/2019\/03\/2019_03-Training-mit-Sensei-DePalma-1-1024x768.jpg 1024w\" sizes=\"(max-width: 1280px) 100vw, 1280px\" \/><\/div>\n\t\t<\/a>\n\t\t\t\t<div class=\"elementor-post__text\">\n\t\t\t\t<h3 class=\"elementor-post__title\">\n\t\t\t<a href=\"https:\/\/www.kinderkarate.at\/ItokaiALT\/kampfkunstseminar-mit-sensei-fred-depalma-kyoshi-9-dan\/\" >\n\t\t\t\tKampfkunstseminar mit Sensei Fred DePalma Kyoshi 9.dan\t\t\t<\/a>\n\t\t<\/h3>\n\t\t\t\t<div class=\"elementor-post__excerpt\">\n\t\t\t<p>Unsere Karateka und Kickboxer haben<\/p>\n\t\t<\/div>\n\t\t\n\t\t<a class=\"elementor-post__read-more\" href=\"https:\/\/www.kinderkarate.at\/ItokaiALT\/kampfkunstseminar-mit-sensei-fred-depalma-kyoshi-9-dan\/\" aria-label=\"Read more about Kampfkunstseminar mit Sensei Fred DePalma Kyoshi 9.dan\" tabindex=\"-1\" >\n\t\t\tmehr dazu\t\t<\/a>\n\n\t\t\t\t<\/div>\n\t\t\t\t<\/article>\n\t\t\t\t<article class=\"elementor-post elementor-grid-item post-9288 post type-post status-publish format-standard has-post-thumbnail hentry category-itokai-archiv-2019 category-news\">\n\t\t\t\t<a class=\"elementor-post__thumbnail__link\" href=\"https:\/\/www.kinderkarate.at\/ItokaiALT\/guertelpruefung-spezial-maerz-2019\/\" tabindex=\"-1\" >\n\t\t\t<div class=\"elementor-post__thumbnail\"><img loading=\"lazy\" decoding=\"async\" width=\"1280\" height=\"960\" src=\"https:\/\/www.kinderkarate.at\/ItokaiALT\/wp-content\/uploads\/2019\/03\/2019_03-Braun-und-Braun-Schwarzgurtpr\u00fcfung-16.jpg\" class=\"attachment-full size-full wp-image-9272\" alt=\"\" srcset=\"https:\/\/www.kinderkarate.at\/ItokaiALT\/wp-content\/uploads\/2019\/03\/2019_03-Braun-und-Braun-Schwarzgurtpr\u00fcfung-16.jpg 1280w, https:\/\/www.kinderkarate.at\/ItokaiALT\/wp-content\/uploads\/2019\/03\/2019_03-Braun-und-Braun-Schwarzgurtpr\u00fcfung-16-600x450.jpg 600w, https:\/\/www.kinderkarate.at\/ItokaiALT\/wp-content\/uploads\/2019\/03\/2019_03-Braun-und-Braun-Schwarzgurtpr\u00fcfung-16-300x225.jpg 300w, https:\/\/www.kinderkarate.at\/ItokaiALT\/wp-content\/uploads\/2019\/03\/2019_03-Braun-und-Braun-Schwarzgurtpr\u00fcfung-16-768x576.jpg 768w, https:\/\/www.kinderkarate.at\/ItokaiALT\/wp-content\/uploads\/2019\/03\/2019_03-Braun-und-Braun-Schwarzgurtpr\u00fcfung-16-1024x768.jpg 1024w\" sizes=\"(max-width: 1280px) 100vw, 1280px\" \/><\/div>\n\t\t<\/a>\n\t\t\t\t<div class=\"elementor-post__text\">\n\t\t\t\t<h3 class=\"elementor-post__title\">\n\t\t\t<a href=\"https:\/\/www.kinderkarate.at\/ItokaiALT\/guertelpruefung-spezial-maerz-2019\/\" >\n\t\t\t\tG\u00fcrtelpr\u00fcfung Spezial M\u00e4rz 2019\t\t\t<\/a>\n\t\t<\/h3>\n\t\t\t\t<div class=\"elementor-post__excerpt\">\n\t\t\t<p>Ein besonderes Highlight am Wochenende<\/p>\n\t\t<\/div>\n\t\t\n\t\t<a class=\"elementor-post__read-more\" href=\"https:\/\/www.kinderkarate.at\/ItokaiALT\/guertelpruefung-spezial-maerz-2019\/\" aria-label=\"Read more about G\u00fcrtelpr\u00fcfung Spezial M\u00e4rz 2019\" tabindex=\"-1\" >\n\t\t\tmehr dazu\t\t<\/a>\n\n\t\t\t\t<\/div>\n\t\t\t\t<\/article>\n\t\t\t\t<article class=\"elementor-post elementor-grid-item post-9200 post type-post status-publish format-standard has-post-thumbnail hentry category-itokai-archiv-2019 category-news\">\n\t\t\t\t<a class=\"elementor-post__thumbnail__link\" href=\"https:\/\/www.kinderkarate.at\/ItokaiALT\/guertelpruefung-erwachsene-maerz-2019\/\" tabindex=\"-1\" >\n\t\t\t<div class=\"elementor-post__thumbnail\"><img loading=\"lazy\" decoding=\"async\" width=\"1280\" height=\"960\" src=\"https:\/\/www.kinderkarate.at\/ItokaiALT\/wp-content\/uploads\/2019\/03\/2019_03-G\u00fcrtelpr\u00fcfung-Karate-Erwachsene-5.jpg\" class=\"attachment-full size-full wp-image-9190\" alt=\"\" srcset=\"https:\/\/www.kinderkarate.at\/ItokaiALT\/wp-content\/uploads\/2019\/03\/2019_03-G\u00fcrtelpr\u00fcfung-Karate-Erwachsene-5.jpg 1280w, https:\/\/www.kinderkarate.at\/ItokaiALT\/wp-content\/uploads\/2019\/03\/2019_03-G\u00fcrtelpr\u00fcfung-Karate-Erwachsene-5-600x450.jpg 600w, https:\/\/www.kinderkarate.at\/ItokaiALT\/wp-content\/uploads\/2019\/03\/2019_03-G\u00fcrtelpr\u00fcfung-Karate-Erwachsene-5-300x225.jpg 300w, https:\/\/www.kinderkarate.at\/ItokaiALT\/wp-content\/uploads\/2019\/03\/2019_03-G\u00fcrtelpr\u00fcfung-Karate-Erwachsene-5-768x576.jpg 768w, https:\/\/www.kinderkarate.at\/ItokaiALT\/wp-content\/uploads\/2019\/03\/2019_03-G\u00fcrtelpr\u00fcfung-Karate-Erwachsene-5-1024x768.jpg 1024w\" sizes=\"(max-width: 1280px) 100vw, 1280px\" \/><\/div>\n\t\t<\/a>\n\t\t\t\t<div class=\"elementor-post__text\">\n\t\t\t\t<h3 class=\"elementor-post__title\">\n\t\t\t<a href=\"https:\/\/www.kinderkarate.at\/ItokaiALT\/guertelpruefung-erwachsene-maerz-2019\/\" >\n\t\t\t\tG\u00fcrtelpr\u00fcfung Erwachsene M\u00e4rz 2019\t\t\t<\/a>\n\t\t<\/h3>\n\t\t\t\t<div class=\"elementor-post__excerpt\">\n\t\t\t<p>Die Mitglieder unserer Erwachsenengruppen aus<\/p>\n\t\t<\/div>\n\t\t\n\t\t<a class=\"elementor-post__read-more\" href=\"https:\/\/www.kinderkarate.at\/ItokaiALT\/guertelpruefung-erwachsene-maerz-2019\/\" aria-label=\"Read more about G\u00fcrtelpr\u00fcfung Erwachsene M\u00e4rz 2019\" tabindex=\"-1\" >\n\t\t\tmehr dazu\t\t<\/a>\n\n\t\t\t\t<\/div>\n\t\t\t\t<\/article>\n\t\t\t\t<article class=\"elementor-post elementor-grid-item post-9203 post type-post status-publish format-standard has-post-thumbnail hentry category-itokai-archiv-2019 category-news\">\n\t\t\t\t<a class=\"elementor-post__thumbnail__link\" href=\"https:\/\/www.kinderkarate.at\/ItokaiALT\/guertelpruefung-kinder-maerz-2019\/\" tabindex=\"-1\" >\n\t\t\t<div class=\"elementor-post__thumbnail\"><img loading=\"lazy\" decoding=\"async\" width=\"1280\" height=\"960\" src=\"https:\/\/www.kinderkarate.at\/ItokaiALT\/wp-content\/uploads\/2019\/03\/2019_03-G\u00fcrtelpr\u00fcfung-Karatekids-Tulln-3.jpg\" class=\"attachment-full size-full wp-image-9208\" alt=\"\" srcset=\"https:\/\/www.kinderkarate.at\/ItokaiALT\/wp-content\/uploads\/2019\/03\/2019_03-G\u00fcrtelpr\u00fcfung-Karatekids-Tulln-3.jpg 1280w, https:\/\/www.kinderkarate.at\/ItokaiALT\/wp-content\/uploads\/2019\/03\/2019_03-G\u00fcrtelpr\u00fcfung-Karatekids-Tulln-3-600x450.jpg 600w, https:\/\/www.kinderkarate.at\/ItokaiALT\/wp-content\/uploads\/2019\/03\/2019_03-G\u00fcrtelpr\u00fcfung-Karatekids-Tulln-3-300x225.jpg 300w, https:\/\/www.kinderkarate.at\/ItokaiALT\/wp-content\/uploads\/2019\/03\/2019_03-G\u00fcrtelpr\u00fcfung-Karatekids-Tulln-3-768x576.jpg 768w, https:\/\/www.kinderkarate.at\/ItokaiALT\/wp-content\/uploads\/2019\/03\/2019_03-G\u00fcrtelpr\u00fcfung-Karatekids-Tulln-3-1024x768.jpg 1024w\" sizes=\"(max-width: 1280px) 100vw, 1280px\" \/><\/div>\n\t\t<\/a>\n\t\t\t\t<div class=\"elementor-post__text\">\n\t\t\t\t<h3 class=\"elementor-post__title\">\n\t\t\t<a href=\"https:\/\/www.kinderkarate.at\/ItokaiALT\/guertelpruefung-kinder-maerz-2019\/\" >\n\t\t\t\tG\u00fcrtelpr\u00fcfung Kinder M\u00e4rz 2019\t\t\t<\/a>\n\t\t<\/h3>\n\t\t\t\t<div class=\"elementor-post__excerpt\">\n\t\t\t<p>Am Wochenende fand die erste<\/p>\n\t\t<\/div>\n\t\t\n\t\t<a class=\"elementor-post__read-more\" href=\"https:\/\/www.kinderkarate.at\/ItokaiALT\/guertelpruefung-kinder-maerz-2019\/\" aria-label=\"Read more about G\u00fcrtelpr\u00fcfung Kinder M\u00e4rz 2019\" tabindex=\"-1\" >\n\t\t\tmehr dazu\t\t<\/a>\n\n\t\t\t\t<\/div>\n\t\t\t\t<\/article>\n\t\t\t\t<article class=\"elementor-post elementor-grid-item post-9040 post type-post status-publish format-standard has-post-thumbnail hentry category-itokai-archiv-2019 category-news\">\n\t\t\t\t<a class=\"elementor-post__thumbnail__link\" href=\"https:\/\/www.kinderkarate.at\/ItokaiALT\/kinderkarate-mit-ito\/\" tabindex=\"-1\" >\n\t\t\t<div class=\"elementor-post__thumbnail\"><img loading=\"lazy\" decoding=\"async\" width=\"960\" height=\"960\" src=\"https:\/\/www.kinderkarate.at\/ItokaiALT\/wp-content\/uploads\/2019\/03\/itoasparn.jpg\" class=\"attachment-full size-full wp-image-9041\" alt=\"\" srcset=\"https:\/\/www.kinderkarate.at\/ItokaiALT\/wp-content\/uploads\/2019\/03\/itoasparn.jpg 960w, https:\/\/www.kinderkarate.at\/ItokaiALT\/wp-content\/uploads\/2019\/03\/itoasparn-300x300.jpg 300w, https:\/\/www.kinderkarate.at\/ItokaiALT\/wp-content\/uploads\/2019\/03\/itoasparn-100x100.jpg 100w, https:\/\/www.kinderkarate.at\/ItokaiALT\/wp-content\/uploads\/2019\/03\/itoasparn-600x600.jpg 600w, https:\/\/www.kinderkarate.at\/ItokaiALT\/wp-content\/uploads\/2019\/03\/itoasparn-150x150.jpg 150w, https:\/\/www.kinderkarate.at\/ItokaiALT\/wp-content\/uploads\/2019\/03\/itoasparn-768x768.jpg 768w\" sizes=\"(max-width: 960px) 100vw, 960px\" \/><\/div>\n\t\t<\/a>\n\t\t\t\t<div class=\"elementor-post__text\">\n\t\t\t\t<h3 class=\"elementor-post__title\">\n\t\t\t<a href=\"https:\/\/www.kinderkarate.at\/ItokaiALT\/kinderkarate-mit-ito\/\" >\n\t\t\t\tKinderkarate mit Ito\t\t\t<\/a>\n\t\t<\/h3>\n\t\t\t\t<div class=\"elementor-post__excerpt\">\n\t\t\t<p>Kinderkarate mit Ito dem Karate<\/p>\n\t\t<\/div>\n\t\t\n\t\t<a class=\"elementor-post__read-more\" href=\"https:\/\/www.kinderkarate.at\/ItokaiALT\/kinderkarate-mit-ito\/\" aria-label=\"Read more about Kinderkarate mit Ito\" tabindex=\"-1\" >\n\t\t\tmehr dazu\t\t<\/a>\n\n\t\t\t\t<\/div>\n\t\t\t\t<\/article>\n\t\t\t\t<article class=\"elementor-post elementor-grid-item post-9036 post type-post status-publish format-standard has-post-thumbnail hentry category-itokai-archiv-2019 category-news\">\n\t\t\t\t<a class=\"elementor-post__thumbnail__link\" href=\"https:\/\/www.kinderkarate.at\/ItokaiALT\/black-belt-focus\/\" tabindex=\"-1\" >\n\t\t\t<div class=\"elementor-post__thumbnail\"><img loading=\"lazy\" decoding=\"async\" width=\"960\" height=\"960\" src=\"https:\/\/www.kinderkarate.at\/ItokaiALT\/wp-content\/uploads\/2019\/03\/blackbeltfokus.jpg\" class=\"attachment-full size-full wp-image-9037\" alt=\"\" srcset=\"https:\/\/www.kinderkarate.at\/ItokaiALT\/wp-content\/uploads\/2019\/03\/blackbeltfokus.jpg 960w, https:\/\/www.kinderkarate.at\/ItokaiALT\/wp-content\/uploads\/2019\/03\/blackbeltfokus-300x300.jpg 300w, https:\/\/www.kinderkarate.at\/ItokaiALT\/wp-content\/uploads\/2019\/03\/blackbeltfokus-100x100.jpg 100w, https:\/\/www.kinderkarate.at\/ItokaiALT\/wp-content\/uploads\/2019\/03\/blackbeltfokus-600x600.jpg 600w, https:\/\/www.kinderkarate.at\/ItokaiALT\/wp-content\/uploads\/2019\/03\/blackbeltfokus-150x150.jpg 150w, https:\/\/www.kinderkarate.at\/ItokaiALT\/wp-content\/uploads\/2019\/03\/blackbeltfokus-768x768.jpg 768w\" sizes=\"(max-width: 960px) 100vw, 960px\" \/><\/div>\n\t\t<\/a>\n\t\t\t\t<div class=\"elementor-post__text\">\n\t\t\t\t<h3 class=\"elementor-post__title\">\n\t\t\t<a href=\"https:\/\/www.kinderkarate.at\/ItokaiALT\/black-belt-focus\/\" >\n\t\t\t\tBlack Belt Focus\t\t\t<\/a>\n\t\t<\/h3>\n\t\t\t\t<div class=\"elementor-post__excerpt\">\n\t\t\t<p>BLACK BELT FOCUS bei Itokai<\/p>\n\t\t<\/div>\n\t\t\n\t\t<a class=\"elementor-post__read-more\" href=\"https:\/\/www.kinderkarate.at\/ItokaiALT\/black-belt-focus\/\" aria-label=\"Read more about Black Belt Focus\" tabindex=\"-1\" >\n\t\t\tmehr dazu\t\t<\/a>\n\n\t\t\t\t<\/div>\n\t\t\t\t<\/article>\n\t\t\t\t<\/div>\n\t\t\n\t\t\t\t<\/div>\n\t\t\t\t<\/div>\n\t\t\t\t\t<\/div>\n\t\t<\/div>\n\t\t\t\t\t\t\t<\/div>\n\t\t<\/section>\n\t\t\t\t\t\t\t<\/div>\n\t\t","protected":false},"excerpt":{"rendered":"<p>Archiv 2019 Archiv 2019<\/p>\n","protected":false},"author":4,"featured_media":0,"parent":0,"menu_order":0,"comment_status":"closed","ping_status":"closed","template":"elementor_header_footer","meta":[],"categories":[],"tags":[],"_links":{"self":[{"href":"https:\/\/www.kinderkarate.at\/ItokaiALT\/wp-json\/wp\/v2\/pages\/9001"}],"collection":[{"href":"https:\/\/www.kinderkarate.at\/ItokaiALT\/wp-json\/wp\/v2\/pages"}],"about":[{"href":"https:\/\/www.kinderkarate.at\/ItokaiALT\/wp-json\/wp\/v2\/types\/page"}],"author":[{"embeddable":true,"href":"https:\/\/www.kinderkarate.at\/ItokaiALT\/wp-json\/wp\/v2\/users\/4"}],"replies":[{"embeddable":true,"href":"https:\/\/www.kinderkarate.at\/ItokaiALT\/wp-json\/wp\/v2\/comments?post=9001"}],"version-history":[{"count":0,"href":"https:\/\/www.kinderkarate.at\/ItokaiALT\/wp-json\/wp\/v2\/pages\/9001\/revisions"}],"wp:attachment":[{"href":"https:\/\/www.kinderkarate.at\/ItokaiALT\/wp-json\/wp\/v2\/media?parent=9001"}],"wp:term":[{"taxonomy":"category","embeddable":true,"href":"https:\/\/www.kinderkarate.at\/ItokaiALT\/wp-json\/wp\/v2\/categories?post=9001"},{"taxonomy":"post_tag","embeddable":true,"href":"https:\/\/www.kinderkarate.at\/ItokaiALT\/wp-json\/wp\/v2\/tags?post=9001"}],"curies":[{"name":"wp","href":"https:\/\/api.w.org\/{rel}","templated":true}]}}